{"id":855,"date":"2025-07-21T13:27:24","date_gmt":"2025-07-21T11:27:24","guid":{"rendered":"https:\/\/apdigroup.com\/?page_id=855"},"modified":"2026-05-25T16:09:44","modified_gmt":"2026-05-25T14:09:44","slug":"noticias","status":"publish","type":"page","link":"https:\/\/apdigroup.com\/en\/noticias\/","title":{"rendered":"News"},"content":{"rendered":"<div data-elementor-type=\"wp-page\" data-elementor-id=\"855\" class=\"elementor elementor-855\" data-elementor-post-type=\"page\">\n\t\t\t\t<div class=\"elementor-element elementor-element-9b94bf8 e-flex e-con-boxed e-con e-parent\" data-id=\"9b94bf8\" data-element_type=\"container\" data-e-type=\"container\">\n\t\t\t\t\t<div class=\"e-con-inner\">\n\t\t<div class=\"elementor-element elementor-element-8aa5810 e-con-full e-flex e-con e-child\" data-id=\"8aa5810\" data-element_type=\"container\" data-e-type=\"container\">\n\t\t\t\t<div class=\"elementor-element elementor-element-d63d4f3 elementor-widget elementor-widget-heading\" data-id=\"d63d4f3\" data-element_type=\"widget\" data-e-type=\"widget\" data-widget_type=\"heading.default\">\n\t\t\t\t<div class=\"elementor-widget-container\">\n\t\t\t\t\t<h2 class=\"elementor-heading-title elementor-size-default\">APDI pulse<\/h2>\t\t\t\t<\/div>\n\t\t\t\t<\/div>\n\t\t\t\t<div class=\"elementor-element elementor-element-1195ca6 elementor-widget elementor-widget-text-editor\" data-id=\"1195ca6\" data-element_type=\"widget\" data-e-type=\"widget\" data-widget_type=\"text-editor.default\">\n\t\t\t\t<div class=\"elementor-widget-container\">\n\t\t\t\t\t\t\t\t\t<p>The latest<\/p>\t\t\t\t\t\t\t\t<\/div>\n\t\t\t\t<\/div>\n\t\t\t\t<\/div>\n\t\t\t\t<div class=\"elementor-element elementor-element-da02370 elementor-widget-mobile__width-initial elementor-widget elementor-widget-upk-alex-grid\" data-id=\"da02370\" data-element_type=\"widget\" data-e-type=\"widget\" data-widget_type=\"upk-alex-grid.default\">\n\t\t\t\t<div class=\"elementor-widget-container\">\n\t\t\t\t\t\n\t\t<div class=\"upk-alex-grid upk-ajax-grid\" data-loadmore=\"[]\">\n\t\t\t<div class=\"upk-alex-wrap upk-ajax-grid-wrap upk-content-right upk-style-2\">\n\n\t\t\t\t\n\t\t\t\t\t\t\t<div class=\"upk-item\">\n\t\t\t<div class=\"upk-image-wrap\">\n\t\t\t\t<img fetchpriority=\"high\" decoding=\"async\" width=\"300\" height=\"200\" src=\"https:\/\/apdigroup.com\/wp-content\/uploads\/2026\/04\/1-2-300x200.jpeg\" class=\"upk-img\" alt=\"APDI Group colabora en una nueva mirada sobre Lorca en Granada: cultura, descubrimiento y emoci\u00f3n en la Feria del Libro\" srcset=\"https:\/\/apdigroup.com\/wp-content\/uploads\/2026\/04\/1-2-300x200.jpeg 300w, https:\/\/apdigroup.com\/wp-content\/uploads\/2026\/04\/1-2-1024x683.jpeg 1024w, https:\/\/apdigroup.com\/wp-content\/uploads\/2026\/04\/1-2-768x512.jpeg 768w, https:\/\/apdigroup.com\/wp-content\/uploads\/2026\/04\/1-2-1536x1024.jpeg 1536w, https:\/\/apdigroup.com\/wp-content\/uploads\/2026\/04\/1-2-2048x1365.jpeg 2048w\" sizes=\"(max-width: 300px) 100vw, 300px\" title=\"\">\n\t\t\t\t\t\t\n\t\n\t\t\t\t\n\t\t\t\t<div class=\"upk-content-wrap\">\n\n\t\t\t\t\t<div class=\"upk-content\">\n\t\t\t\t\t\t\t\t\t\t\t\t<h4 class=\"upk-title\"><a href=\"https:\/\/apdigroup.com\/en\/2026\/04\/28\/apdi-group-colabora-en-una-nueva-mirada-sobre-lorca-en-granada-cultura-descubrimiento-y-emocion-en-la-feria-del-libro\/\" title=\"APDI Group collaborates on a new perspective on Lorca in Granada: culture, discovery and emotion at the Book Fair\" class=\"title-animation-\" aria-label=\"APDI Group collaborates on a new perspective on Lorca in Granada: culture, discovery and emotion at the Book Fair\">APDI Group collaborates on a new perspective on Lorca in Granada: culture, discovery and emotion at the Book Fair<\/a><\/h4>\t\t\t\t\t<\/div>\n\n\t\t\t\t\t\n\t\t\t\t<\/div>\n\t\t\t<\/div>\n\t\t<\/div>\n\t\n\t\t\t\t\n\t\t\t\t\t\t\t<div class=\"upk-item\">\n\t\t\t<div class=\"upk-image-wrap\">\n\t\t\t\t<img decoding=\"async\" width=\"300\" height=\"200\" src=\"https:\/\/apdigroup.com\/wp-content\/uploads\/2026\/04\/Marina-Heredia-Carlos-V-Orquesta-Ciudad-Granada-OCG-Foto-Javier-Martin-Ruiz-300x200.jpg\" class=\"upk-img\" alt=\"As\u00ed es \u201cMi rezar cantando\u201d, la nueva canci\u00f3n de  Marina Heredia\" srcset=\"https:\/\/apdigroup.com\/wp-content\/uploads\/2026\/04\/Marina-Heredia-Carlos-V-Orquesta-Ciudad-Granada-OCG-Foto-Javier-Martin-Ruiz-300x200.jpg 300w, https:\/\/apdigroup.com\/wp-content\/uploads\/2026\/04\/Marina-Heredia-Carlos-V-Orquesta-Ciudad-Granada-OCG-Foto-Javier-Martin-Ruiz-1024x682.jpg 1024w, https:\/\/apdigroup.com\/wp-content\/uploads\/2026\/04\/Marina-Heredia-Carlos-V-Orquesta-Ciudad-Granada-OCG-Foto-Javier-Martin-Ruiz-768x512.jpg 768w, https:\/\/apdigroup.com\/wp-content\/uploads\/2026\/04\/Marina-Heredia-Carlos-V-Orquesta-Ciudad-Granada-OCG-Foto-Javier-Martin-Ruiz.jpg 1250w\" sizes=\"(max-width: 300px) 100vw, 300px\" title=\"\">\n\t\t\t\t\t\t\n\t\n\t\t\t\t\n\t\t\t\t<div class=\"upk-content-wrap\">\n\n\t\t\t\t\t<div class=\"upk-content\">\n\t\t\t\t\t\t\t\t\t\t\t\t<h4 class=\"upk-title\"><a href=\"https:\/\/apdigroup.com\/en\/2026\/04\/24\/asi-es-mi-rezar-cantando-la-nueva-cancion-de-marina-heredia\/\" title=\"This is \u201cMy praying through song\u201d, the new song by Marina Heredia\" class=\"title-animation-\" aria-label=\"This is \u201cMy praying through song\u201d, the new song by Marina Heredia\">This is \u201cMy praying through song\u201d, the new song by Marina Heredia<\/a><\/h4>\t\t\t\t\t<\/div>\n\n\t\t\t\t\t\n\t\t\t\t<\/div>\n\t\t\t<\/div>\n\t\t<\/div>\n\t\n\t\t\t\t\n\t\t\t\t\t\t\t<div class=\"upk-item\">\n\t\t\t<div class=\"upk-image-wrap\">\n\t\t\t\t<img decoding=\"async\" width=\"300\" height=\"196\" src=\"https:\/\/apdigroup.com\/wp-content\/uploads\/2026\/04\/feria-empleo-2026-inauguracion-01-300x196.jpeg\" class=\"upk-img\" alt=\"La Feria de Empleo, la mejor oportunidad para que \u201cel talento de Granada se quede en la provincia\u201d\" srcset=\"https:\/\/apdigroup.com\/wp-content\/uploads\/2026\/04\/feria-empleo-2026-inauguracion-01-300x196.jpeg 300w, https:\/\/apdigroup.com\/wp-content\/uploads\/2026\/04\/feria-empleo-2026-inauguracion-01-1024x670.jpeg 1024w, https:\/\/apdigroup.com\/wp-content\/uploads\/2026\/04\/feria-empleo-2026-inauguracion-01-768x502.jpeg 768w, https:\/\/apdigroup.com\/wp-content\/uploads\/2026\/04\/feria-empleo-2026-inauguracion-01-1536x1005.jpeg 1536w, https:\/\/apdigroup.com\/wp-content\/uploads\/2026\/04\/feria-empleo-2026-inauguracion-01-2048x1340.jpeg 2048w\" sizes=\"(max-width: 300px) 100vw, 300px\" title=\"\">\n\t\t\t\t\t\t\n\t\n\t\t\t\t\n\t\t\t\t<div class=\"upk-content-wrap\">\n\n\t\t\t\t\t<div class=\"upk-content\">\n\t\t\t\t\t\t\t\t\t\t\t\t<h4 class=\"upk-title\"><a href=\"https:\/\/apdigroup.com\/en\/2026\/04\/23\/la-feria-de-empleo-la-mejor-oportunidad-para-que-el-talento-de-granada-se-quede-en-la-provincia\/\" title=\"The Job Fair, the best opportunity for \u201cGranada\u2019s talent to stay in the province\u201d\" class=\"title-animation-\" aria-label=\"The Job Fair, the best opportunity for \u201cGranada\u2019s talent to stay in the province\u201d\">The Job Fair, the best opportunity for \u201cGranada\u2019s talent to stay in the province\u201d<\/a><\/h4>\t\t\t\t\t<\/div>\n\n\t\t\t\t\t\n\t\t\t\t<\/div>\n\t\t\t<\/div>\n\t\t<\/div>\n\t\n\t\t\t\t\n\t\t\t<\/div>\n\t\t<\/div>\n\n\t\t\t\t\t\t<\/div>\n\t\t\t\t<\/div>\n\t\t\t\t\t<\/div>\n\t\t\t\t<\/div>\n\t\t<div class=\"elementor-element elementor-element-c307ab6 e-flex e-con-boxed e-con e-parent\" data-id=\"c307ab6\" data-element_type=\"container\" data-e-type=\"container\">\n\t\t\t\t\t<div class=\"e-con-inner\">\n\t\t<div class=\"elementor-element elementor-element-afea3c5 e-con-full e-flex e-con e-child\" data-id=\"afea3c5\" data-element_type=\"container\" data-e-type=\"container\">\n\t\t\t\t<div class=\"elementor-element elementor-element-cc887c0 elementor-widget elementor-widget-heading\" data-id=\"cc887c0\" data-element_type=\"widget\" data-e-type=\"widget\" data-widget_type=\"heading.default\">\n\t\t\t\t<div class=\"elementor-widget-container\">\n\t\t\t\t\t<h2 class=\"elementor-heading-title elementor-size-default\">Culture in Action<\/h2>\t\t\t\t<\/div>\n\t\t\t\t<\/div>\n\t\t\t\t<\/div>\n\t\t\t\t\t<\/div>\n\t\t\t\t<\/div>\n\t\t<div class=\"elementor-element elementor-element-003bbf4 e-flex e-con-boxed e-con e-parent\" data-id=\"003bbf4\" data-element_type=\"container\" data-e-type=\"container\">\n\t\t\t\t\t<div class=\"e-con-inner\">\n\t\t\t\t<div class=\"elementor-element elementor-element-0a5a28b elementor-widget elementor-widget-upk-crystal-slider\" data-id=\"0a5a28b\" data-element_type=\"widget\" data-e-type=\"widget\" data-settings=\"{&quot;upk_link_new_tab&quot;:&quot;yes&quot;}\" data-widget_type=\"upk-crystal-slider.default\">\n\t\t\t\t<div class=\"elementor-widget-container\">\n\t\t\t\t\t\t\t<div id=\"upk-crystal-slider-0a5a28b\" class=\"upk-crystal-slider\" data-settings=\"{&quot;autoplay&quot;:{&quot;delay&quot;:5000},&quot;loop&quot;:true,&quot;speed&quot;:500,&quot;effect&quot;:&quot;slide&quot;,&quot;lazy&quot;:{&quot;loadPrevNext&quot;:&quot;true&quot;},&quot;parallax&quot;:true,&quot;slidesPerView&quot;:1,&quot;navigation&quot;:{&quot;nextEl&quot;:&quot;#upk-crystal-slider-0a5a28b .upk-navigation-next&quot;,&quot;prevEl&quot;:&quot;#upk-crystal-slider-0a5a28b .upk-navigation-prev&quot;},&quot;pagination&quot;:{&quot;el&quot;:&quot;#upk-crystal-slider-0a5a28b .upk-pagination&quot;,&quot;clickable&quot;:&quot;true&quot;}}\">\n\t\t\t<div class=\"swiper-carousel swiper\">\n\t\t\t\t<div class=\"swiper-wrapper\">\n\t\t\t\t\n\t\t<div class=\"upk-item swiper-slide\">\n\t\t\t<div class=\"upk-img-wrap\">\n\t\t\t\t\n\t\t<img decoding=\"async\" class=\"upk-img swiper-lazy\" src=\"https:\/\/apdigroup.com\/wp-content\/uploads\/2026\/04\/1-2-scaled.jpeg\" alt=\"APDI Group colabora en una nueva mirada sobre Lorca en Granada: cultura, descubrimiento y emoci\u00f3n en la Feria del Libro\" title=\"\">\n\n\t\t\t\t<\/div>\n\t\t\t<div class=\"upk-content\">\n\t\t\t\t<div class=\"bdt-inner-content\" data-swiper-parallax-x=\"-250\" data-swiper-parallax-duration=\"1000\">\n\t\t\t\t\t\t\t<div class=\"upk-category\" data-swiper-parallax-x=\"-150\" data-swiper-parallax-duration=\"1000\">\n\t\t\t<a href=\"https:\/\/apdigroup.com\/en\/category\/actualidad\/\" \n\t\t\t\t\t\t\taria-label=\"Category APDI News\">APDI News<\/a> <a href=\"https:\/\/apdigroup.com\/en\/category\/cultura\/\" \n\t\t\t\t\t\t\taria-label=\"Category: Culture\">Culture<\/a>\t\t<\/div>\n\t\n\t\t\t\t\t<div data-swiper-parallax-x=\"-250\" data-swiper-parallax-duration=\"1200\">\n\t\t\t\t\t\t<h3 class=\"upk-title\"><a href=\"https:\/\/apdigroup.com\/en\/2026\/04\/28\/apdi-group-colabora-en-una-nueva-mirada-sobre-lorca-en-granada-cultura-descubrimiento-y-emocion-en-la-feria-del-libro\/\" title=\"APDI Group collaborates on a new perspective on Lorca in Granada: culture, discovery and emotion at the Book Fair\">APDI Group collaborates on a new perspective on Lorca in Granada: culture, discovery and emotion at the Book Fair<\/a><\/h3>\t\t\t\t\t<\/div>\n\n\t\t\t\t\t\t\t\t\t\t\t<div class=\"upk-meta upk-flex upk-flex-middle\" data-swiper-parallax-x=\"-300\" data-swiper-parallax-duration=\"1400\">\n\t\t\t\t\t\t\t\t\t\t\t\t\t\t\t\t\t<div class=\"upk-author\">\n\t\t\t<i class=\"upk-icon-user\" aria-hidden=\"true\"><\/i>\n\t\t\t<a href=\"https:\/\/apdigroup.com\/en\/author\/apdigroup\/\">\n\t\t\t\tApdi Group\t\t\t<\/a>\n\t\t<\/div>\n\t\t\t\t\t\t\t\t\t\t\t\t\t\t\t\t\t\t\t\t\t\t<div data-separator=\"\/\/\">\n\t\t\t\t\t\t\t\t\t\t<div class=\"upk-date-and-time upk-flex upk-flex-middle\">\n\t\t\t<div class=\"upk-date\">\n\t\t\t\t<i class=\"upk-icon-calendar\" aria-hidden=\"true\"><\/i>\n\t\t\t\t<span>\n\t\t\t\t\tApril 28, 2026\t\t\t\t<\/span>\n\n\t\t\t<\/div>\n\t\t\t\t\t<\/div>\n\n\t\t\t\t\t\t\t\t<\/div>\n\t\t\t\t\t\t\t\t\t\t\t\t\t\t\t\t\t\t\t\t<\/div>\n\t\t\t\t\t\n\t\t\t\t\t\t\t\t\t<\/div>\n\t\t\t<\/div>\n\t\t<\/div>\n\n\t\t<div class=\"upk-item swiper-slide\">\n\t\t\t<div class=\"upk-img-wrap\">\n\t\t\t\t\n\t\t<img decoding=\"async\" class=\"upk-img swiper-lazy\" src=\"https:\/\/apdigroup.com\/wp-content\/uploads\/2026\/04\/Marina-Heredia-Carlos-V-Orquesta-Ciudad-Granada-OCG-Foto-Javier-Martin-Ruiz.jpg\" alt=\"As\u00ed es \u201cMi rezar cantando\u201d, la nueva canci\u00f3n de  Marina Heredia\" title=\"\">\n\n\t\t\t\t<\/div>\n\t\t\t<div class=\"upk-content\">\n\t\t\t\t<div class=\"bdt-inner-content\" data-swiper-parallax-x=\"-250\" data-swiper-parallax-duration=\"1000\">\n\t\t\t\t\t\t\t<div class=\"upk-category\" data-swiper-parallax-x=\"-150\" data-swiper-parallax-duration=\"1000\">\n\t\t\t<a href=\"https:\/\/apdigroup.com\/en\/category\/cultura\/\" \n\t\t\t\t\t\t\taria-label=\"Category: Culture\">Culture<\/a>\t\t<\/div>\n\t\n\t\t\t\t\t<div data-swiper-parallax-x=\"-250\" data-swiper-parallax-duration=\"1200\">\n\t\t\t\t\t\t<h3 class=\"upk-title\"><a href=\"https:\/\/apdigroup.com\/en\/2026\/04\/24\/asi-es-mi-rezar-cantando-la-nueva-cancion-de-marina-heredia\/\" title=\"This is \u201cMy praying through song\u201d, the new song by Marina Heredia\">This is \u201cMy praying through song\u201d, the new song by Marina Heredia<\/a><\/h3>\t\t\t\t\t<\/div>\n\n\t\t\t\t\t\t\t\t\t\t\t<div class=\"upk-meta upk-flex upk-flex-middle\" data-swiper-parallax-x=\"-300\" data-swiper-parallax-duration=\"1400\">\n\t\t\t\t\t\t\t\t\t\t\t\t\t\t\t\t\t<div class=\"upk-author\">\n\t\t\t<i class=\"upk-icon-user\" aria-hidden=\"true\"><\/i>\n\t\t\t<a href=\"https:\/\/apdigroup.com\/en\/author\/apdigroup\/\">\n\t\t\t\tApdi Group\t\t\t<\/a>\n\t\t<\/div>\n\t\t\t\t\t\t\t\t\t\t\t\t\t\t\t\t\t\t\t\t\t\t<div data-separator=\"\/\/\">\n\t\t\t\t\t\t\t\t\t\t<div class=\"upk-date-and-time upk-flex upk-flex-middle\">\n\t\t\t<div class=\"upk-date\">\n\t\t\t\t<i class=\"upk-icon-calendar\" aria-hidden=\"true\"><\/i>\n\t\t\t\t<span>\n\t\t\t\t\tApril 24, 2026\t\t\t\t<\/span>\n\n\t\t\t<\/div>\n\t\t\t\t\t<\/div>\n\n\t\t\t\t\t\t\t\t<\/div>\n\t\t\t\t\t\t\t\t\t\t\t\t\t\t\t\t\t\t\t\t<\/div>\n\t\t\t\t\t\n\t\t\t\t\t\t\t\t\t<\/div>\n\t\t\t<\/div>\n\t\t<\/div>\n\n\t\t<div class=\"upk-item swiper-slide\">\n\t\t\t<div class=\"upk-img-wrap\">\n\t\t\t\t\n\t\t<img decoding=\"async\" class=\"upk-img swiper-lazy\" src=\"https:\/\/apdigroup.com\/wp-content\/uploads\/2026\/04\/Imagen-Poema-Canta-el-reloj-sostenido-por-Miguel-Poveda-.jpeg\" alt=\"Un poema in\u00e9dito de Lorca hallado por Miguel Poveda ver\u00e1 la luz en la Feria del Libro de Granada\" title=\"\">\n\n\t\t\t\t<\/div>\n\t\t\t<div class=\"upk-content\">\n\t\t\t\t<div class=\"bdt-inner-content\" data-swiper-parallax-x=\"-250\" data-swiper-parallax-duration=\"1000\">\n\t\t\t\t\t\t\t<div class=\"upk-category\" data-swiper-parallax-x=\"-150\" data-swiper-parallax-duration=\"1000\">\n\t\t\t<a href=\"https:\/\/apdigroup.com\/en\/category\/actualidad\/\" \n\t\t\t\t\t\t\taria-label=\"Category APDI News\">APDI News<\/a> <a href=\"https:\/\/apdigroup.com\/en\/category\/cultura\/\" \n\t\t\t\t\t\t\taria-label=\"Category: Culture\">Culture<\/a>\t\t<\/div>\n\t\n\t\t\t\t\t<div data-swiper-parallax-x=\"-250\" data-swiper-parallax-duration=\"1200\">\n\t\t\t\t\t\t<h3 class=\"upk-title\"><a href=\"https:\/\/apdigroup.com\/en\/2026\/04\/16\/un-poema-inedito-de-lorca-hallado-por-miguel-poveda-vera-la-luz-en-la-feria-del-libro-de-granada\/\" title=\"An unpublished poem by Lorca, discovered by Miguel Poveda, will be unveiled at the Granada Book Fair.\">An unpublished poem by Lorca, discovered by Miguel Poveda, will be unveiled at the Granada Book Fair.<\/a><\/h3>\t\t\t\t\t<\/div>\n\n\t\t\t\t\t\t\t\t\t\t\t<div class=\"upk-meta upk-flex upk-flex-middle\" data-swiper-parallax-x=\"-300\" data-swiper-parallax-duration=\"1400\">\n\t\t\t\t\t\t\t\t\t\t\t\t\t\t\t\t\t<div class=\"upk-author\">\n\t\t\t<i class=\"upk-icon-user\" aria-hidden=\"true\"><\/i>\n\t\t\t<a href=\"https:\/\/apdigroup.com\/en\/author\/apdigroup\/\">\n\t\t\t\tApdi Group\t\t\t<\/a>\n\t\t<\/div>\n\t\t\t\t\t\t\t\t\t\t\t\t\t\t\t\t\t\t\t\t\t\t<div data-separator=\"\/\/\">\n\t\t\t\t\t\t\t\t\t\t<div class=\"upk-date-and-time upk-flex upk-flex-middle\">\n\t\t\t<div class=\"upk-date\">\n\t\t\t\t<i class=\"upk-icon-calendar\" aria-hidden=\"true\"><\/i>\n\t\t\t\t<span>\n\t\t\t\t\tApril 16, 2026\t\t\t\t<\/span>\n\n\t\t\t<\/div>\n\t\t\t\t\t<\/div>\n\n\t\t\t\t\t\t\t\t<\/div>\n\t\t\t\t\t\t\t\t\t\t\t\t\t\t\t\t\t\t\t\t<\/div>\n\t\t\t\t\t\n\t\t\t\t\t\t\t\t\t<\/div>\n\t\t\t<\/div>\n\t\t<\/div>\n\t\t\t\t<\/div>\n\t\t\t\t\t\t\t\t\t<div class=\"upk-navigation-wrap\">\n\t\t\t\t\t\t<div class=\"upk-navigation-prev\">\n\t\t\t\t\t\t\t<i class=\"upk-icon-arrow-left-0\" aria-hidden=\"true\"><\/i>\n\t\t\t\t\t\t<\/div>\n\t\t\t\t\t\t<div class=\"upk-navigation-next\">\n\t\t\t\t\t\t\t<i class=\"upk-icon-arrow-right-0\" aria-hidden=\"true\"><\/i>\n\t\t\t\t\t\t<\/div>\n\t\t\t\t\t<\/div>\n\t\t\t\t\n\t\t\t\t\t\t\t\t\t<div class=\"upk-pagination-wrap\">\n\t\t\t\t\t\t<div class=\"upk-pagination\"><\/div>\n\t\t\t\t\t<\/div>\n\t\t\t\t\t\t\t<\/div>\n\t\t<\/div>\n\n\t\t\t\t\t<\/div>\n\t\t\t\t<\/div>\n\t\t\t\t\t<\/div>\n\t\t\t\t<\/div>\n\t\t<div class=\"elementor-element elementor-element-0e28812 e-flex e-con-boxed e-con e-parent\" data-id=\"0e28812\" data-element_type=\"container\" data-e-type=\"container\">\n\t\t\t\t\t<div class=\"e-con-inner\">\n\t\t<div class=\"elementor-element elementor-element-8b8fee9 e-con-full e-flex e-con e-child\" data-id=\"8b8fee9\" data-element_type=\"container\" data-e-type=\"container\">\n\t\t\t\t<div class=\"elementor-element elementor-element-2928fbc elementor-widget__width-initial elementor-widget elementor-widget-image\" data-id=\"2928fbc\" data-element_type=\"widget\" data-e-type=\"widget\" data-widget_type=\"image.default\">\n\t\t\t\t<div class=\"elementor-widget-container\">\n\t\t\t\t\t\t\t\t\t\t\t\t\t\t\t<img loading=\"lazy\" decoding=\"async\" width=\"512\" height=\"429\" src=\"https:\/\/apdigroup.com\/wp-content\/uploads\/2024\/09\/LOGO-APDI.png\" class=\"attachment-large size-large wp-image-1100\" alt=\"\" srcset=\"https:\/\/apdigroup.com\/wp-content\/uploads\/2024\/09\/LOGO-APDI.png 512w, https:\/\/apdigroup.com\/wp-content\/uploads\/2024\/09\/LOGO-APDI-300x251.png 300w\" sizes=\"(max-width: 512px) 100vw, 512px\" title=\"\">\t\t\t\t\t\t\t\t\t\t\t\t\t\t\t<\/div>\n\t\t\t\t<\/div>\n\t\t\t\t<div class=\"elementor-element elementor-element-31255f3 elementor-widget elementor-widget-heading\" data-id=\"31255f3\" data-element_type=\"widget\" data-e-type=\"widget\" data-widget_type=\"heading.default\">\n\t\t\t\t<div class=\"elementor-widget-container\">\n\t\t\t\t\t<h2 class=\"elementor-heading-title elementor-size-default\">APDI <\/h2>\t\t\t\t<\/div>\n\t\t\t\t<\/div>\n\t\t\t\t<div class=\"elementor-element elementor-element-9d04b96 elementor-widget elementor-widget-heading\" data-id=\"9d04b96\" data-element_type=\"widget\" data-e-type=\"widget\" data-widget_type=\"heading.default\">\n\t\t\t\t<div class=\"elementor-widget-container\">\n\t\t\t\t\t<h2 class=\"elementor-heading-title elementor-size-default\">World<\/h2>\t\t\t\t<\/div>\n\t\t\t\t<\/div>\n\t\t\t\t<\/div>\n\t\t\t\t\t<\/div>\n\t\t\t\t<\/div>\n\t\t<div class=\"elementor-element elementor-element-ff0e428 e-flex e-con-boxed e-con e-parent\" data-id=\"ff0e428\" data-element_type=\"container\" data-e-type=\"container\">\n\t\t\t\t\t<div class=\"e-con-inner\">\n\t\t\t\t<div class=\"elementor-element elementor-element-2771888 elementor-widget elementor-widget-upk-alex-grid\" data-id=\"2771888\" data-element_type=\"widget\" data-e-type=\"widget\" data-widget_type=\"upk-alex-grid.default\">\n\t\t\t\t<div class=\"elementor-widget-container\">\n\t\t\t\t\t\n\t\t<div class=\"upk-alex-grid upk-ajax-grid\" data-loadmore=\"[]\">\n\t\t\t<div class=\"upk-alex-wrap upk-ajax-grid-wrap upk-content-right upk-style-3\">\n\n\t\t\t\t\n\t\t\t\t\t\t\t<div class=\"upk-item\">\n\t\t\t<div class=\"upk-image-wrap\">\n\t\t\t\t<img loading=\"lazy\" decoding=\"async\" width=\"2048\" height=\"1365\" src=\"https:\/\/apdigroup.com\/wp-content\/uploads\/2026\/04\/1-2-2048x1365.jpeg\" class=\"upk-img\" alt=\"APDI Group colabora en una nueva mirada sobre Lorca en Granada: cultura, descubrimiento y emoci\u00f3n en la Feria del Libro\" srcset=\"https:\/\/apdigroup.com\/wp-content\/uploads\/2026\/04\/1-2-2048x1365.jpeg 2048w, https:\/\/apdigroup.com\/wp-content\/uploads\/2026\/04\/1-2-300x200.jpeg 300w, https:\/\/apdigroup.com\/wp-content\/uploads\/2026\/04\/1-2-1024x683.jpeg 1024w, https:\/\/apdigroup.com\/wp-content\/uploads\/2026\/04\/1-2-768x512.jpeg 768w, https:\/\/apdigroup.com\/wp-content\/uploads\/2026\/04\/1-2-1536x1024.jpeg 1536w\" sizes=\"(max-width: 2048px) 100vw, 2048px\" title=\"\">\n\t\t\t\t\t\t\n\t\n\t\t\t\t\n\t\t\t\t<div class=\"upk-content-wrap\">\n\n\t\t\t\t\t<div class=\"upk-content\">\n\t\t\t\t\t\t\t\t\t\t\t\t<h4 class=\"upk-title\"><a href=\"https:\/\/apdigroup.com\/en\/2026\/04\/28\/apdi-group-colabora-en-una-nueva-mirada-sobre-lorca-en-granada-cultura-descubrimiento-y-emocion-en-la-feria-del-libro\/\" title=\"APDI Group collaborates on a new perspective on Lorca in Granada: culture, discovery and emotion at the Book Fair\" class=\"title-animation-\" aria-label=\"APDI Group collaborates on a new perspective on Lorca in Granada: culture, discovery and emotion at the Book Fair\">APDI Group collaborates on a new perspective on Lorca in Granada: culture, discovery and emotion at the Book Fair<\/a><\/h4>\t\t\t\t\t<\/div>\n\n\t\t\t\t\t\t\t<div class=\"upk-button-wrap\">\n\t\t\t<a \n\t\t\t\thref=\"https:\/\/apdigroup.com\/en\/2026\/04\/28\/apdi-group-colabora-en-una-nueva-mirada-sobre-lorca-en-granada-cultura-descubrimiento-y-emocion-en-la-feria-del-libro\/\" \n\t\t\t\tclass=\"upk-readmore\" \n\t\t\t\taria-label=\"Read More Button\"\n\t\t\t>\n\t\t\t\t<span class=\"upk-readmore-icon\"><span><\/span><\/span>\n\t\t\t<\/a>\n\t\t<\/div>\n\t\n\t\t\t\t<\/div>\n\t\t\t<\/div>\n\t\t<\/div>\n\t\n\t\t\t\t\n\t\t\t\t\t\t\t<div class=\"upk-item\">\n\t\t\t<div class=\"upk-image-wrap\">\n\t\t\t\t<img loading=\"lazy\" decoding=\"async\" width=\"2048\" height=\"1340\" src=\"https:\/\/apdigroup.com\/wp-content\/uploads\/2026\/04\/feria-empleo-2026-inauguracion-01-2048x1340.jpeg\" class=\"upk-img\" alt=\"La Feria de Empleo, la mejor oportunidad para que \u201cel talento de Granada se quede en la provincia\u201d\" srcset=\"https:\/\/apdigroup.com\/wp-content\/uploads\/2026\/04\/feria-empleo-2026-inauguracion-01-2048x1340.jpeg 2048w, https:\/\/apdigroup.com\/wp-content\/uploads\/2026\/04\/feria-empleo-2026-inauguracion-01-300x196.jpeg 300w, https:\/\/apdigroup.com\/wp-content\/uploads\/2026\/04\/feria-empleo-2026-inauguracion-01-1024x670.jpeg 1024w, https:\/\/apdigroup.com\/wp-content\/uploads\/2026\/04\/feria-empleo-2026-inauguracion-01-768x502.jpeg 768w, https:\/\/apdigroup.com\/wp-content\/uploads\/2026\/04\/feria-empleo-2026-inauguracion-01-1536x1005.jpeg 1536w\" sizes=\"(max-width: 2048px) 100vw, 2048px\" title=\"\">\n\t\t\t\t\t\t\n\t\n\t\t\t\t\n\t\t\t\t<div class=\"upk-content-wrap\">\n\n\t\t\t\t\t<div class=\"upk-content\">\n\t\t\t\t\t\t\t\t\t\t\t\t<h4 class=\"upk-title\"><a href=\"https:\/\/apdigroup.com\/en\/2026\/04\/23\/la-feria-de-empleo-la-mejor-oportunidad-para-que-el-talento-de-granada-se-quede-en-la-provincia\/\" title=\"The Job Fair, the best opportunity for \u201cGranada\u2019s talent to stay in the province\u201d\" class=\"title-animation-\" aria-label=\"The Job Fair, the best opportunity for \u201cGranada\u2019s talent to stay in the province\u201d\">The Job Fair, the best opportunity for \u201cGranada\u2019s talent to stay in the province\u201d<\/a><\/h4>\t\t\t\t\t<\/div>\n\n\t\t\t\t\t\t\t<div class=\"upk-button-wrap\">\n\t\t\t<a \n\t\t\t\thref=\"https:\/\/apdigroup.com\/en\/2026\/04\/23\/la-feria-de-empleo-la-mejor-oportunidad-para-que-el-talento-de-granada-se-quede-en-la-provincia\/\" \n\t\t\t\tclass=\"upk-readmore\" \n\t\t\t\taria-label=\"Read More Button\"\n\t\t\t>\n\t\t\t\t<span class=\"upk-readmore-icon\"><span><\/span><\/span>\n\t\t\t<\/a>\n\t\t<\/div>\n\t\n\t\t\t\t<\/div>\n\t\t\t<\/div>\n\t\t<\/div>\n\t\n\t\t\t\t\n\t\t\t\t\t\t\t<div class=\"upk-item\">\n\t\t\t<div class=\"upk-image-wrap\">\n\t\t\t\t<img loading=\"lazy\" decoding=\"async\" width=\"1200\" height=\"801\" src=\"https:\/\/apdigroup.com\/wp-content\/uploads\/2026\/04\/APDI-Feria-de-empleo-1.jpg\" class=\"upk-img\" alt=\"APDI Group patrocina la Feria Internacional de Empleo de Granada\" srcset=\"https:\/\/apdigroup.com\/wp-content\/uploads\/2026\/04\/APDI-Feria-de-empleo-1.jpg 1200w, https:\/\/apdigroup.com\/wp-content\/uploads\/2026\/04\/APDI-Feria-de-empleo-1-300x200.jpg 300w, https:\/\/apdigroup.com\/wp-content\/uploads\/2026\/04\/APDI-Feria-de-empleo-1-1024x684.jpg 1024w, https:\/\/apdigroup.com\/wp-content\/uploads\/2026\/04\/APDI-Feria-de-empleo-1-768x513.jpg 768w\" sizes=\"(max-width: 1200px) 100vw, 1200px\" title=\"\">\n\t\t\t\t\t\t\n\t\n\t\t\t\t\n\t\t\t\t<div class=\"upk-content-wrap\">\n\n\t\t\t\t\t<div class=\"upk-content\">\n\t\t\t\t\t\t\t\t\t\t\t\t<h4 class=\"upk-title\"><a href=\"https:\/\/apdigroup.com\/en\/2026\/04\/20\/apdi-group-patrocina-la-feria-internacional-de-empleo-de-granada\/\" title=\"APDI Group sponsors the Granada International Job Fair\" class=\"title-animation-\" aria-label=\"APDI Group sponsors the Granada International Job Fair\">APDI Group sponsors the Granada International Job Fair<\/a><\/h4>\t\t\t\t\t<\/div>\n\n\t\t\t\t\t\t\t<div class=\"upk-button-wrap\">\n\t\t\t<a \n\t\t\t\thref=\"https:\/\/apdigroup.com\/en\/2026\/04\/20\/apdi-group-patrocina-la-feria-internacional-de-empleo-de-granada\/\" \n\t\t\t\tclass=\"upk-readmore\" \n\t\t\t\taria-label=\"Read More Button\"\n\t\t\t>\n\t\t\t\t<span class=\"upk-readmore-icon\"><span><\/span><\/span>\n\t\t\t<\/a>\n\t\t<\/div>\n\t\n\t\t\t\t<\/div>\n\t\t\t<\/div>\n\t\t<\/div>\n\t\n\t\t\t\t\n\t\t\t\t\t\t\t<div class=\"upk-item\">\n\t\t\t<div class=\"upk-image-wrap\">\n\t\t\t\t<img loading=\"lazy\" decoding=\"async\" width=\"1472\" height=\"706\" src=\"https:\/\/apdigroup.com\/wp-content\/uploads\/2026\/04\/Imagen-Poema-Canta-el-reloj-sostenido-por-Miguel-Poveda-.jpeg\" class=\"upk-img\" alt=\"Un poema in\u00e9dito de Lorca hallado por Miguel Poveda ver\u00e1 la luz en la Feria del Libro de Granada\" srcset=\"https:\/\/apdigroup.com\/wp-content\/uploads\/2026\/04\/Imagen-Poema-Canta-el-reloj-sostenido-por-Miguel-Poveda-.jpeg 1472w, https:\/\/apdigroup.com\/wp-content\/uploads\/2026\/04\/Imagen-Poema-Canta-el-reloj-sostenido-por-Miguel-Poveda--300x144.jpeg 300w, https:\/\/apdigroup.com\/wp-content\/uploads\/2026\/04\/Imagen-Poema-Canta-el-reloj-sostenido-por-Miguel-Poveda--1024x491.jpeg 1024w, https:\/\/apdigroup.com\/wp-content\/uploads\/2026\/04\/Imagen-Poema-Canta-el-reloj-sostenido-por-Miguel-Poveda--768x368.jpeg 768w\" sizes=\"(max-width: 1472px) 100vw, 1472px\" title=\"\">\n\t\t\t\t\t\t\n\t\n\t\t\t\t\n\t\t\t\t<div class=\"upk-content-wrap\">\n\n\t\t\t\t\t<div class=\"upk-content\">\n\t\t\t\t\t\t\t\t\t\t\t\t<h4 class=\"upk-title\"><a href=\"https:\/\/apdigroup.com\/en\/2026\/04\/16\/un-poema-inedito-de-lorca-hallado-por-miguel-poveda-vera-la-luz-en-la-feria-del-libro-de-granada\/\" title=\"An unpublished poem by Lorca, discovered by Miguel Poveda, will be unveiled at the Granada Book Fair.\" class=\"title-animation-\" aria-label=\"An unpublished poem by Lorca, discovered by Miguel Poveda, will be unveiled at the Granada Book Fair.\">An unpublished poem by Lorca, discovered by Miguel Poveda, will be unveiled at the Granada Book Fair.<\/a><\/h4>\t\t\t\t\t<\/div>\n\n\t\t\t\t\t\t\t<div class=\"upk-button-wrap\">\n\t\t\t<a \n\t\t\t\thref=\"https:\/\/apdigroup.com\/en\/2026\/04\/16\/un-poema-inedito-de-lorca-hallado-por-miguel-poveda-vera-la-luz-en-la-feria-del-libro-de-granada\/\" \n\t\t\t\tclass=\"upk-readmore\" \n\t\t\t\taria-label=\"Read More Button\"\n\t\t\t>\n\t\t\t\t<span class=\"upk-readmore-icon\"><span><\/span><\/span>\n\t\t\t<\/a>\n\t\t<\/div>\n\t\n\t\t\t\t<\/div>\n\t\t\t<\/div>\n\t\t<\/div>\n\t\n\t\t\t\t\n\t\t\t\t\t\t\t<div class=\"upk-item\">\n\t\t\t<div class=\"upk-image-wrap\">\n\t\t\t\t<img loading=\"lazy\" decoding=\"async\" width=\"1200\" height=\"787\" src=\"https:\/\/apdigroup.com\/wp-content\/uploads\/2026\/04\/donacion-libros-colegio-publico-gomez-moreno-granada-albayzin-APDI-Group-1.jpg\" class=\"upk-img\" alt=\"APDI Group refuerza su compromiso con el Albayz\u00edn y la educaci\u00f3n p\u00fablica mediante una donaci\u00f3n de libros al G\u00f3mez Moreno\" srcset=\"https:\/\/apdigroup.com\/wp-content\/uploads\/2026\/04\/donacion-libros-colegio-publico-gomez-moreno-granada-albayzin-APDI-Group-1.jpg 1200w, https:\/\/apdigroup.com\/wp-content\/uploads\/2026\/04\/donacion-libros-colegio-publico-gomez-moreno-granada-albayzin-APDI-Group-1-300x197.jpg 300w, https:\/\/apdigroup.com\/wp-content\/uploads\/2026\/04\/donacion-libros-colegio-publico-gomez-moreno-granada-albayzin-APDI-Group-1-1024x672.jpg 1024w, https:\/\/apdigroup.com\/wp-content\/uploads\/2026\/04\/donacion-libros-colegio-publico-gomez-moreno-granada-albayzin-APDI-Group-1-768x504.jpg 768w\" sizes=\"(max-width: 1200px) 100vw, 1200px\" title=\"\">\n\t\t\t\t\t\t\n\t\n\t\t\t\t\n\t\t\t\t<div class=\"upk-content-wrap\">\n\n\t\t\t\t\t<div class=\"upk-content\">\n\t\t\t\t\t\t\t\t\t\t\t\t<h4 class=\"upk-title\"><a href=\"https:\/\/apdigroup.com\/en\/2026\/04\/07\/apdi-group-refuerza-su-compromiso-con-el-albayzin-y-la-educacion-publica-mediante-una-donacion-al-colegio-gomez-moreno\/\" title=\"APDI Group reinforces its commitment to the Albayz\u00edn and public education through a book donation to the G\u00f3mez Moreno school\" class=\"title-animation-\" aria-label=\"APDI Group reinforces its commitment to the Albayz\u00edn and public education through a book donation to the G\u00f3mez Moreno school\">APDI Group reinforces its commitment to the Albayz\u00edn and public education through a book donation to the G\u00f3mez Moreno school<\/a><\/h4>\t\t\t\t\t<\/div>\n\n\t\t\t\t\t\t\t<div class=\"upk-button-wrap\">\n\t\t\t<a \n\t\t\t\thref=\"https:\/\/apdigroup.com\/en\/2026\/04\/07\/apdi-group-refuerza-su-compromiso-con-el-albayzin-y-la-educacion-publica-mediante-una-donacion-al-colegio-gomez-moreno\/\" \n\t\t\t\tclass=\"upk-readmore\" \n\t\t\t\taria-label=\"Read More Button\"\n\t\t\t>\n\t\t\t\t<span class=\"upk-readmore-icon\"><span><\/span><\/span>\n\t\t\t<\/a>\n\t\t<\/div>\n\t\n\t\t\t\t<\/div>\n\t\t\t<\/div>\n\t\t<\/div>\n\t\n\t\t\t\t\n\t\t\t<\/div>\n\t\t<\/div>\n\n\t\t\t\t\t\t<\/div>\n\t\t\t\t<\/div>\n\t\t\t\t\t<\/div>\n\t\t\t\t<\/div>\n\t\t<div class=\"elementor-element elementor-element-ef19664 e-flex e-con-boxed e-con e-parent\" data-id=\"ef19664\" data-element_type=\"container\" data-e-type=\"container\">\n\t\t\t\t\t<div class=\"e-con-inner\">\n\t\t\t\t<div class=\"elementor-element elementor-element-60158f2 elementor-widget-divider--view-line elementor-widget elementor-widget-divider\" data-id=\"60158f2\" data-element_type=\"widget\" data-e-type=\"widget\" data-widget_type=\"divider.default\">\n\t\t\t\t<div class=\"elementor-widget-container\">\n\t\t\t\t\t\t\t<div class=\"elementor-divider\">\n\t\t\t<span class=\"elementor-divider-separator\">\n\t\t\t\t\t\t<\/span>\n\t\t<\/div>\n\t\t\t\t\t\t<\/div>\n\t\t\t\t<\/div>\n\t\t\t\t<div class=\"elementor-element elementor-element-328d56b elementor-widget elementor-widget-upk-harold-list\" data-id=\"328d56b\" data-element_type=\"widget\" data-e-type=\"widget\" data-widget_type=\"upk-harold-list.default\">\n\t\t\t\t<div class=\"elementor-widget-container\">\n\t\t\t\t\t\t\t<div class=\"upk-harold-list upk-ajax-grid\" data-loadmore=\"[]\">\n\t\t\t<div class=\"upk-list-wrap upk-ajax-grid-wrap\">\n\n\t\t\t\t\n\t\t\t\t\t\t\t<div class=\"upk-item\">\n\t\t\t<div class=\"upk-item-box\">\n\t\t\t\t\t\t\t\t\t<div class=\"upk-image-wrap\">\n\t\t\t\t\t\t<img loading=\"lazy\" decoding=\"async\" width=\"2560\" height=\"1707\" src=\"https:\/\/apdigroup.com\/wp-content\/uploads\/2026\/04\/1-2-scaled.jpeg\" class=\"upk-img\" alt=\"APDI Group colabora en una nueva mirada sobre Lorca en Granada: cultura, descubrimiento y emoci\u00f3n en la Feria del Libro\" srcset=\"https:\/\/apdigroup.com\/wp-content\/uploads\/2026\/04\/1-2-scaled.jpeg 2560w, https:\/\/apdigroup.com\/wp-content\/uploads\/2026\/04\/1-2-300x200.jpeg 300w, https:\/\/apdigroup.com\/wp-content\/uploads\/2026\/04\/1-2-1024x683.jpeg 1024w, https:\/\/apdigroup.com\/wp-content\/uploads\/2026\/04\/1-2-768x512.jpeg 768w, https:\/\/apdigroup.com\/wp-content\/uploads\/2026\/04\/1-2-1536x1024.jpeg 1536w, https:\/\/apdigroup.com\/wp-content\/uploads\/2026\/04\/1-2-2048x1365.jpeg 2048w\" sizes=\"(max-width: 2560px) 100vw, 2560px\" title=\"\">\t\t\t\t\t<\/div>\n\t\t\t\t\t\t\t\t<div class=\"upk-content\">\n\t\t\t\t\t<div>\n\t\t\t\t\t\t\t\t<div class=\"upk-category\">\n\t\t\t<a href=\"https:\/\/apdigroup.com\/en\/category\/actualidad\/\" \n\t\t\t\t\t\t\taria-label=\"Category APDI News\">APDI News<\/a> <a href=\"https:\/\/apdigroup.com\/en\/category\/cultura\/\" \n\t\t\t\t\t\t\taria-label=\"Category: Culture\">Culture<\/a>\t\t<\/div>\n\t\t\t\t\t\t\t<h3 class=\"upk-title\"><a href=\"https:\/\/apdigroup.com\/en\/2026\/04\/28\/apdi-group-colabora-en-una-nueva-mirada-sobre-lorca-en-granada-cultura-descubrimiento-y-emocion-en-la-feria-del-libro\/\" title=\"APDI Group collaborates on a new perspective on Lorca in Granada: culture, discovery and emotion at the Book Fair\" class=\"title-animation-underline\" aria-label=\"APDI Group collaborates on a new perspective on Lorca in Granada: culture, discovery and emotion at the Book Fair\">APDI Group collaborates on a new perspective on Lorca in Granada: culture, discovery and emotion at the Book Fair<\/a><\/h3>\t\t\t\t\t\t\t\t\t\t\t\t<div class=\"upk-meta\">\n\t\t\t\t\t\t\t\n\t\t<div class=\"upk-author\">\n\t\t\t<a href=\"https:\/\/apdigroup.com\/en\/author\/apdigroup\/\">\n\t\t\t\t<i class=\"upk-icon-user\"><\/i>\n\t\t\t\t<span class=\"upk-author-name\">Apdi Group<\/span>\n\t\t\t<\/a>\n\t\t<\/div>\n\n\t\t\t\t\t\t\t\t\t\t\t\t\t\t\t\t<div data-separator=\".\">\n\t\t\t\t\t\t\t\t\t\t<div class=\"upk-flex\">\n\t\t\t<div class=\"upk-date\">\n\t\t\t\t<i class=\"upk-icon-calendar\"><\/i>\n\t\t\t\t<span class=\"upk-harold-date\">\n\t\t\t\t\tApril 28, 2026\t\t\t\t<\/span>\n\t\t\t<\/div>\n\t\t\t\t\t<\/div>\n\n\t\t\t\t\t\t\t\t\t<\/div>\n\t\t\t\t\t\t\t\t\t\t\t\t\t\t\t\t\t\t\t\t<\/div>\n\t\t\t\t\t\t\t\t\t\t\t<\/div>\n\t\t\t\t<\/div>\n\t\t\t<\/div>\n\t\t<\/div>\n\n\t\n\t\t\t\t\n\t\t\t\t\t\t\t<div class=\"upk-item\">\n\t\t\t<div class=\"upk-item-box\">\n\t\t\t\t\t\t\t\t\t<div class=\"upk-image-wrap\">\n\t\t\t\t\t\t<img loading=\"lazy\" decoding=\"async\" width=\"1250\" height=\"833\" src=\"https:\/\/apdigroup.com\/wp-content\/uploads\/2026\/04\/Marina-Heredia-Carlos-V-Orquesta-Ciudad-Granada-OCG-Foto-Javier-Martin-Ruiz.jpg\" class=\"upk-img\" alt=\"As\u00ed es \u201cMi rezar cantando\u201d, la nueva canci\u00f3n de  Marina Heredia\" srcset=\"https:\/\/apdigroup.com\/wp-content\/uploads\/2026\/04\/Marina-Heredia-Carlos-V-Orquesta-Ciudad-Granada-OCG-Foto-Javier-Martin-Ruiz.jpg 1250w, https:\/\/apdigroup.com\/wp-content\/uploads\/2026\/04\/Marina-Heredia-Carlos-V-Orquesta-Ciudad-Granada-OCG-Foto-Javier-Martin-Ruiz-300x200.jpg 300w, https:\/\/apdigroup.com\/wp-content\/uploads\/2026\/04\/Marina-Heredia-Carlos-V-Orquesta-Ciudad-Granada-OCG-Foto-Javier-Martin-Ruiz-1024x682.jpg 1024w, https:\/\/apdigroup.com\/wp-content\/uploads\/2026\/04\/Marina-Heredia-Carlos-V-Orquesta-Ciudad-Granada-OCG-Foto-Javier-Martin-Ruiz-768x512.jpg 768w\" sizes=\"(max-width: 1250px) 100vw, 1250px\" title=\"\">\t\t\t\t\t<\/div>\n\t\t\t\t\t\t\t\t<div class=\"upk-content\">\n\t\t\t\t\t<div>\n\t\t\t\t\t\t\t\t<div class=\"upk-category\">\n\t\t\t<a href=\"https:\/\/apdigroup.com\/en\/category\/cultura\/\" \n\t\t\t\t\t\t\taria-label=\"Category: Culture\">Culture<\/a>\t\t<\/div>\n\t\t\t\t\t\t\t<h3 class=\"upk-title\"><a href=\"https:\/\/apdigroup.com\/en\/2026\/04\/24\/asi-es-mi-rezar-cantando-la-nueva-cancion-de-marina-heredia\/\" title=\"This is \u201cMy praying through song\u201d, the new song by Marina Heredia\" class=\"title-animation-underline\" aria-label=\"This is \u201cMy praying through song\u201d, the new song by Marina Heredia\">This is \u201cMy praying through song\u201d, the new song by Marina Heredia<\/a><\/h3>\t\t\t\t\t\t\t\t\t\t\t\t<div class=\"upk-meta\">\n\t\t\t\t\t\t\t\n\t\t<div class=\"upk-author\">\n\t\t\t<a href=\"https:\/\/apdigroup.com\/en\/author\/apdigroup\/\">\n\t\t\t\t<i class=\"upk-icon-user\"><\/i>\n\t\t\t\t<span class=\"upk-author-name\">Apdi Group<\/span>\n\t\t\t<\/a>\n\t\t<\/div>\n\n\t\t\t\t\t\t\t\t\t\t\t\t\t\t\t\t<div data-separator=\".\">\n\t\t\t\t\t\t\t\t\t\t<div class=\"upk-flex\">\n\t\t\t<div class=\"upk-date\">\n\t\t\t\t<i class=\"upk-icon-calendar\"><\/i>\n\t\t\t\t<span class=\"upk-harold-date\">\n\t\t\t\t\tApril 24, 2026\t\t\t\t<\/span>\n\t\t\t<\/div>\n\t\t\t\t\t<\/div>\n\n\t\t\t\t\t\t\t\t\t<\/div>\n\t\t\t\t\t\t\t\t\t\t\t\t\t\t\t\t\t\t\t\t<\/div>\n\t\t\t\t\t\t\t\t\t\t\t<\/div>\n\t\t\t\t<\/div>\n\t\t\t<\/div>\n\t\t<\/div>\n\n\t\n\t\t\t\t\n\t\t\t\t\t\t\t<div class=\"upk-item\">\n\t\t\t<div class=\"upk-item-box\">\n\t\t\t\t\t\t\t\t\t<div class=\"upk-image-wrap\">\n\t\t\t\t\t\t<img loading=\"lazy\" decoding=\"async\" width=\"2560\" height=\"1675\" src=\"https:\/\/apdigroup.com\/wp-content\/uploads\/2026\/04\/feria-empleo-2026-inauguracion-01-scaled.jpeg\" class=\"upk-img\" alt=\"La Feria de Empleo, la mejor oportunidad para que \u201cel talento de Granada se quede en la provincia\u201d\" srcset=\"https:\/\/apdigroup.com\/wp-content\/uploads\/2026\/04\/feria-empleo-2026-inauguracion-01-scaled.jpeg 2560w, https:\/\/apdigroup.com\/wp-content\/uploads\/2026\/04\/feria-empleo-2026-inauguracion-01-300x196.jpeg 300w, https:\/\/apdigroup.com\/wp-content\/uploads\/2026\/04\/feria-empleo-2026-inauguracion-01-1024x670.jpeg 1024w, https:\/\/apdigroup.com\/wp-content\/uploads\/2026\/04\/feria-empleo-2026-inauguracion-01-768x502.jpeg 768w, https:\/\/apdigroup.com\/wp-content\/uploads\/2026\/04\/feria-empleo-2026-inauguracion-01-1536x1005.jpeg 1536w, https:\/\/apdigroup.com\/wp-content\/uploads\/2026\/04\/feria-empleo-2026-inauguracion-01-2048x1340.jpeg 2048w\" sizes=\"(max-width: 2560px) 100vw, 2560px\" title=\"\">\t\t\t\t\t<\/div>\n\t\t\t\t\t\t\t\t<div class=\"upk-content\">\n\t\t\t\t\t<div>\n\t\t\t\t\t\t\t\t<div class=\"upk-category\">\n\t\t\t<a href=\"https:\/\/apdigroup.com\/en\/category\/actualidad\/\" \n\t\t\t\t\t\t\taria-label=\"Category APDI News\">APDI News<\/a>\t\t<\/div>\n\t\t\t\t\t\t\t<h3 class=\"upk-title\"><a href=\"https:\/\/apdigroup.com\/en\/2026\/04\/23\/la-feria-de-empleo-la-mejor-oportunidad-para-que-el-talento-de-granada-se-quede-en-la-provincia\/\" title=\"The Job Fair, the best opportunity for \u201cGranada\u2019s talent to stay in the province\u201d\" class=\"title-animation-underline\" aria-label=\"The Job Fair, the best opportunity for \u201cGranada\u2019s talent to stay in the province\u201d\">The Job Fair, the best opportunity for \u201cGranada\u2019s talent to stay in the province\u201d<\/a><\/h3>\t\t\t\t\t\t\t\t\t\t\t\t<div class=\"upk-meta\">\n\t\t\t\t\t\t\t\n\t\t<div class=\"upk-author\">\n\t\t\t<a href=\"https:\/\/apdigroup.com\/en\/author\/apdigroup\/\">\n\t\t\t\t<i class=\"upk-icon-user\"><\/i>\n\t\t\t\t<span class=\"upk-author-name\">Apdi Group<\/span>\n\t\t\t<\/a>\n\t\t<\/div>\n\n\t\t\t\t\t\t\t\t\t\t\t\t\t\t\t\t<div data-separator=\".\">\n\t\t\t\t\t\t\t\t\t\t<div class=\"upk-flex\">\n\t\t\t<div class=\"upk-date\">\n\t\t\t\t<i class=\"upk-icon-calendar\"><\/i>\n\t\t\t\t<span class=\"upk-harold-date\">\n\t\t\t\t\tApril 23, 2026\t\t\t\t<\/span>\n\t\t\t<\/div>\n\t\t\t\t\t<\/div>\n\n\t\t\t\t\t\t\t\t\t<\/div>\n\t\t\t\t\t\t\t\t\t\t\t\t\t\t\t\t\t\t\t\t<\/div>\n\t\t\t\t\t\t\t\t\t\t\t<\/div>\n\t\t\t\t<\/div>\n\t\t\t<\/div>\n\t\t<\/div>\n\n\t\n\t\t\t\t\n\t\t\t\t\t\t\t<div class=\"upk-item\">\n\t\t\t<div class=\"upk-item-box\">\n\t\t\t\t\t\t\t\t\t<div class=\"upk-image-wrap\">\n\t\t\t\t\t\t<img loading=\"lazy\" decoding=\"async\" width=\"1200\" height=\"801\" src=\"https:\/\/apdigroup.com\/wp-content\/uploads\/2026\/04\/APDI-Feria-de-empleo-1.jpg\" class=\"upk-img\" alt=\"APDI Group patrocina la Feria Internacional de Empleo de Granada\" srcset=\"https:\/\/apdigroup.com\/wp-content\/uploads\/2026\/04\/APDI-Feria-de-empleo-1.jpg 1200w, https:\/\/apdigroup.com\/wp-content\/uploads\/2026\/04\/APDI-Feria-de-empleo-1-300x200.jpg 300w, https:\/\/apdigroup.com\/wp-content\/uploads\/2026\/04\/APDI-Feria-de-empleo-1-1024x684.jpg 1024w, https:\/\/apdigroup.com\/wp-content\/uploads\/2026\/04\/APDI-Feria-de-empleo-1-768x513.jpg 768w\" sizes=\"(max-width: 1200px) 100vw, 1200px\" title=\"\">\t\t\t\t\t<\/div>\n\t\t\t\t\t\t\t\t<div class=\"upk-content\">\n\t\t\t\t\t<div>\n\t\t\t\t\t\t\t\t<div class=\"upk-category\">\n\t\t\t<a href=\"https:\/\/apdigroup.com\/en\/category\/actualidad\/\" \n\t\t\t\t\t\t\taria-label=\"Category APDI News\">APDI News<\/a>\t\t<\/div>\n\t\t\t\t\t\t\t<h3 class=\"upk-title\"><a href=\"https:\/\/apdigroup.com\/en\/2026\/04\/20\/apdi-group-patrocina-la-feria-internacional-de-empleo-de-granada\/\" title=\"APDI Group sponsors the Granada International Job Fair\" class=\"title-animation-underline\" aria-label=\"APDI Group sponsors the Granada International Job Fair\">APDI Group sponsors the Granada International Job Fair<\/a><\/h3>\t\t\t\t\t\t\t\t\t\t\t\t<div class=\"upk-meta\">\n\t\t\t\t\t\t\t\n\t\t<div class=\"upk-author\">\n\t\t\t<a href=\"https:\/\/apdigroup.com\/en\/author\/apdigroup\/\">\n\t\t\t\t<i class=\"upk-icon-user\"><\/i>\n\t\t\t\t<span class=\"upk-author-name\">Apdi Group<\/span>\n\t\t\t<\/a>\n\t\t<\/div>\n\n\t\t\t\t\t\t\t\t\t\t\t\t\t\t\t\t<div data-separator=\".\">\n\t\t\t\t\t\t\t\t\t\t<div class=\"upk-flex\">\n\t\t\t<div class=\"upk-date\">\n\t\t\t\t<i class=\"upk-icon-calendar\"><\/i>\n\t\t\t\t<span class=\"upk-harold-date\">\n\t\t\t\t\tApril 20, 2026\t\t\t\t<\/span>\n\t\t\t<\/div>\n\t\t\t\t\t<\/div>\n\n\t\t\t\t\t\t\t\t\t<\/div>\n\t\t\t\t\t\t\t\t\t\t\t\t\t\t\t\t\t\t\t\t<\/div>\n\t\t\t\t\t\t\t\t\t\t\t<\/div>\n\t\t\t\t<\/div>\n\t\t\t<\/div>\n\t\t<\/div>\n\n\t\n\t\t\t\t\n\t\t\t\t\t\t\t<div class=\"upk-item\">\n\t\t\t<div class=\"upk-item-box\">\n\t\t\t\t\t\t\t\t\t<div class=\"upk-image-wrap\">\n\t\t\t\t\t\t<img loading=\"lazy\" decoding=\"async\" width=\"1472\" height=\"706\" src=\"https:\/\/apdigroup.com\/wp-content\/uploads\/2026\/04\/Imagen-Poema-Canta-el-reloj-sostenido-por-Miguel-Poveda-.jpeg\" class=\"upk-img\" alt=\"Un poema in\u00e9dito de Lorca hallado por Miguel Poveda ver\u00e1 la luz en la Feria del Libro de Granada\" srcset=\"https:\/\/apdigroup.com\/wp-content\/uploads\/2026\/04\/Imagen-Poema-Canta-el-reloj-sostenido-por-Miguel-Poveda-.jpeg 1472w, https:\/\/apdigroup.com\/wp-content\/uploads\/2026\/04\/Imagen-Poema-Canta-el-reloj-sostenido-por-Miguel-Poveda--300x144.jpeg 300w, https:\/\/apdigroup.com\/wp-content\/uploads\/2026\/04\/Imagen-Poema-Canta-el-reloj-sostenido-por-Miguel-Poveda--1024x491.jpeg 1024w, https:\/\/apdigroup.com\/wp-content\/uploads\/2026\/04\/Imagen-Poema-Canta-el-reloj-sostenido-por-Miguel-Poveda--768x368.jpeg 768w\" sizes=\"(max-width: 1472px) 100vw, 1472px\" title=\"\">\t\t\t\t\t<\/div>\n\t\t\t\t\t\t\t\t<div class=\"upk-content\">\n\t\t\t\t\t<div>\n\t\t\t\t\t\t\t\t<div class=\"upk-category\">\n\t\t\t<a href=\"https:\/\/apdigroup.com\/en\/category\/actualidad\/\" \n\t\t\t\t\t\t\taria-label=\"Category APDI News\">APDI News<\/a> <a href=\"https:\/\/apdigroup.com\/en\/category\/cultura\/\" \n\t\t\t\t\t\t\taria-label=\"Category: Culture\">Culture<\/a>\t\t<\/div>\n\t\t\t\t\t\t\t<h3 class=\"upk-title\"><a href=\"https:\/\/apdigroup.com\/en\/2026\/04\/16\/un-poema-inedito-de-lorca-hallado-por-miguel-poveda-vera-la-luz-en-la-feria-del-libro-de-granada\/\" title=\"An unpublished poem by Lorca, discovered by Miguel Poveda, will be unveiled at the Granada Book Fair.\" class=\"title-animation-underline\" aria-label=\"An unpublished poem by Lorca, discovered by Miguel Poveda, will be unveiled at the Granada Book Fair.\">An unpublished poem by Lorca, discovered by Miguel Poveda, will be unveiled at the Granada Book Fair.<\/a><\/h3>\t\t\t\t\t\t\t\t\t\t\t\t<div class=\"upk-meta\">\n\t\t\t\t\t\t\t\n\t\t<div class=\"upk-author\">\n\t\t\t<a href=\"https:\/\/apdigroup.com\/en\/author\/apdigroup\/\">\n\t\t\t\t<i class=\"upk-icon-user\"><\/i>\n\t\t\t\t<span class=\"upk-author-name\">Apdi Group<\/span>\n\t\t\t<\/a>\n\t\t<\/div>\n\n\t\t\t\t\t\t\t\t\t\t\t\t\t\t\t\t<div data-separator=\".\">\n\t\t\t\t\t\t\t\t\t\t<div class=\"upk-flex\">\n\t\t\t<div class=\"upk-date\">\n\t\t\t\t<i class=\"upk-icon-calendar\"><\/i>\n\t\t\t\t<span class=\"upk-harold-date\">\n\t\t\t\t\tApril 16, 2026\t\t\t\t<\/span>\n\t\t\t<\/div>\n\t\t\t\t\t<\/div>\n\n\t\t\t\t\t\t\t\t\t<\/div>\n\t\t\t\t\t\t\t\t\t\t\t\t\t\t\t\t\t\t\t\t<\/div>\n\t\t\t\t\t\t\t\t\t\t\t<\/div>\n\t\t\t\t<\/div>\n\t\t\t<\/div>\n\t\t<\/div>\n\n\t\n\t\t\t\t\n\t\t\t\t\t\t\t<div class=\"upk-item\">\n\t\t\t<div class=\"upk-item-box\">\n\t\t\t\t\t\t\t\t\t<div class=\"upk-image-wrap\">\n\t\t\t\t\t\t<img loading=\"lazy\" decoding=\"async\" width=\"1200\" height=\"797\" src=\"https:\/\/apdigroup.com\/wp-content\/uploads\/2026\/04\/Premiere-Enlorquecido-Granada-Foto-de-Javier-Martin-Ruiz-01JPG.jpg\" class=\"upk-img\" alt=\"Premiere de \u00abEnlorquecido\u00bb: Granada despliega una alfombra roja de emoci\u00f3n reivindicando a Federico\" srcset=\"https:\/\/apdigroup.com\/wp-content\/uploads\/2026\/04\/Premiere-Enlorquecido-Granada-Foto-de-Javier-Martin-Ruiz-01JPG.jpg 1200w, https:\/\/apdigroup.com\/wp-content\/uploads\/2026\/04\/Premiere-Enlorquecido-Granada-Foto-de-Javier-Martin-Ruiz-01JPG-300x199.jpg 300w, https:\/\/apdigroup.com\/wp-content\/uploads\/2026\/04\/Premiere-Enlorquecido-Granada-Foto-de-Javier-Martin-Ruiz-01JPG-1024x680.jpg 1024w, https:\/\/apdigroup.com\/wp-content\/uploads\/2026\/04\/Premiere-Enlorquecido-Granada-Foto-de-Javier-Martin-Ruiz-01JPG-768x510.jpg 768w\" sizes=\"(max-width: 1200px) 100vw, 1200px\" title=\"\">\t\t\t\t\t<\/div>\n\t\t\t\t\t\t\t\t<div class=\"upk-content\">\n\t\t\t\t\t<div>\n\t\t\t\t\t\t\t\t<div class=\"upk-category\">\n\t\t\t<a href=\"https:\/\/apdigroup.com\/en\/category\/cultura\/\" \n\t\t\t\t\t\t\taria-label=\"Category: Culture\">Culture<\/a>\t\t<\/div>\n\t\t\t\t\t\t\t<h3 class=\"upk-title\"><a href=\"https:\/\/apdigroup.com\/en\/2026\/04\/10\/premiere-de-enlorquecido-granada-despliega-una-alfombra-roja-de-emocion-reivindicando-a-federico\/\" title=\"Premiere of \u00abEnlorquecido\u00bb: Granada rolls out a red carpet of emotion in tribute to Federico\" class=\"title-animation-underline\" aria-label=\"Premiere of \u00abEnlorquecido\u00bb: Granada rolls out a red carpet of emotion in tribute to Federico\">Premiere of \u00abEnlorquecido\u00bb: Granada rolls out a red carpet of emotion in tribute to Federico<\/a><\/h3>\t\t\t\t\t\t\t\t\t\t\t\t<div class=\"upk-meta\">\n\t\t\t\t\t\t\t\n\t\t<div class=\"upk-author\">\n\t\t\t<a href=\"https:\/\/apdigroup.com\/en\/author\/apdigroup\/\">\n\t\t\t\t<i class=\"upk-icon-user\"><\/i>\n\t\t\t\t<span class=\"upk-author-name\">Apdi Group<\/span>\n\t\t\t<\/a>\n\t\t<\/div>\n\n\t\t\t\t\t\t\t\t\t\t\t\t\t\t\t\t<div data-separator=\".\">\n\t\t\t\t\t\t\t\t\t\t<div class=\"upk-flex\">\n\t\t\t<div class=\"upk-date\">\n\t\t\t\t<i class=\"upk-icon-calendar\"><\/i>\n\t\t\t\t<span class=\"upk-harold-date\">\n\t\t\t\t\tApril 10, 2026\t\t\t\t<\/span>\n\t\t\t<\/div>\n\t\t\t\t\t<\/div>\n\n\t\t\t\t\t\t\t\t\t<\/div>\n\t\t\t\t\t\t\t\t\t\t\t\t\t\t\t\t\t\t\t\t<\/div>\n\t\t\t\t\t\t\t\t\t\t\t<\/div>\n\t\t\t\t<\/div>\n\t\t\t<\/div>\n\t\t<\/div>\n\n\t\n\t\t\t\t\n\t\t\t\t\t\t\t<div class=\"upk-item\">\n\t\t\t<div class=\"upk-item-box\">\n\t\t\t\t\t\t\t\t\t<div class=\"upk-image-wrap\">\n\t\t\t\t\t\t<img loading=\"lazy\" decoding=\"async\" width=\"1200\" height=\"800\" src=\"https:\/\/apdigroup.com\/wp-content\/uploads\/2026\/04\/Presentacion-conciertos-Coro-Santa-Paula.-29.jpg\" class=\"upk-img\" alt=\"Lorca y Falla inauguran las experiencias \u00abGranada a trav\u00e9s de los sentidos\u00bb en el Hotel Santa Paula\" srcset=\"https:\/\/apdigroup.com\/wp-content\/uploads\/2026\/04\/Presentacion-conciertos-Coro-Santa-Paula.-29.jpg 1200w, https:\/\/apdigroup.com\/wp-content\/uploads\/2026\/04\/Presentacion-conciertos-Coro-Santa-Paula.-29-300x200.jpg 300w, https:\/\/apdigroup.com\/wp-content\/uploads\/2026\/04\/Presentacion-conciertos-Coro-Santa-Paula.-29-1024x683.jpg 1024w, https:\/\/apdigroup.com\/wp-content\/uploads\/2026\/04\/Presentacion-conciertos-Coro-Santa-Paula.-29-768x512.jpg 768w\" sizes=\"(max-width: 1200px) 100vw, 1200px\" title=\"\">\t\t\t\t\t<\/div>\n\t\t\t\t\t\t\t\t<div class=\"upk-content\">\n\t\t\t\t\t<div>\n\t\t\t\t\t\t\t\t<div class=\"upk-category\">\n\t\t\t<a href=\"https:\/\/apdigroup.com\/en\/category\/cultura\/\" \n\t\t\t\t\t\t\taria-label=\"Category: Culture\">Culture<\/a>\t\t<\/div>\n\t\t\t\t\t\t\t<h3 class=\"upk-title\"><a href=\"https:\/\/apdigroup.com\/en\/2026\/04\/09\/lorca-y-falla-inauguran-las-experiencias-granada-a-traves-de-los-sentidos-en-el-hotel-santa-paula\/\" title=\"Lorca and Falla inaugurate the &quot;Granada through the senses&quot; experiences at the Hotel Santa Paula\" class=\"title-animation-underline\" aria-label=\"Lorca and Falla inaugurate the &quot;Granada through the senses&quot; experiences at the Hotel Santa Paula\">Lorca and Falla inaugurate the &quot;Granada through the senses&quot; experiences at the Hotel Santa Paula<\/a><\/h3>\t\t\t\t\t\t\t\t\t\t\t\t<div class=\"upk-meta\">\n\t\t\t\t\t\t\t\n\t\t<div class=\"upk-author\">\n\t\t\t<a href=\"https:\/\/apdigroup.com\/en\/author\/apdigroup\/\">\n\t\t\t\t<i class=\"upk-icon-user\"><\/i>\n\t\t\t\t<span class=\"upk-author-name\">Apdi Group<\/span>\n\t\t\t<\/a>\n\t\t<\/div>\n\n\t\t\t\t\t\t\t\t\t\t\t\t\t\t\t\t<div data-separator=\".\">\n\t\t\t\t\t\t\t\t\t\t<div class=\"upk-flex\">\n\t\t\t<div class=\"upk-date\">\n\t\t\t\t<i class=\"upk-icon-calendar\"><\/i>\n\t\t\t\t<span class=\"upk-harold-date\">\n\t\t\t\t\tApril 9, 2026\t\t\t\t<\/span>\n\t\t\t<\/div>\n\t\t\t\t\t<\/div>\n\n\t\t\t\t\t\t\t\t\t<\/div>\n\t\t\t\t\t\t\t\t\t\t\t\t\t\t\t\t\t\t\t\t<\/div>\n\t\t\t\t\t\t\t\t\t\t\t<\/div>\n\t\t\t\t<\/div>\n\t\t\t<\/div>\n\t\t<\/div>\n\n\t\n\t\t\t\t\n\t\t\t\t\t\t\t<div class=\"upk-item\">\n\t\t\t<div class=\"upk-item-box\">\n\t\t\t\t\t\t\t\t\t<div class=\"upk-image-wrap\">\n\t\t\t\t\t\t<img loading=\"lazy\" decoding=\"async\" width=\"1200\" height=\"787\" src=\"https:\/\/apdigroup.com\/wp-content\/uploads\/2026\/04\/donacion-libros-colegio-publico-gomez-moreno-granada-albayzin-APDI-Group-1.jpg\" class=\"upk-img\" alt=\"APDI Group refuerza su compromiso con el Albayz\u00edn y la educaci\u00f3n p\u00fablica mediante una donaci\u00f3n de libros al G\u00f3mez Moreno\" srcset=\"https:\/\/apdigroup.com\/wp-content\/uploads\/2026\/04\/donacion-libros-colegio-publico-gomez-moreno-granada-albayzin-APDI-Group-1.jpg 1200w, https:\/\/apdigroup.com\/wp-content\/uploads\/2026\/04\/donacion-libros-colegio-publico-gomez-moreno-granada-albayzin-APDI-Group-1-300x197.jpg 300w, https:\/\/apdigroup.com\/wp-content\/uploads\/2026\/04\/donacion-libros-colegio-publico-gomez-moreno-granada-albayzin-APDI-Group-1-1024x672.jpg 1024w, https:\/\/apdigroup.com\/wp-content\/uploads\/2026\/04\/donacion-libros-colegio-publico-gomez-moreno-granada-albayzin-APDI-Group-1-768x504.jpg 768w\" sizes=\"(max-width: 1200px) 100vw, 1200px\" title=\"\">\t\t\t\t\t<\/div>\n\t\t\t\t\t\t\t\t<div class=\"upk-content\">\n\t\t\t\t\t<div>\n\t\t\t\t\t\t\t\t<div class=\"upk-category\">\n\t\t\t<a href=\"https:\/\/apdigroup.com\/en\/category\/actualidad\/\" \n\t\t\t\t\t\t\taria-label=\"Category APDI News\">APDI News<\/a>\t\t<\/div>\n\t\t\t\t\t\t\t<h3 class=\"upk-title\"><a href=\"https:\/\/apdigroup.com\/en\/2026\/04\/07\/apdi-group-refuerza-su-compromiso-con-el-albayzin-y-la-educacion-publica-mediante-una-donacion-al-colegio-gomez-moreno\/\" title=\"APDI Group reinforces its commitment to the Albayz\u00edn and public education through a book donation to the G\u00f3mez Moreno school\" class=\"title-animation-underline\" aria-label=\"APDI Group reinforces its commitment to the Albayz\u00edn and public education through a book donation to the G\u00f3mez Moreno school\">APDI Group reinforces its commitment to the Albayz\u00edn and public education through a book donation to the G\u00f3mez Moreno school<\/a><\/h3>\t\t\t\t\t\t\t\t\t\t\t\t<div class=\"upk-meta\">\n\t\t\t\t\t\t\t\n\t\t<div class=\"upk-author\">\n\t\t\t<a href=\"https:\/\/apdigroup.com\/en\/author\/apdigroup\/\">\n\t\t\t\t<i class=\"upk-icon-user\"><\/i>\n\t\t\t\t<span class=\"upk-author-name\">Apdi Group<\/span>\n\t\t\t<\/a>\n\t\t<\/div>\n\n\t\t\t\t\t\t\t\t\t\t\t\t\t\t\t\t<div data-separator=\".\">\n\t\t\t\t\t\t\t\t\t\t<div class=\"upk-flex\">\n\t\t\t<div class=\"upk-date\">\n\t\t\t\t<i class=\"upk-icon-calendar\"><\/i>\n\t\t\t\t<span class=\"upk-harold-date\">\n\t\t\t\t\tApril 7, 2026\t\t\t\t<\/span>\n\t\t\t<\/div>\n\t\t\t\t\t<\/div>\n\n\t\t\t\t\t\t\t\t\t<\/div>\n\t\t\t\t\t\t\t\t\t\t\t\t\t\t\t\t\t\t\t\t<\/div>\n\t\t\t\t\t\t\t\t\t\t\t<\/div>\n\t\t\t\t<\/div>\n\t\t\t<\/div>\n\t\t<\/div>\n\n\t\n\t\t\t\t\n\t\t\t\t\t\t\t<div class=\"upk-item\">\n\t\t\t<div class=\"upk-item-box\">\n\t\t\t\t\t\t\t\t\t<div class=\"upk-image-wrap\">\n\t\t\t\t\t\t<img loading=\"lazy\" decoding=\"async\" width=\"1200\" height=\"1600\" src=\"https:\/\/apdigroup.com\/wp-content\/uploads\/2026\/04\/Miguel-Poveda-Huerta-San-Vicente-Autor-foto-Javier-Salas.jpg\" class=\"upk-img\" alt=\"Granada \u201cenlorquece\u201d con el documental de Miguel Poveda\" srcset=\"https:\/\/apdigroup.com\/wp-content\/uploads\/2026\/04\/Miguel-Poveda-Huerta-San-Vicente-Autor-foto-Javier-Salas.jpg 1200w, https:\/\/apdigroup.com\/wp-content\/uploads\/2026\/04\/Miguel-Poveda-Huerta-San-Vicente-Autor-foto-Javier-Salas-225x300.jpg 225w, https:\/\/apdigroup.com\/wp-content\/uploads\/2026\/04\/Miguel-Poveda-Huerta-San-Vicente-Autor-foto-Javier-Salas-768x1024.jpg 768w, https:\/\/apdigroup.com\/wp-content\/uploads\/2026\/04\/Miguel-Poveda-Huerta-San-Vicente-Autor-foto-Javier-Salas-1152x1536.jpg 1152w\" sizes=\"(max-width: 1200px) 100vw, 1200px\" title=\"\">\t\t\t\t\t<\/div>\n\t\t\t\t\t\t\t\t<div class=\"upk-content\">\n\t\t\t\t\t<div>\n\t\t\t\t\t\t\t\t<div class=\"upk-category\">\n\t\t\t<a href=\"https:\/\/apdigroup.com\/en\/category\/cultura\/\" \n\t\t\t\t\t\t\taria-label=\"Category: Culture\">Culture<\/a>\t\t<\/div>\n\t\t\t\t\t\t\t<h3 class=\"upk-title\"><a href=\"https:\/\/apdigroup.com\/en\/2026\/04\/06\/granada-enlorquece-con-el-documental-de-miguel-poveda\/\" title=\"Granada \u201cgoes crazy\u201d with Miguel Poveda\u2019s documentary\" class=\"title-animation-underline\" aria-label=\"Granada \u201cgoes crazy\u201d with Miguel Poveda\u2019s documentary\">Granada \u201cgoes crazy\u201d with Miguel Poveda\u2019s documentary<\/a><\/h3>\t\t\t\t\t\t\t\t\t\t\t\t<div class=\"upk-meta\">\n\t\t\t\t\t\t\t\n\t\t<div class=\"upk-author\">\n\t\t\t<a href=\"https:\/\/apdigroup.com\/en\/author\/apdigroup\/\">\n\t\t\t\t<i class=\"upk-icon-user\"><\/i>\n\t\t\t\t<span class=\"upk-author-name\">Apdi Group<\/span>\n\t\t\t<\/a>\n\t\t<\/div>\n\n\t\t\t\t\t\t\t\t\t\t\t\t\t\t\t\t<div data-separator=\".\">\n\t\t\t\t\t\t\t\t\t\t<div class=\"upk-flex\">\n\t\t\t<div class=\"upk-date\">\n\t\t\t\t<i class=\"upk-icon-calendar\"><\/i>\n\t\t\t\t<span class=\"upk-harold-date\">\n\t\t\t\t\tApril 6, 2026\t\t\t\t<\/span>\n\t\t\t<\/div>\n\t\t\t\t\t<\/div>\n\n\t\t\t\t\t\t\t\t\t<\/div>\n\t\t\t\t\t\t\t\t\t\t\t\t\t\t\t\t\t\t\t\t<\/div>\n\t\t\t\t\t\t\t\t\t\t\t<\/div>\n\t\t\t\t<\/div>\n\t\t\t<\/div>\n\t\t<\/div>\n\n\t\n\t\t\t\t\n\t\t\t\t\t\t\t<div class=\"upk-item\">\n\t\t\t<div class=\"upk-item-box\">\n\t\t\t\t\t\t\t\t\t<div class=\"upk-image-wrap\">\n\t\t\t\t\t\t<img loading=\"lazy\" decoding=\"async\" width=\"1600\" height=\"1204\" src=\"https:\/\/apdigroup.com\/wp-content\/uploads\/2026\/03\/reunion-apdi-gruup-festikids-festival-fusion-1.jpeg\" class=\"upk-img\" alt=\"La Junta refuerza su colaboraci\u00f3n con \u00abFestikids\u00bb y el \u00abGranada 2031 Fundaci\u00f3n Unicaja Festival Fusi\u00f3n\u00bb\" srcset=\"https:\/\/apdigroup.com\/wp-content\/uploads\/2026\/03\/reunion-apdi-gruup-festikids-festival-fusion-1.jpeg 1600w, https:\/\/apdigroup.com\/wp-content\/uploads\/2026\/03\/reunion-apdi-gruup-festikids-festival-fusion-1-300x226.jpeg 300w, https:\/\/apdigroup.com\/wp-content\/uploads\/2026\/03\/reunion-apdi-gruup-festikids-festival-fusion-1-1024x771.jpeg 1024w, https:\/\/apdigroup.com\/wp-content\/uploads\/2026\/03\/reunion-apdi-gruup-festikids-festival-fusion-1-768x578.jpeg 768w, https:\/\/apdigroup.com\/wp-content\/uploads\/2026\/03\/reunion-apdi-gruup-festikids-festival-fusion-1-1536x1156.jpeg 1536w\" sizes=\"(max-width: 1600px) 100vw, 1600px\" title=\"\">\t\t\t\t\t<\/div>\n\t\t\t\t\t\t\t\t<div class=\"upk-content\">\n\t\t\t\t\t<div>\n\t\t\t\t\t\t\t\t<div class=\"upk-category\">\n\t\t\t<a href=\"https:\/\/apdigroup.com\/en\/category\/cultura\/\" \n\t\t\t\t\t\t\taria-label=\"Category: Culture\">Culture<\/a>\t\t<\/div>\n\t\t\t\t\t\t\t<h3 class=\"upk-title\"><a href=\"https:\/\/apdigroup.com\/en\/2026\/03\/26\/la-junta-refuerza-su-colaboracion-con-festikids-y-el-granada-2031-unicaja-festival-fusion\/\" title=\"The Regional Government strengthens its collaboration with &quot;Festikids&quot; and the &quot;Granada 2031 Unicaja Foundation Fusion Festival&quot;\u00ab\" class=\"title-animation-underline\" aria-label=\"The Regional Government strengthens its collaboration with &quot;Festikids&quot; and the &quot;Granada 2031 Unicaja Foundation Fusion Festival&quot;\u00ab\">The Regional Government strengthens its collaboration with &quot;Festikids&quot; and the &quot;Granada 2031 Unicaja Foundation Fusion Festival&quot;\u00ab<\/a><\/h3>\t\t\t\t\t\t\t\t\t\t\t\t<div class=\"upk-meta\">\n\t\t\t\t\t\t\t\n\t\t<div class=\"upk-author\">\n\t\t\t<a href=\"https:\/\/apdigroup.com\/en\/author\/apdigroup\/\">\n\t\t\t\t<i class=\"upk-icon-user\"><\/i>\n\t\t\t\t<span class=\"upk-author-name\">Apdi Group<\/span>\n\t\t\t<\/a>\n\t\t<\/div>\n\n\t\t\t\t\t\t\t\t\t\t\t\t\t\t\t\t<div data-separator=\".\">\n\t\t\t\t\t\t\t\t\t\t<div class=\"upk-flex\">\n\t\t\t<div class=\"upk-date\">\n\t\t\t\t<i class=\"upk-icon-calendar\"><\/i>\n\t\t\t\t<span class=\"upk-harold-date\">\n\t\t\t\t\tMarch 26, 2026\t\t\t\t<\/span>\n\t\t\t<\/div>\n\t\t\t\t\t<\/div>\n\n\t\t\t\t\t\t\t\t\t<\/div>\n\t\t\t\t\t\t\t\t\t\t\t\t\t\t\t\t\t\t\t\t<\/div>\n\t\t\t\t\t\t\t\t\t\t\t<\/div>\n\t\t\t\t<\/div>\n\t\t\t<\/div>\n\t\t<\/div>\n\n\t\n\t\t\t\t\n\t\t\t\t\t\t\t<div class=\"upk-item\">\n\t\t\t<div class=\"upk-item-box\">\n\t\t\t\t\t\t\t\t\t<div class=\"upk-image-wrap\">\n\t\t\t\t\t\t<img loading=\"lazy\" decoding=\"async\" width=\"2560\" height=\"1707\" src=\"https:\/\/apdigroup.com\/wp-content\/uploads\/2026\/03\/Stabat-mater-1-scaled.jpg\" class=\"upk-img\" alt=\"Granada contin\u00faa su carrera hacia 2031 con un concierto \u00fanico que rescata el legado musical de la Capilla Real\" srcset=\"https:\/\/apdigroup.com\/wp-content\/uploads\/2026\/03\/Stabat-mater-1-scaled.jpg 2560w, https:\/\/apdigroup.com\/wp-content\/uploads\/2026\/03\/Stabat-mater-1-300x200.jpg 300w, https:\/\/apdigroup.com\/wp-content\/uploads\/2026\/03\/Stabat-mater-1-1024x683.jpg 1024w, https:\/\/apdigroup.com\/wp-content\/uploads\/2026\/03\/Stabat-mater-1-768x512.jpg 768w, https:\/\/apdigroup.com\/wp-content\/uploads\/2026\/03\/Stabat-mater-1-1536x1024.jpg 1536w, https:\/\/apdigroup.com\/wp-content\/uploads\/2026\/03\/Stabat-mater-1-2048x1365.jpg 2048w\" sizes=\"(max-width: 2560px) 100vw, 2560px\" title=\"\">\t\t\t\t\t<\/div>\n\t\t\t\t\t\t\t\t<div class=\"upk-content\">\n\t\t\t\t\t<div>\n\t\t\t\t\t\t\t\t<div class=\"upk-category\">\n\t\t\t<a href=\"https:\/\/apdigroup.com\/en\/category\/cultura\/\" \n\t\t\t\t\t\t\taria-label=\"Category: Culture\">Culture<\/a>\t\t<\/div>\n\t\t\t\t\t\t\t<h3 class=\"upk-title\"><a href=\"https:\/\/apdigroup.com\/en\/2026\/03\/18\/granada-continua-su-carrera-hacia-2031-con-un-concierto-unico-que-rescata-el-legado-musical-de-la-capilla-real\/\" title=\"Granada continues its journey towards 2031 with a unique concert that rescues the musical legacy of the Royal Chapel\" class=\"title-animation-underline\" aria-label=\"Granada continues its journey towards 2031 with a unique concert that rescues the musical legacy of the Royal Chapel\">Granada continues its journey towards 2031 with a unique concert that rescues the musical legacy of the Royal Chapel<\/a><\/h3>\t\t\t\t\t\t\t\t\t\t\t\t<div class=\"upk-meta\">\n\t\t\t\t\t\t\t\n\t\t<div class=\"upk-author\">\n\t\t\t<a href=\"https:\/\/apdigroup.com\/en\/author\/apdigroup\/\">\n\t\t\t\t<i class=\"upk-icon-user\"><\/i>\n\t\t\t\t<span class=\"upk-author-name\">Apdi Group<\/span>\n\t\t\t<\/a>\n\t\t<\/div>\n\n\t\t\t\t\t\t\t\t\t\t\t\t\t\t\t\t<div data-separator=\".\">\n\t\t\t\t\t\t\t\t\t\t<div class=\"upk-flex\">\n\t\t\t<div class=\"upk-date\">\n\t\t\t\t<i class=\"upk-icon-calendar\"><\/i>\n\t\t\t\t<span class=\"upk-harold-date\">\n\t\t\t\t\tMarch 18, 2026\t\t\t\t<\/span>\n\t\t\t<\/div>\n\t\t\t\t\t<\/div>\n\n\t\t\t\t\t\t\t\t\t<\/div>\n\t\t\t\t\t\t\t\t\t\t\t\t\t\t\t\t\t\t\t\t<\/div>\n\t\t\t\t\t\t\t\t\t\t\t<\/div>\n\t\t\t\t<\/div>\n\t\t\t<\/div>\n\t\t<\/div>\n\n\t\n\t\t\t\t\n\t\t\t\t\t\t\t<div class=\"upk-item\">\n\t\t\t<div class=\"upk-item-box\">\n\t\t\t\t\t\t\t\t\t<div class=\"upk-image-wrap\">\n\t\t\t\t\t\t<img loading=\"lazy\" decoding=\"async\" width=\"2560\" height=\"1707\" src=\"https:\/\/apdigroup.com\/wp-content\/uploads\/2026\/03\/inauguracion-expo-cherry-la-rabita-albunol-2-1-scaled.jpg\" class=\"upk-img\" alt=\"La II Expo Cherry consolida a Albu\u00f1ol como potencia agr\u00edcola mientras el sector exige garantizar la rentabilidad ante la crisis global\" srcset=\"https:\/\/apdigroup.com\/wp-content\/uploads\/2026\/03\/inauguracion-expo-cherry-la-rabita-albunol-2-1-scaled.jpg 2560w, https:\/\/apdigroup.com\/wp-content\/uploads\/2026\/03\/inauguracion-expo-cherry-la-rabita-albunol-2-1-300x200.jpg 300w, https:\/\/apdigroup.com\/wp-content\/uploads\/2026\/03\/inauguracion-expo-cherry-la-rabita-albunol-2-1-1024x683.jpg 1024w, https:\/\/apdigroup.com\/wp-content\/uploads\/2026\/03\/inauguracion-expo-cherry-la-rabita-albunol-2-1-768x512.jpg 768w, https:\/\/apdigroup.com\/wp-content\/uploads\/2026\/03\/inauguracion-expo-cherry-la-rabita-albunol-2-1-1536x1024.jpg 1536w, https:\/\/apdigroup.com\/wp-content\/uploads\/2026\/03\/inauguracion-expo-cherry-la-rabita-albunol-2-1-2048x1365.jpg 2048w\" sizes=\"(max-width: 2560px) 100vw, 2560px\" title=\"\">\t\t\t\t\t<\/div>\n\t\t\t\t\t\t\t\t<div class=\"upk-content\">\n\t\t\t\t\t<div>\n\t\t\t\t\t\t\t\t<div class=\"upk-category\">\n\t\t\t<a href=\"https:\/\/apdigroup.com\/en\/category\/noticias\/\" \n\t\t\t\t\t\t\taria-label=\"Category: News\">News<\/a>\t\t<\/div>\n\t\t\t\t\t\t\t<h3 class=\"upk-title\"><a href=\"https:\/\/apdigroup.com\/en\/2026\/03\/12\/la-ii-expo-cherry-consolida-a-albunol-y-la-costa-de-granada-como-potencia-agricola-mientras-el-sector-exige-garantizar-la-rentabilidad-ante-la-crisis-global\/\" title=\"La II Expo Cherry consolida a Albu\u00f1ol como potencia agr\u00edcola mientras el sector exige garantizar la rentabilidad ante la crisis global\" class=\"title-animation-underline\" aria-label=\"La II Expo Cherry consolida a Albu\u00f1ol como potencia agr\u00edcola mientras el sector exige garantizar la rentabilidad ante la crisis global\">La II Expo Cherry consolida a Albu\u00f1ol como potencia agr\u00edcola mientras el sector exige garantizar la rentabilidad ante la crisis global<\/a><\/h3>\t\t\t\t\t\t\t\t\t\t\t\t<div class=\"upk-meta\">\n\t\t\t\t\t\t\t\n\t\t<div class=\"upk-author\">\n\t\t\t<a href=\"https:\/\/apdigroup.com\/en\/author\/apdigroup\/\">\n\t\t\t\t<i class=\"upk-icon-user\"><\/i>\n\t\t\t\t<span class=\"upk-author-name\">Apdi Group<\/span>\n\t\t\t<\/a>\n\t\t<\/div>\n\n\t\t\t\t\t\t\t\t\t\t\t\t\t\t\t\t<div data-separator=\".\">\n\t\t\t\t\t\t\t\t\t\t<div class=\"upk-flex\">\n\t\t\t<div class=\"upk-date\">\n\t\t\t\t<i class=\"upk-icon-calendar\"><\/i>\n\t\t\t\t<span class=\"upk-harold-date\">\n\t\t\t\t\tMarch 12, 2026\t\t\t\t<\/span>\n\t\t\t<\/div>\n\t\t\t\t\t<\/div>\n\n\t\t\t\t\t\t\t\t\t<\/div>\n\t\t\t\t\t\t\t\t\t\t\t\t\t\t\t\t\t\t\t\t<\/div>\n\t\t\t\t\t\t\t\t\t\t\t<\/div>\n\t\t\t\t<\/div>\n\t\t\t<\/div>\n\t\t<\/div>\n\n\t\n\t\t\t\t\n\t\t\t\t\t\t\t<div class=\"upk-item\">\n\t\t\t<div class=\"upk-item-box\">\n\t\t\t\t\t\t\t\t\t<div class=\"upk-image-wrap\">\n\t\t\t\t\t\t<img loading=\"lazy\" decoding=\"async\" width=\"2560\" height=\"1580\" src=\"https:\/\/apdigroup.com\/wp-content\/uploads\/2026\/03\/Marina-Heredia-y-Mariola-Cantarero-en-La-Cana-Flamenca-Foto-Javier-Martin-Ruiz-APDI-Group-scaled.jpg\" class=\"upk-img\" alt=\"Nace &#8216;Solaje Music&#8217;: la nueva gran apuesta para proyectar la cultura andaluza a nivel nacional\" srcset=\"https:\/\/apdigroup.com\/wp-content\/uploads\/2026\/03\/Marina-Heredia-y-Mariola-Cantarero-en-La-Cana-Flamenca-Foto-Javier-Martin-Ruiz-APDI-Group-scaled.jpg 2560w, https:\/\/apdigroup.com\/wp-content\/uploads\/2026\/03\/Marina-Heredia-y-Mariola-Cantarero-en-La-Cana-Flamenca-Foto-Javier-Martin-Ruiz-APDI-Group-300x185.jpg 300w, https:\/\/apdigroup.com\/wp-content\/uploads\/2026\/03\/Marina-Heredia-y-Mariola-Cantarero-en-La-Cana-Flamenca-Foto-Javier-Martin-Ruiz-APDI-Group-1024x632.jpg 1024w, https:\/\/apdigroup.com\/wp-content\/uploads\/2026\/03\/Marina-Heredia-y-Mariola-Cantarero-en-La-Cana-Flamenca-Foto-Javier-Martin-Ruiz-APDI-Group-768x474.jpg 768w, https:\/\/apdigroup.com\/wp-content\/uploads\/2026\/03\/Marina-Heredia-y-Mariola-Cantarero-en-La-Cana-Flamenca-Foto-Javier-Martin-Ruiz-APDI-Group-1536x948.jpg 1536w, https:\/\/apdigroup.com\/wp-content\/uploads\/2026\/03\/Marina-Heredia-y-Mariola-Cantarero-en-La-Cana-Flamenca-Foto-Javier-Martin-Ruiz-APDI-Group-2048x1264.jpg 2048w\" sizes=\"(max-width: 2560px) 100vw, 2560px\" title=\"\">\t\t\t\t\t<\/div>\n\t\t\t\t\t\t\t\t<div class=\"upk-content\">\n\t\t\t\t\t<div>\n\t\t\t\t\t\t\t\t<div class=\"upk-category\">\n\t\t\t<a href=\"https:\/\/apdigroup.com\/en\/category\/cultura\/\" \n\t\t\t\t\t\t\taria-label=\"Category: Culture\">Culture<\/a>\t\t<\/div>\n\t\t\t\t\t\t\t<h3 class=\"upk-title\"><a href=\"https:\/\/apdigroup.com\/en\/2026\/03\/05\/nota-de-prensa-lanzamiento-solaje-music\/\" title=\"Nace &#8216;Solaje Music&#8217;: la nueva gran apuesta para proyectar la cultura andaluza a nivel nacional\" class=\"title-animation-underline\" aria-label=\"Nace &#8216;Solaje Music&#8217;: la nueva gran apuesta para proyectar la cultura andaluza a nivel nacional\">&#039;Solaje Music&#039; is born: the new big bet to project Andalusian culture at a national level<\/a><\/h3>\t\t\t\t\t\t\t\t\t\t\t\t<div class=\"upk-meta\">\n\t\t\t\t\t\t\t\n\t\t<div class=\"upk-author\">\n\t\t\t<a href=\"https:\/\/apdigroup.com\/en\/author\/apdigroup\/\">\n\t\t\t\t<i class=\"upk-icon-user\"><\/i>\n\t\t\t\t<span class=\"upk-author-name\">Apdi Group<\/span>\n\t\t\t<\/a>\n\t\t<\/div>\n\n\t\t\t\t\t\t\t\t\t\t\t\t\t\t\t\t<div data-separator=\".\">\n\t\t\t\t\t\t\t\t\t\t<div class=\"upk-flex\">\n\t\t\t<div class=\"upk-date\">\n\t\t\t\t<i class=\"upk-icon-calendar\"><\/i>\n\t\t\t\t<span class=\"upk-harold-date\">\n\t\t\t\t\tMarch 5, 2026\t\t\t\t<\/span>\n\t\t\t<\/div>\n\t\t\t\t\t<\/div>\n\n\t\t\t\t\t\t\t\t\t<\/div>\n\t\t\t\t\t\t\t\t\t\t\t\t\t\t\t\t\t\t\t\t<\/div>\n\t\t\t\t\t\t\t\t\t\t\t<\/div>\n\t\t\t\t<\/div>\n\t\t\t<\/div>\n\t\t<\/div>\n\n\t\n\t\t\t\t\n\t\t\t\t\t\t\t<div class=\"upk-item\">\n\t\t\t<div class=\"upk-item-box\">\n\t\t\t\t\t\t\t\t\t<div class=\"upk-image-wrap\">\n\t\t\t\t\t\t<img loading=\"lazy\" decoding=\"async\" width=\"1200\" height=\"900\" src=\"https:\/\/apdigroup.com\/wp-content\/uploads\/2026\/02\/FB_IMG_1771587943878.jpg\" class=\"upk-img\" alt=\"APDI Group lanza una campa\u00f1a de asistencia gratuita para la tramitaci\u00f3n de ayudas por los temporales en Andaluc\u00eda\" srcset=\"https:\/\/apdigroup.com\/wp-content\/uploads\/2026\/02\/FB_IMG_1771587943878.jpg 1200w, https:\/\/apdigroup.com\/wp-content\/uploads\/2026\/02\/FB_IMG_1771587943878-300x225.jpg 300w, https:\/\/apdigroup.com\/wp-content\/uploads\/2026\/02\/FB_IMG_1771587943878-1024x768.jpg 1024w, https:\/\/apdigroup.com\/wp-content\/uploads\/2026\/02\/FB_IMG_1771587943878-768x576.jpg 768w\" sizes=\"(max-width: 1200px) 100vw, 1200px\" title=\"\">\t\t\t\t\t<\/div>\n\t\t\t\t\t\t\t\t<div class=\"upk-content\">\n\t\t\t\t\t<div>\n\t\t\t\t\t\t\t\t<div class=\"upk-category\">\n\t\t\t<a href=\"https:\/\/apdigroup.com\/en\/category\/actualidad\/\" \n\t\t\t\t\t\t\taria-label=\"Category APDI News\">APDI News<\/a>\t\t<\/div>\n\t\t\t\t\t\t\t<h3 class=\"upk-title\"><a href=\"https:\/\/apdigroup.com\/en\/2026\/02\/20\/apdi-group-lanza-una-campana-de-asistencia-gratuita-para-la-tramitacion-de-ayudas-por-los-temporales-en-andalucia\/\" title=\"APDI Group lanza una campa\u00f1a de asistencia gratuita para la tramitaci\u00f3n de ayudas por los temporales en Andaluc\u00eda\" class=\"title-animation-underline\" aria-label=\"APDI Group lanza una campa\u00f1a de asistencia gratuita para la tramitaci\u00f3n de ayudas por los temporales en Andaluc\u00eda\">APDI Group lanza una campa\u00f1a de asistencia gratuita para la tramitaci\u00f3n de ayudas por los temporales en Andaluc\u00eda<\/a><\/h3>\t\t\t\t\t\t\t\t\t\t\t\t<div class=\"upk-meta\">\n\t\t\t\t\t\t\t\n\t\t<div class=\"upk-author\">\n\t\t\t<a href=\"https:\/\/apdigroup.com\/en\/author\/apdigroup\/\">\n\t\t\t\t<i class=\"upk-icon-user\"><\/i>\n\t\t\t\t<span class=\"upk-author-name\">Apdi Group<\/span>\n\t\t\t<\/a>\n\t\t<\/div>\n\n\t\t\t\t\t\t\t\t\t\t\t\t\t\t\t\t<div data-separator=\".\">\n\t\t\t\t\t\t\t\t\t\t<div class=\"upk-flex\">\n\t\t\t<div class=\"upk-date\">\n\t\t\t\t<i class=\"upk-icon-calendar\"><\/i>\n\t\t\t\t<span class=\"upk-harold-date\">\n\t\t\t\t\tFebruary 20, 2026\t\t\t\t<\/span>\n\t\t\t<\/div>\n\t\t\t\t\t<\/div>\n\n\t\t\t\t\t\t\t\t\t<\/div>\n\t\t\t\t\t\t\t\t\t\t\t\t\t\t\t\t\t\t\t\t<\/div>\n\t\t\t\t\t\t\t\t\t\t\t<\/div>\n\t\t\t\t<\/div>\n\t\t\t<\/div>\n\t\t<\/div>\n\n\t\n\t\t\t\t\n\t\t\t\t\t\t\t<div class=\"upk-item\">\n\t\t\t<div class=\"upk-item-box\">\n\t\t\t\t\t\t\t\t\t<div class=\"upk-image-wrap\">\n\t\t\t\t\t\t<img loading=\"lazy\" decoding=\"async\" width=\"1600\" height=\"1066\" src=\"https:\/\/apdigroup.com\/wp-content\/uploads\/2026\/02\/marina-heredia-madrid-04.jpg\" class=\"upk-img\" alt=\"Marina Heredia lleva a Madrid el alma de Granada en la presentaci\u00f3n de la Ruta de Castillos y Fortalezas\" srcset=\"https:\/\/apdigroup.com\/wp-content\/uploads\/2026\/02\/marina-heredia-madrid-04.jpg 1600w, https:\/\/apdigroup.com\/wp-content\/uploads\/2026\/02\/marina-heredia-madrid-04-300x200.jpg 300w, https:\/\/apdigroup.com\/wp-content\/uploads\/2026\/02\/marina-heredia-madrid-04-1024x682.jpg 1024w, https:\/\/apdigroup.com\/wp-content\/uploads\/2026\/02\/marina-heredia-madrid-04-768x512.jpg 768w, https:\/\/apdigroup.com\/wp-content\/uploads\/2026\/02\/marina-heredia-madrid-04-1536x1023.jpg 1536w\" sizes=\"(max-width: 1600px) 100vw, 1600px\" title=\"\">\t\t\t\t\t<\/div>\n\t\t\t\t\t\t\t\t<div class=\"upk-content\">\n\t\t\t\t\t<div>\n\t\t\t\t\t\t\t\t<div class=\"upk-category\">\n\t\t\t<a href=\"https:\/\/apdigroup.com\/en\/category\/cultura\/\" \n\t\t\t\t\t\t\taria-label=\"Category: Culture\">Culture<\/a>\t\t<\/div>\n\t\t\t\t\t\t\t<h3 class=\"upk-title\"><a href=\"https:\/\/apdigroup.com\/en\/2026\/02\/18\/marina-heredia-lleva-a-madrid-el-alma-de-granada-en-la-presentacion-de-la-ruta-de-castillos-y-fortalezas\/\" title=\"Marina Heredia brings the soul of Granada to Madrid in the presentation of the Route of Castles and Fortresses\" class=\"title-animation-underline\" aria-label=\"Marina Heredia brings the soul of Granada to Madrid in the presentation of the Route of Castles and Fortresses\">Marina Heredia brings the soul of Granada to Madrid in the presentation of the Route of Castles and Fortresses<\/a><\/h3>\t\t\t\t\t\t\t\t\t\t\t\t<div class=\"upk-meta\">\n\t\t\t\t\t\t\t\n\t\t<div class=\"upk-author\">\n\t\t\t<a href=\"https:\/\/apdigroup.com\/en\/author\/apdigroup\/\">\n\t\t\t\t<i class=\"upk-icon-user\"><\/i>\n\t\t\t\t<span class=\"upk-author-name\">Apdi Group<\/span>\n\t\t\t<\/a>\n\t\t<\/div>\n\n\t\t\t\t\t\t\t\t\t\t\t\t\t\t\t\t<div data-separator=\".\">\n\t\t\t\t\t\t\t\t\t\t<div class=\"upk-flex\">\n\t\t\t<div class=\"upk-date\">\n\t\t\t\t<i class=\"upk-icon-calendar\"><\/i>\n\t\t\t\t<span class=\"upk-harold-date\">\n\t\t\t\t\tFebruary 18, 2026\t\t\t\t<\/span>\n\t\t\t<\/div>\n\t\t\t\t\t<\/div>\n\n\t\t\t\t\t\t\t\t\t<\/div>\n\t\t\t\t\t\t\t\t\t\t\t\t\t\t\t\t\t\t\t\t<\/div>\n\t\t\t\t\t\t\t\t\t\t\t<\/div>\n\t\t\t\t<\/div>\n\t\t\t<\/div>\n\t\t<\/div>\n\n\t\n\t\t\t\t\n\t\t\t\t\t\t\t<div class=\"upk-item\">\n\t\t\t<div class=\"upk-item-box\">\n\t\t\t\t\t\t\t\t\t<div class=\"upk-image-wrap\">\n\t\t\t\t\t\t<img loading=\"lazy\" decoding=\"async\" width=\"1600\" height=\"1066\" src=\"https:\/\/apdigroup.com\/wp-content\/uploads\/2026\/02\/placa-ccfg-antiguo-ateneo-granada-gongora-05-FIRMA-Javier-Martin-Ruiz-_-APDI-Group1.webp\" class=\"upk-img\" alt=\"APDI Group Promotes Granada\u2019s Cultural Memory on the Centenary of Lorca and the Generation of \u201927\" srcset=\"https:\/\/apdigroup.com\/wp-content\/uploads\/2026\/02\/placa-ccfg-antiguo-ateneo-granada-gongora-05-FIRMA-Javier-Martin-Ruiz-_-APDI-Group1.webp 1600w, https:\/\/apdigroup.com\/wp-content\/uploads\/2026\/02\/placa-ccfg-antiguo-ateneo-granada-gongora-05-FIRMA-Javier-Martin-Ruiz-_-APDI-Group1-300x200.webp 300w, https:\/\/apdigroup.com\/wp-content\/uploads\/2026\/02\/placa-ccfg-antiguo-ateneo-granada-gongora-05-FIRMA-Javier-Martin-Ruiz-_-APDI-Group1-1024x682.webp 1024w, https:\/\/apdigroup.com\/wp-content\/uploads\/2026\/02\/placa-ccfg-antiguo-ateneo-granada-gongora-05-FIRMA-Javier-Martin-Ruiz-_-APDI-Group1-768x512.webp 768w, https:\/\/apdigroup.com\/wp-content\/uploads\/2026\/02\/placa-ccfg-antiguo-ateneo-granada-gongora-05-FIRMA-Javier-Martin-Ruiz-_-APDI-Group1-1536x1023.webp 1536w\" sizes=\"(max-width: 1600px) 100vw, 1600px\" title=\"\">\t\t\t\t\t<\/div>\n\t\t\t\t\t\t\t\t<div class=\"upk-content\">\n\t\t\t\t\t<div>\n\t\t\t\t\t\t\t\t<div class=\"upk-category\">\n\t\t\t<a href=\"https:\/\/apdigroup.com\/en\/category\/sin-categoria\/\" \n\t\t\t\t\t\t\taria-label=\"Category Uncategorized\">Uncategorized<\/a>\t\t<\/div>\n\t\t\t\t\t\t\t<h3 class=\"upk-title\"><a href=\"https:\/\/apdigroup.com\/en\/2026\/02\/18\/apdi-group-promotes-granadas-cultural-memory-on-the-centenary-of-lorca-and-the-generation-of-27\/\" title=\"APDI Group Promotes Granada\u2019s Cultural Memory on the Centenary of Lorca and the Generation of \u201927\" class=\"title-animation-underline\" aria-label=\"APDI Group Promotes Granada\u2019s Cultural Memory on the Centenary of Lorca and the Generation of \u201927\">APDI Group Promotes Granada\u2019s Cultural Memory on the Centenary of Lorca and the Generation of \u201927<\/a><\/h3>\t\t\t\t\t\t\t\t\t\t\t\t<div class=\"upk-meta\">\n\t\t\t\t\t\t\t\n\t\t<div class=\"upk-author\">\n\t\t\t<a href=\"https:\/\/apdigroup.com\/en\/author\/apdigroup\/\">\n\t\t\t\t<i class=\"upk-icon-user\"><\/i>\n\t\t\t\t<span class=\"upk-author-name\">Apdi Group<\/span>\n\t\t\t<\/a>\n\t\t<\/div>\n\n\t\t\t\t\t\t\t\t\t\t\t\t\t\t\t\t<div data-separator=\".\">\n\t\t\t\t\t\t\t\t\t\t<div class=\"upk-flex\">\n\t\t\t<div class=\"upk-date\">\n\t\t\t\t<i class=\"upk-icon-calendar\"><\/i>\n\t\t\t\t<span class=\"upk-harold-date\">\n\t\t\t\t\tFebruary 18, 2026\t\t\t\t<\/span>\n\t\t\t<\/div>\n\t\t\t\t\t<\/div>\n\n\t\t\t\t\t\t\t\t\t<\/div>\n\t\t\t\t\t\t\t\t\t\t\t\t\t\t\t\t\t\t\t\t<\/div>\n\t\t\t\t\t\t\t\t\t\t\t<\/div>\n\t\t\t\t<\/div>\n\t\t\t<\/div>\n\t\t<\/div>\n\n\t\n\t\t\t\t\n\t\t\t\t\t\t\t<div class=\"upk-item\">\n\t\t\t<div class=\"upk-item-box\">\n\t\t\t\t\t\t\t\t\t<div class=\"upk-image-wrap\">\n\t\t\t\t\t\t<img loading=\"lazy\" decoding=\"async\" width=\"1920\" height=\"1080\" src=\"https:\/\/apdigroup.com\/wp-content\/uploads\/2026\/02\/RB-Calendario.jpg\" class=\"upk-img\" alt=\"APDI Group evolves: Introducing our new visual identity\" srcset=\"https:\/\/apdigroup.com\/wp-content\/uploads\/2026\/02\/RB-Calendario.jpg 1920w, https:\/\/apdigroup.com\/wp-content\/uploads\/2026\/02\/RB-Calendario-300x169.jpg 300w, https:\/\/apdigroup.com\/wp-content\/uploads\/2026\/02\/RB-Calendario-1024x576.jpg 1024w, https:\/\/apdigroup.com\/wp-content\/uploads\/2026\/02\/RB-Calendario-768x432.jpg 768w, https:\/\/apdigroup.com\/wp-content\/uploads\/2026\/02\/RB-Calendario-1536x864.jpg 1536w\" sizes=\"(max-width: 1920px) 100vw, 1920px\" title=\"\">\t\t\t\t\t<\/div>\n\t\t\t\t\t\t\t\t<div class=\"upk-content\">\n\t\t\t\t\t<div>\n\t\t\t\t\t\t\t\t<div class=\"upk-category\">\n\t\t\t<a href=\"https:\/\/apdigroup.com\/en\/category\/sin-categoria\/\" \n\t\t\t\t\t\t\taria-label=\"Category Uncategorized\">Uncategorized<\/a>\t\t<\/div>\n\t\t\t\t\t\t\t<h3 class=\"upk-title\"><a href=\"https:\/\/apdigroup.com\/en\/2026\/02\/18\/apdi-group-evolves-introducing-our-new-visual-identity\/\" title=\"APDI Group evolves: Introducing our new visual identity\" class=\"title-animation-underline\" aria-label=\"APDI Group evolves: Introducing our new visual identity\">APDI Group evolves: Introducing our new visual identity<\/a><\/h3>\t\t\t\t\t\t\t\t\t\t\t\t<div class=\"upk-meta\">\n\t\t\t\t\t\t\t\n\t\t<div class=\"upk-author\">\n\t\t\t<a href=\"https:\/\/apdigroup.com\/en\/author\/apdigroup\/\">\n\t\t\t\t<i class=\"upk-icon-user\"><\/i>\n\t\t\t\t<span class=\"upk-author-name\">Apdi Group<\/span>\n\t\t\t<\/a>\n\t\t<\/div>\n\n\t\t\t\t\t\t\t\t\t\t\t\t\t\t\t\t<div data-separator=\".\">\n\t\t\t\t\t\t\t\t\t\t<div class=\"upk-flex\">\n\t\t\t<div class=\"upk-date\">\n\t\t\t\t<i class=\"upk-icon-calendar\"><\/i>\n\t\t\t\t<span class=\"upk-harold-date\">\n\t\t\t\t\tFebruary 18, 2026\t\t\t\t<\/span>\n\t\t\t<\/div>\n\t\t\t\t\t<\/div>\n\n\t\t\t\t\t\t\t\t\t<\/div>\n\t\t\t\t\t\t\t\t\t\t\t\t\t\t\t\t\t\t\t\t<\/div>\n\t\t\t\t\t\t\t\t\t\t\t<\/div>\n\t\t\t\t<\/div>\n\t\t\t<\/div>\n\t\t<\/div>\n\n\t\n\t\t\t\t\n\t\t\t\t\t\t\t<div class=\"upk-item\">\n\t\t\t<div class=\"upk-item-box\">\n\t\t\t\t\t\t\t\t\t<div class=\"upk-image-wrap\">\n\t\t\t\t\t\t<img loading=\"lazy\" decoding=\"async\" width=\"1920\" height=\"1080\" src=\"https:\/\/apdigroup.com\/wp-content\/uploads\/2026\/02\/RB-Calendario.jpg\" class=\"upk-img\" alt=\"APDI Group evoluciona: presentamos nuestra nueva identidad visual\" srcset=\"https:\/\/apdigroup.com\/wp-content\/uploads\/2026\/02\/RB-Calendario.jpg 1920w, https:\/\/apdigroup.com\/wp-content\/uploads\/2026\/02\/RB-Calendario-300x169.jpg 300w, https:\/\/apdigroup.com\/wp-content\/uploads\/2026\/02\/RB-Calendario-1024x576.jpg 1024w, https:\/\/apdigroup.com\/wp-content\/uploads\/2026\/02\/RB-Calendario-768x432.jpg 768w, https:\/\/apdigroup.com\/wp-content\/uploads\/2026\/02\/RB-Calendario-1536x864.jpg 1536w\" sizes=\"(max-width: 1920px) 100vw, 1920px\" title=\"\">\t\t\t\t\t<\/div>\n\t\t\t\t\t\t\t\t<div class=\"upk-content\">\n\t\t\t\t\t<div>\n\t\t\t\t\t\t\t\t<div class=\"upk-category\">\n\t\t\t<a href=\"https:\/\/apdigroup.com\/en\/category\/actualidad\/\" \n\t\t\t\t\t\t\taria-label=\"Category APDI News\">APDI News<\/a>\t\t<\/div>\n\t\t\t\t\t\t\t<h3 class=\"upk-title\"><a href=\"https:\/\/apdigroup.com\/en\/2026\/02\/18\/apdi-group-evoluciona-presentamos-nuestra-nueva-identidad-visual\/\" title=\"APDI Group evoluciona: presentamos nuestra nueva identidad visual\" class=\"title-animation-underline\" aria-label=\"APDI Group evoluciona: presentamos nuestra nueva identidad visual\">APDI Group evoluciona: presentamos nuestra nueva identidad visual<\/a><\/h3>\t\t\t\t\t\t\t\t\t\t\t\t<div class=\"upk-meta\">\n\t\t\t\t\t\t\t\n\t\t<div class=\"upk-author\">\n\t\t\t<a href=\"https:\/\/apdigroup.com\/en\/author\/apdigroup\/\">\n\t\t\t\t<i class=\"upk-icon-user\"><\/i>\n\t\t\t\t<span class=\"upk-author-name\">Apdi Group<\/span>\n\t\t\t<\/a>\n\t\t<\/div>\n\n\t\t\t\t\t\t\t\t\t\t\t\t\t\t\t\t<div data-separator=\".\">\n\t\t\t\t\t\t\t\t\t\t<div class=\"upk-flex\">\n\t\t\t<div class=\"upk-date\">\n\t\t\t\t<i class=\"upk-icon-calendar\"><\/i>\n\t\t\t\t<span class=\"upk-harold-date\">\n\t\t\t\t\tFebruary 18, 2026\t\t\t\t<\/span>\n\t\t\t<\/div>\n\t\t\t\t\t<\/div>\n\n\t\t\t\t\t\t\t\t\t<\/div>\n\t\t\t\t\t\t\t\t\t\t\t\t\t\t\t\t\t\t\t\t<\/div>\n\t\t\t\t\t\t\t\t\t\t\t<\/div>\n\t\t\t\t<\/div>\n\t\t\t<\/div>\n\t\t<\/div>\n\n\t\n\t\t\t\t\n\t\t\t\t\t\t\t<div class=\"upk-item\">\n\t\t\t<div class=\"upk-item-box\">\n\t\t\t\t\t\t\t\t\t<div class=\"upk-image-wrap\">\n\t\t\t\t\t\t<img loading=\"lazy\" decoding=\"async\" width=\"1080\" height=\"1080\" src=\"https:\/\/apdigroup.com\/wp-content\/uploads\/2026\/02\/cartel01_nuria_fergo.jpg\" class=\"upk-img\" alt=\"APDI Group celebra el 25\u00ba aniversario art\u00edstico de Nuria Ferg\u00f3, un referente surgido de Operaci\u00f3n Triunfo\" srcset=\"https:\/\/apdigroup.com\/wp-content\/uploads\/2026\/02\/cartel01_nuria_fergo.jpg 1080w, https:\/\/apdigroup.com\/wp-content\/uploads\/2026\/02\/cartel01_nuria_fergo-300x300.jpg 300w, https:\/\/apdigroup.com\/wp-content\/uploads\/2026\/02\/cartel01_nuria_fergo-1024x1024.jpg 1024w, https:\/\/apdigroup.com\/wp-content\/uploads\/2026\/02\/cartel01_nuria_fergo-150x150.jpg 150w, https:\/\/apdigroup.com\/wp-content\/uploads\/2026\/02\/cartel01_nuria_fergo-768x768.jpg 768w\" sizes=\"(max-width: 1080px) 100vw, 1080px\" title=\"\">\t\t\t\t\t<\/div>\n\t\t\t\t\t\t\t\t<div class=\"upk-content\">\n\t\t\t\t\t<div>\n\t\t\t\t\t\t\t\t<div class=\"upk-category\">\n\t\t\t<a href=\"https:\/\/apdigroup.com\/en\/category\/cultura\/\" \n\t\t\t\t\t\t\taria-label=\"Category: Culture\">Culture<\/a>\t\t<\/div>\n\t\t\t\t\t\t\t<h3 class=\"upk-title\"><a href=\"https:\/\/apdigroup.com\/en\/2026\/02\/16\/apdi-group-celebra-el-25o-aniversario-artistico-de-nuria-fergo-un-referente-surgido-de-operacion-triunfo\/\" title=\"APDI Group celebra el 25\u00ba aniversario art\u00edstico de Nuria Ferg\u00f3, un referente surgido de Operaci\u00f3n Triunfo\" class=\"title-animation-underline\" aria-label=\"APDI Group celebra el 25\u00ba aniversario art\u00edstico de Nuria Ferg\u00f3, un referente surgido de Operaci\u00f3n Triunfo\">APDI Group celebra el 25\u00ba aniversario art\u00edstico de Nuria Ferg\u00f3, un referente surgido de Operaci\u00f3n Triunfo<\/a><\/h3>\t\t\t\t\t\t\t\t\t\t\t\t<div class=\"upk-meta\">\n\t\t\t\t\t\t\t\n\t\t<div class=\"upk-author\">\n\t\t\t<a href=\"https:\/\/apdigroup.com\/en\/author\/apdigroup\/\">\n\t\t\t\t<i class=\"upk-icon-user\"><\/i>\n\t\t\t\t<span class=\"upk-author-name\">Apdi Group<\/span>\n\t\t\t<\/a>\n\t\t<\/div>\n\n\t\t\t\t\t\t\t\t\t\t\t\t\t\t\t\t<div data-separator=\".\">\n\t\t\t\t\t\t\t\t\t\t<div class=\"upk-flex\">\n\t\t\t<div class=\"upk-date\">\n\t\t\t\t<i class=\"upk-icon-calendar\"><\/i>\n\t\t\t\t<span class=\"upk-harold-date\">\n\t\t\t\t\tFebruary 16, 2026\t\t\t\t<\/span>\n\t\t\t<\/div>\n\t\t\t\t\t<\/div>\n\n\t\t\t\t\t\t\t\t\t<\/div>\n\t\t\t\t\t\t\t\t\t\t\t\t\t\t\t\t\t\t\t\t<\/div>\n\t\t\t\t\t\t\t\t\t\t\t<\/div>\n\t\t\t\t<\/div>\n\t\t\t<\/div>\n\t\t<\/div>\n\n\t\n\t\t\t\t\n\t\t\t\t\t\t\t<div class=\"upk-item\">\n\t\t\t<div class=\"upk-item-box\">\n\t\t\t\t\t\t\t\t\t<div class=\"upk-image-wrap\">\n\t\t\t\t\t\t<img loading=\"lazy\" decoding=\"async\" width=\"1600\" height=\"900\" src=\"https:\/\/apdigroup.com\/wp-content\/uploads\/2026\/02\/Vida-y-musica-en-torno-al-Padre-Manjon.webp\" class=\"upk-img\" alt=\"APDI Group apoya el concierto solidario \u201cVida y m\u00fasica en torno al Padre Manj\u00f3n\u201d en el Teatro Isabel la Cat\u00f3lica\" srcset=\"https:\/\/apdigroup.com\/wp-content\/uploads\/2026\/02\/Vida-y-musica-en-torno-al-Padre-Manjon.webp 1600w, https:\/\/apdigroup.com\/wp-content\/uploads\/2026\/02\/Vida-y-musica-en-torno-al-Padre-Manjon-300x169.webp 300w, https:\/\/apdigroup.com\/wp-content\/uploads\/2026\/02\/Vida-y-musica-en-torno-al-Padre-Manjon-1024x576.webp 1024w, https:\/\/apdigroup.com\/wp-content\/uploads\/2026\/02\/Vida-y-musica-en-torno-al-Padre-Manjon-768x432.webp 768w, https:\/\/apdigroup.com\/wp-content\/uploads\/2026\/02\/Vida-y-musica-en-torno-al-Padre-Manjon-1536x864.webp 1536w\" sizes=\"(max-width: 1600px) 100vw, 1600px\" title=\"\">\t\t\t\t\t<\/div>\n\t\t\t\t\t\t\t\t<div class=\"upk-content\">\n\t\t\t\t\t<div>\n\t\t\t\t\t\t\t\t<div class=\"upk-category\">\n\t\t\t<a href=\"https:\/\/apdigroup.com\/en\/category\/cultura\/\" \n\t\t\t\t\t\t\taria-label=\"Category: Culture\">Culture<\/a>\t\t<\/div>\n\t\t\t\t\t\t\t<h3 class=\"upk-title\"><a href=\"https:\/\/apdigroup.com\/en\/2026\/02\/16\/apdi-group-apoya-el-concierto-solidario-vida-y-musica-en-torno-al-padre-manjon-en-el-teatro-isabel-la-catolica-copy\/\" title=\"APDI Group apoya el concierto solidario \u201cVida y m\u00fasica en torno al Padre Manj\u00f3n\u201d en el Teatro Isabel la Cat\u00f3lica\" class=\"title-animation-underline\" aria-label=\"APDI Group apoya el concierto solidario \u201cVida y m\u00fasica en torno al Padre Manj\u00f3n\u201d en el Teatro Isabel la Cat\u00f3lica\">APDI Group apoya el concierto solidario \u201cVida y m\u00fasica en torno al Padre Manj\u00f3n\u201d en el Teatro Isabel la Cat\u00f3lica<\/a><\/h3>\t\t\t\t\t\t\t\t\t\t\t\t<div class=\"upk-meta\">\n\t\t\t\t\t\t\t\n\t\t<div class=\"upk-author\">\n\t\t\t<a href=\"https:\/\/apdigroup.com\/en\/author\/apdigroup\/\">\n\t\t\t\t<i class=\"upk-icon-user\"><\/i>\n\t\t\t\t<span class=\"upk-author-name\">Apdi Group<\/span>\n\t\t\t<\/a>\n\t\t<\/div>\n\n\t\t\t\t\t\t\t\t\t\t\t\t\t\t\t\t<div data-separator=\".\">\n\t\t\t\t\t\t\t\t\t\t<div class=\"upk-flex\">\n\t\t\t<div class=\"upk-date\">\n\t\t\t\t<i class=\"upk-icon-calendar\"><\/i>\n\t\t\t\t<span class=\"upk-harold-date\">\n\t\t\t\t\tFebruary 16, 2026\t\t\t\t<\/span>\n\t\t\t<\/div>\n\t\t\t\t\t<\/div>\n\n\t\t\t\t\t\t\t\t\t<\/div>\n\t\t\t\t\t\t\t\t\t\t\t\t\t\t\t\t\t\t\t\t<\/div>\n\t\t\t\t\t\t\t\t\t\t\t<\/div>\n\t\t\t\t<\/div>\n\t\t\t<\/div>\n\t\t<\/div>\n\n\t\n\t\t\t\t\t\t\t<\/div>\n\t\t<\/div>\n\n\t\t\n\t\t\t\t\t\t<\/div>\n\t\t\t\t<\/div>\n\t\t\t\t<div class=\"elementor-element elementor-element-bb3baee elementor-widget elementor-widget-upk-harold-list\" data-id=\"bb3baee\" data-element_type=\"widget\" data-e-type=\"widget\" data-widget_type=\"upk-harold-list.default\">\n\t\t\t\t<div class=\"elementor-widget-container\">\n\t\t\t\t\t\t\t<div class=\"upk-harold-list upk-ajax-grid\" data-loadmore=\"[]\">\n\t\t\t<div class=\"upk-list-wrap upk-ajax-grid-wrap\">\n\n\t\t\t\t\n\t\t\t\t\t\t\t<div class=\"upk-item\">\n\t\t\t<div class=\"upk-item-box\">\n\t\t\t\t\t\t\t\t\t<div class=\"upk-image-wrap\">\n\t\t\t\t\t\t<img loading=\"lazy\" decoding=\"async\" width=\"2560\" height=\"1707\" src=\"https:\/\/apdigroup.com\/wp-content\/uploads\/2026\/04\/1-2-scaled.jpeg\" class=\"upk-img\" alt=\"APDI Group colabora en una nueva mirada sobre Lorca en Granada: cultura, descubrimiento y emoci\u00f3n en la Feria del Libro\" srcset=\"https:\/\/apdigroup.com\/wp-content\/uploads\/2026\/04\/1-2-scaled.jpeg 2560w, https:\/\/apdigroup.com\/wp-content\/uploads\/2026\/04\/1-2-300x200.jpeg 300w, https:\/\/apdigroup.com\/wp-content\/uploads\/2026\/04\/1-2-1024x683.jpeg 1024w, https:\/\/apdigroup.com\/wp-content\/uploads\/2026\/04\/1-2-768x512.jpeg 768w, https:\/\/apdigroup.com\/wp-content\/uploads\/2026\/04\/1-2-1536x1024.jpeg 1536w, https:\/\/apdigroup.com\/wp-content\/uploads\/2026\/04\/1-2-2048x1365.jpeg 2048w\" sizes=\"(max-width: 2560px) 100vw, 2560px\" title=\"\">\t\t\t\t\t<\/div>\n\t\t\t\t\t\t\t\t<div class=\"upk-content\">\n\t\t\t\t\t<div>\n\t\t\t\t\t\t\t\t<div class=\"upk-category\">\n\t\t\t<a href=\"https:\/\/apdigroup.com\/en\/category\/actualidad\/\" \n\t\t\t\t\t\t\taria-label=\"Category APDI News\">APDI News<\/a> <a href=\"https:\/\/apdigroup.com\/en\/category\/cultura\/\" \n\t\t\t\t\t\t\taria-label=\"Category: Culture\">Culture<\/a>\t\t<\/div>\n\t\t\t\t\t\t\t<h3 class=\"upk-title\"><a href=\"https:\/\/apdigroup.com\/en\/2026\/04\/28\/apdi-group-colabora-en-una-nueva-mirada-sobre-lorca-en-granada-cultura-descubrimiento-y-emocion-en-la-feria-del-libro\/\" title=\"APDI Group collaborates on a new perspective on Lorca in Granada: culture, discovery and emotion at the Book Fair\" class=\"title-animation-underline\" aria-label=\"APDI Group collaborates on a new perspective on Lorca in Granada: culture, discovery and emotion at the Book Fair\">APDI Group collaborates on a new perspective on Lorca in Granada: culture, discovery and emotion at the Book Fair<\/a><\/h3>\t\t\t\t\t\t\t\t\t\t\t\t<div class=\"upk-meta\">\n\t\t\t\t\t\t\t\n\t\t<div class=\"upk-author\">\n\t\t\t<a href=\"https:\/\/apdigroup.com\/en\/author\/apdigroup\/\">\n\t\t\t\t<i class=\"upk-icon-user\"><\/i>\n\t\t\t\t<span class=\"upk-author-name\">Apdi Group<\/span>\n\t\t\t<\/a>\n\t\t<\/div>\n\n\t\t\t\t\t\t\t\t\t\t\t\t\t\t\t\t<div data-separator=\".\">\n\t\t\t\t\t\t\t\t\t\t<div class=\"upk-flex\">\n\t\t\t<div class=\"upk-date\">\n\t\t\t\t<i class=\"upk-icon-calendar\"><\/i>\n\t\t\t\t<span class=\"upk-harold-date\">\n\t\t\t\t\tApril 28, 2026\t\t\t\t<\/span>\n\t\t\t<\/div>\n\t\t\t\t\t<\/div>\n\n\t\t\t\t\t\t\t\t\t<\/div>\n\t\t\t\t\t\t\t\t\t\t\t\t\t\t\t\t\t\t\t\t<\/div>\n\t\t\t\t\t\t\t\t\t\t\t<\/div>\n\t\t\t\t<\/div>\n\t\t\t<\/div>\n\t\t<\/div>\n\n\t\n\t\t\t\t\n\t\t\t\t\t\t\t<div class=\"upk-item\">\n\t\t\t<div class=\"upk-item-box\">\n\t\t\t\t\t\t\t\t\t<div class=\"upk-image-wrap\">\n\t\t\t\t\t\t<img loading=\"lazy\" decoding=\"async\" width=\"1250\" height=\"833\" src=\"https:\/\/apdigroup.com\/wp-content\/uploads\/2026\/04\/Marina-Heredia-Carlos-V-Orquesta-Ciudad-Granada-OCG-Foto-Javier-Martin-Ruiz.jpg\" class=\"upk-img\" alt=\"As\u00ed es \u201cMi rezar cantando\u201d, la nueva canci\u00f3n de  Marina Heredia\" srcset=\"https:\/\/apdigroup.com\/wp-content\/uploads\/2026\/04\/Marina-Heredia-Carlos-V-Orquesta-Ciudad-Granada-OCG-Foto-Javier-Martin-Ruiz.jpg 1250w, https:\/\/apdigroup.com\/wp-content\/uploads\/2026\/04\/Marina-Heredia-Carlos-V-Orquesta-Ciudad-Granada-OCG-Foto-Javier-Martin-Ruiz-300x200.jpg 300w, https:\/\/apdigroup.com\/wp-content\/uploads\/2026\/04\/Marina-Heredia-Carlos-V-Orquesta-Ciudad-Granada-OCG-Foto-Javier-Martin-Ruiz-1024x682.jpg 1024w, https:\/\/apdigroup.com\/wp-content\/uploads\/2026\/04\/Marina-Heredia-Carlos-V-Orquesta-Ciudad-Granada-OCG-Foto-Javier-Martin-Ruiz-768x512.jpg 768w\" sizes=\"(max-width: 1250px) 100vw, 1250px\" title=\"\">\t\t\t\t\t<\/div>\n\t\t\t\t\t\t\t\t<div class=\"upk-content\">\n\t\t\t\t\t<div>\n\t\t\t\t\t\t\t\t<div class=\"upk-category\">\n\t\t\t<a href=\"https:\/\/apdigroup.com\/en\/category\/cultura\/\" \n\t\t\t\t\t\t\taria-label=\"Category: Culture\">Culture<\/a>\t\t<\/div>\n\t\t\t\t\t\t\t<h3 class=\"upk-title\"><a href=\"https:\/\/apdigroup.com\/en\/2026\/04\/24\/asi-es-mi-rezar-cantando-la-nueva-cancion-de-marina-heredia\/\" title=\"This is \u201cMy praying through song\u201d, the new song by Marina Heredia\" class=\"title-animation-underline\" aria-label=\"This is \u201cMy praying through song\u201d, the new song by Marina Heredia\">This is \u201cMy praying through song\u201d, the new song by Marina Heredia<\/a><\/h3>\t\t\t\t\t\t\t\t\t\t\t\t<div class=\"upk-meta\">\n\t\t\t\t\t\t\t\n\t\t<div class=\"upk-author\">\n\t\t\t<a href=\"https:\/\/apdigroup.com\/en\/author\/apdigroup\/\">\n\t\t\t\t<i class=\"upk-icon-user\"><\/i>\n\t\t\t\t<span class=\"upk-author-name\">Apdi Group<\/span>\n\t\t\t<\/a>\n\t\t<\/div>\n\n\t\t\t\t\t\t\t\t\t\t\t\t\t\t\t\t<div data-separator=\".\">\n\t\t\t\t\t\t\t\t\t\t<div class=\"upk-flex\">\n\t\t\t<div class=\"upk-date\">\n\t\t\t\t<i class=\"upk-icon-calendar\"><\/i>\n\t\t\t\t<span class=\"upk-harold-date\">\n\t\t\t\t\tApril 24, 2026\t\t\t\t<\/span>\n\t\t\t<\/div>\n\t\t\t\t\t<\/div>\n\n\t\t\t\t\t\t\t\t\t<\/div>\n\t\t\t\t\t\t\t\t\t\t\t\t\t\t\t\t\t\t\t\t<\/div>\n\t\t\t\t\t\t\t\t\t\t\t<\/div>\n\t\t\t\t<\/div>\n\t\t\t<\/div>\n\t\t<\/div>\n\n\t\n\t\t\t\t\n\t\t\t\t\t\t\t<div class=\"upk-item\">\n\t\t\t<div class=\"upk-item-box\">\n\t\t\t\t\t\t\t\t\t<div class=\"upk-image-wrap\">\n\t\t\t\t\t\t<img loading=\"lazy\" decoding=\"async\" width=\"2560\" height=\"1675\" src=\"https:\/\/apdigroup.com\/wp-content\/uploads\/2026\/04\/feria-empleo-2026-inauguracion-01-scaled.jpeg\" class=\"upk-img\" alt=\"La Feria de Empleo, la mejor oportunidad para que \u201cel talento de Granada se quede en la provincia\u201d\" srcset=\"https:\/\/apdigroup.com\/wp-content\/uploads\/2026\/04\/feria-empleo-2026-inauguracion-01-scaled.jpeg 2560w, https:\/\/apdigroup.com\/wp-content\/uploads\/2026\/04\/feria-empleo-2026-inauguracion-01-300x196.jpeg 300w, https:\/\/apdigroup.com\/wp-content\/uploads\/2026\/04\/feria-empleo-2026-inauguracion-01-1024x670.jpeg 1024w, https:\/\/apdigroup.com\/wp-content\/uploads\/2026\/04\/feria-empleo-2026-inauguracion-01-768x502.jpeg 768w, https:\/\/apdigroup.com\/wp-content\/uploads\/2026\/04\/feria-empleo-2026-inauguracion-01-1536x1005.jpeg 1536w, https:\/\/apdigroup.com\/wp-content\/uploads\/2026\/04\/feria-empleo-2026-inauguracion-01-2048x1340.jpeg 2048w\" sizes=\"(max-width: 2560px) 100vw, 2560px\" title=\"\">\t\t\t\t\t<\/div>\n\t\t\t\t\t\t\t\t<div class=\"upk-content\">\n\t\t\t\t\t<div>\n\t\t\t\t\t\t\t\t<div class=\"upk-category\">\n\t\t\t<a href=\"https:\/\/apdigroup.com\/en\/category\/actualidad\/\" \n\t\t\t\t\t\t\taria-label=\"Category APDI News\">APDI News<\/a>\t\t<\/div>\n\t\t\t\t\t\t\t<h3 class=\"upk-title\"><a href=\"https:\/\/apdigroup.com\/en\/2026\/04\/23\/la-feria-de-empleo-la-mejor-oportunidad-para-que-el-talento-de-granada-se-quede-en-la-provincia\/\" title=\"The Job Fair, the best opportunity for \u201cGranada\u2019s talent to stay in the province\u201d\" class=\"title-animation-underline\" aria-label=\"The Job Fair, the best opportunity for \u201cGranada\u2019s talent to stay in the province\u201d\">The Job Fair, the best opportunity for \u201cGranada\u2019s talent to stay in the province\u201d<\/a><\/h3>\t\t\t\t\t\t\t\t\t\t\t\t<div class=\"upk-meta\">\n\t\t\t\t\t\t\t\n\t\t<div class=\"upk-author\">\n\t\t\t<a href=\"https:\/\/apdigroup.com\/en\/author\/apdigroup\/\">\n\t\t\t\t<i class=\"upk-icon-user\"><\/i>\n\t\t\t\t<span class=\"upk-author-name\">Apdi Group<\/span>\n\t\t\t<\/a>\n\t\t<\/div>\n\n\t\t\t\t\t\t\t\t\t\t\t\t\t\t\t\t<div data-separator=\".\">\n\t\t\t\t\t\t\t\t\t\t<div class=\"upk-flex\">\n\t\t\t<div class=\"upk-date\">\n\t\t\t\t<i class=\"upk-icon-calendar\"><\/i>\n\t\t\t\t<span class=\"upk-harold-date\">\n\t\t\t\t\tApril 23, 2026\t\t\t\t<\/span>\n\t\t\t<\/div>\n\t\t\t\t\t<\/div>\n\n\t\t\t\t\t\t\t\t\t<\/div>\n\t\t\t\t\t\t\t\t\t\t\t\t\t\t\t\t\t\t\t\t<\/div>\n\t\t\t\t\t\t\t\t\t\t\t<\/div>\n\t\t\t\t<\/div>\n\t\t\t<\/div>\n\t\t<\/div>\n\n\t\n\t\t\t\t\n\t\t\t\t\t\t\t<div class=\"upk-item\">\n\t\t\t<div class=\"upk-item-box\">\n\t\t\t\t\t\t\t\t\t<div class=\"upk-image-wrap\">\n\t\t\t\t\t\t<img loading=\"lazy\" decoding=\"async\" width=\"1200\" height=\"801\" src=\"https:\/\/apdigroup.com\/wp-content\/uploads\/2026\/04\/APDI-Feria-de-empleo-1.jpg\" class=\"upk-img\" alt=\"APDI Group patrocina la Feria Internacional de Empleo de Granada\" srcset=\"https:\/\/apdigroup.com\/wp-content\/uploads\/2026\/04\/APDI-Feria-de-empleo-1.jpg 1200w, https:\/\/apdigroup.com\/wp-content\/uploads\/2026\/04\/APDI-Feria-de-empleo-1-300x200.jpg 300w, https:\/\/apdigroup.com\/wp-content\/uploads\/2026\/04\/APDI-Feria-de-empleo-1-1024x684.jpg 1024w, https:\/\/apdigroup.com\/wp-content\/uploads\/2026\/04\/APDI-Feria-de-empleo-1-768x513.jpg 768w\" sizes=\"(max-width: 1200px) 100vw, 1200px\" title=\"\">\t\t\t\t\t<\/div>\n\t\t\t\t\t\t\t\t<div class=\"upk-content\">\n\t\t\t\t\t<div>\n\t\t\t\t\t\t\t\t<div class=\"upk-category\">\n\t\t\t<a href=\"https:\/\/apdigroup.com\/en\/category\/actualidad\/\" \n\t\t\t\t\t\t\taria-label=\"Category APDI News\">APDI News<\/a>\t\t<\/div>\n\t\t\t\t\t\t\t<h3 class=\"upk-title\"><a href=\"https:\/\/apdigroup.com\/en\/2026\/04\/20\/apdi-group-patrocina-la-feria-internacional-de-empleo-de-granada\/\" title=\"APDI Group sponsors the Granada International Job Fair\" class=\"title-animation-underline\" aria-label=\"APDI Group sponsors the Granada International Job Fair\">APDI Group sponsors the Granada International Job Fair<\/a><\/h3>\t\t\t\t\t\t\t\t\t\t\t\t<div class=\"upk-meta\">\n\t\t\t\t\t\t\t\n\t\t<div class=\"upk-author\">\n\t\t\t<a href=\"https:\/\/apdigroup.com\/en\/author\/apdigroup\/\">\n\t\t\t\t<i class=\"upk-icon-user\"><\/i>\n\t\t\t\t<span class=\"upk-author-name\">Apdi Group<\/span>\n\t\t\t<\/a>\n\t\t<\/div>\n\n\t\t\t\t\t\t\t\t\t\t\t\t\t\t\t\t<div data-separator=\".\">\n\t\t\t\t\t\t\t\t\t\t<div class=\"upk-flex\">\n\t\t\t<div class=\"upk-date\">\n\t\t\t\t<i class=\"upk-icon-calendar\"><\/i>\n\t\t\t\t<span class=\"upk-harold-date\">\n\t\t\t\t\tApril 20, 2026\t\t\t\t<\/span>\n\t\t\t<\/div>\n\t\t\t\t\t<\/div>\n\n\t\t\t\t\t\t\t\t\t<\/div>\n\t\t\t\t\t\t\t\t\t\t\t\t\t\t\t\t\t\t\t\t<\/div>\n\t\t\t\t\t\t\t\t\t\t\t<\/div>\n\t\t\t\t<\/div>\n\t\t\t<\/div>\n\t\t<\/div>\n\n\t\n\t\t\t\t\n\t\t\t\t\t\t\t<div class=\"upk-item\">\n\t\t\t<div class=\"upk-item-box\">\n\t\t\t\t\t\t\t\t\t<div class=\"upk-image-wrap\">\n\t\t\t\t\t\t<img loading=\"lazy\" decoding=\"async\" width=\"1472\" height=\"706\" src=\"https:\/\/apdigroup.com\/wp-content\/uploads\/2026\/04\/Imagen-Poema-Canta-el-reloj-sostenido-por-Miguel-Poveda-.jpeg\" class=\"upk-img\" alt=\"Un poema in\u00e9dito de Lorca hallado por Miguel Poveda ver\u00e1 la luz en la Feria del Libro de Granada\" srcset=\"https:\/\/apdigroup.com\/wp-content\/uploads\/2026\/04\/Imagen-Poema-Canta-el-reloj-sostenido-por-Miguel-Poveda-.jpeg 1472w, https:\/\/apdigroup.com\/wp-content\/uploads\/2026\/04\/Imagen-Poema-Canta-el-reloj-sostenido-por-Miguel-Poveda--300x144.jpeg 300w, https:\/\/apdigroup.com\/wp-content\/uploads\/2026\/04\/Imagen-Poema-Canta-el-reloj-sostenido-por-Miguel-Poveda--1024x491.jpeg 1024w, https:\/\/apdigroup.com\/wp-content\/uploads\/2026\/04\/Imagen-Poema-Canta-el-reloj-sostenido-por-Miguel-Poveda--768x368.jpeg 768w\" sizes=\"(max-width: 1472px) 100vw, 1472px\" title=\"\">\t\t\t\t\t<\/div>\n\t\t\t\t\t\t\t\t<div class=\"upk-content\">\n\t\t\t\t\t<div>\n\t\t\t\t\t\t\t\t<div class=\"upk-category\">\n\t\t\t<a href=\"https:\/\/apdigroup.com\/en\/category\/actualidad\/\" \n\t\t\t\t\t\t\taria-label=\"Category APDI News\">APDI News<\/a> <a href=\"https:\/\/apdigroup.com\/en\/category\/cultura\/\" \n\t\t\t\t\t\t\taria-label=\"Category: Culture\">Culture<\/a>\t\t<\/div>\n\t\t\t\t\t\t\t<h3 class=\"upk-title\"><a href=\"https:\/\/apdigroup.com\/en\/2026\/04\/16\/un-poema-inedito-de-lorca-hallado-por-miguel-poveda-vera-la-luz-en-la-feria-del-libro-de-granada\/\" title=\"An unpublished poem by Lorca, discovered by Miguel Poveda, will be unveiled at the Granada Book Fair.\" class=\"title-animation-underline\" aria-label=\"An unpublished poem by Lorca, discovered by Miguel Poveda, will be unveiled at the Granada Book Fair.\">An unpublished poem by Lorca, discovered by Miguel Poveda, will be unveiled at the Granada Book Fair.<\/a><\/h3>\t\t\t\t\t\t\t\t\t\t\t\t<div class=\"upk-meta\">\n\t\t\t\t\t\t\t\n\t\t<div class=\"upk-author\">\n\t\t\t<a href=\"https:\/\/apdigroup.com\/en\/author\/apdigroup\/\">\n\t\t\t\t<i class=\"upk-icon-user\"><\/i>\n\t\t\t\t<span class=\"upk-author-name\">Apdi Group<\/span>\n\t\t\t<\/a>\n\t\t<\/div>\n\n\t\t\t\t\t\t\t\t\t\t\t\t\t\t\t\t<div data-separator=\".\">\n\t\t\t\t\t\t\t\t\t\t<div class=\"upk-flex\">\n\t\t\t<div class=\"upk-date\">\n\t\t\t\t<i class=\"upk-icon-calendar\"><\/i>\n\t\t\t\t<span class=\"upk-harold-date\">\n\t\t\t\t\tApril 16, 2026\t\t\t\t<\/span>\n\t\t\t<\/div>\n\t\t\t\t\t<\/div>\n\n\t\t\t\t\t\t\t\t\t<\/div>\n\t\t\t\t\t\t\t\t\t\t\t\t\t\t\t\t\t\t\t\t<\/div>\n\t\t\t\t\t\t\t\t\t\t\t<\/div>\n\t\t\t\t<\/div>\n\t\t\t<\/div>\n\t\t<\/div>\n\n\t\n\t\t\t\t\n\t\t\t\t\t\t\t<div class=\"upk-item\">\n\t\t\t<div class=\"upk-item-box\">\n\t\t\t\t\t\t\t\t\t<div class=\"upk-image-wrap\">\n\t\t\t\t\t\t<img loading=\"lazy\" decoding=\"async\" width=\"1200\" height=\"797\" src=\"https:\/\/apdigroup.com\/wp-content\/uploads\/2026\/04\/Premiere-Enlorquecido-Granada-Foto-de-Javier-Martin-Ruiz-01JPG.jpg\" class=\"upk-img\" alt=\"Premiere de \u00abEnlorquecido\u00bb: Granada despliega una alfombra roja de emoci\u00f3n reivindicando a Federico\" srcset=\"https:\/\/apdigroup.com\/wp-content\/uploads\/2026\/04\/Premiere-Enlorquecido-Granada-Foto-de-Javier-Martin-Ruiz-01JPG.jpg 1200w, https:\/\/apdigroup.com\/wp-content\/uploads\/2026\/04\/Premiere-Enlorquecido-Granada-Foto-de-Javier-Martin-Ruiz-01JPG-300x199.jpg 300w, https:\/\/apdigroup.com\/wp-content\/uploads\/2026\/04\/Premiere-Enlorquecido-Granada-Foto-de-Javier-Martin-Ruiz-01JPG-1024x680.jpg 1024w, https:\/\/apdigroup.com\/wp-content\/uploads\/2026\/04\/Premiere-Enlorquecido-Granada-Foto-de-Javier-Martin-Ruiz-01JPG-768x510.jpg 768w\" sizes=\"(max-width: 1200px) 100vw, 1200px\" title=\"\">\t\t\t\t\t<\/div>\n\t\t\t\t\t\t\t\t<div class=\"upk-content\">\n\t\t\t\t\t<div>\n\t\t\t\t\t\t\t\t<div class=\"upk-category\">\n\t\t\t<a href=\"https:\/\/apdigroup.com\/en\/category\/cultura\/\" \n\t\t\t\t\t\t\taria-label=\"Category: Culture\">Culture<\/a>\t\t<\/div>\n\t\t\t\t\t\t\t<h3 class=\"upk-title\"><a href=\"https:\/\/apdigroup.com\/en\/2026\/04\/10\/premiere-de-enlorquecido-granada-despliega-una-alfombra-roja-de-emocion-reivindicando-a-federico\/\" title=\"Premiere of \u00abEnlorquecido\u00bb: Granada rolls out a red carpet of emotion in tribute to Federico\" class=\"title-animation-underline\" aria-label=\"Premiere of \u00abEnlorquecido\u00bb: Granada rolls out a red carpet of emotion in tribute to Federico\">Premiere of \u00abEnlorquecido\u00bb: Granada rolls out a red carpet of emotion in tribute to Federico<\/a><\/h3>\t\t\t\t\t\t\t\t\t\t\t\t<div class=\"upk-meta\">\n\t\t\t\t\t\t\t\n\t\t<div class=\"upk-author\">\n\t\t\t<a href=\"https:\/\/apdigroup.com\/en\/author\/apdigroup\/\">\n\t\t\t\t<i class=\"upk-icon-user\"><\/i>\n\t\t\t\t<span class=\"upk-author-name\">Apdi Group<\/span>\n\t\t\t<\/a>\n\t\t<\/div>\n\n\t\t\t\t\t\t\t\t\t\t\t\t\t\t\t\t<div data-separator=\".\">\n\t\t\t\t\t\t\t\t\t\t<div class=\"upk-flex\">\n\t\t\t<div class=\"upk-date\">\n\t\t\t\t<i class=\"upk-icon-calendar\"><\/i>\n\t\t\t\t<span class=\"upk-harold-date\">\n\t\t\t\t\tApril 10, 2026\t\t\t\t<\/span>\n\t\t\t<\/div>\n\t\t\t\t\t<\/div>\n\n\t\t\t\t\t\t\t\t\t<\/div>\n\t\t\t\t\t\t\t\t\t\t\t\t\t\t\t\t\t\t\t\t<\/div>\n\t\t\t\t\t\t\t\t\t\t\t<\/div>\n\t\t\t\t<\/div>\n\t\t\t<\/div>\n\t\t<\/div>\n\n\t\n\t\t\t\t\n\t\t\t\t\t\t\t<div class=\"upk-item\">\n\t\t\t<div class=\"upk-item-box\">\n\t\t\t\t\t\t\t\t\t<div class=\"upk-image-wrap\">\n\t\t\t\t\t\t<img loading=\"lazy\" decoding=\"async\" width=\"1200\" height=\"800\" src=\"https:\/\/apdigroup.com\/wp-content\/uploads\/2026\/04\/Presentacion-conciertos-Coro-Santa-Paula.-29.jpg\" class=\"upk-img\" alt=\"Lorca y Falla inauguran las experiencias \u00abGranada a trav\u00e9s de los sentidos\u00bb en el Hotel Santa Paula\" srcset=\"https:\/\/apdigroup.com\/wp-content\/uploads\/2026\/04\/Presentacion-conciertos-Coro-Santa-Paula.-29.jpg 1200w, https:\/\/apdigroup.com\/wp-content\/uploads\/2026\/04\/Presentacion-conciertos-Coro-Santa-Paula.-29-300x200.jpg 300w, https:\/\/apdigroup.com\/wp-content\/uploads\/2026\/04\/Presentacion-conciertos-Coro-Santa-Paula.-29-1024x683.jpg 1024w, https:\/\/apdigroup.com\/wp-content\/uploads\/2026\/04\/Presentacion-conciertos-Coro-Santa-Paula.-29-768x512.jpg 768w\" sizes=\"(max-width: 1200px) 100vw, 1200px\" title=\"\">\t\t\t\t\t<\/div>\n\t\t\t\t\t\t\t\t<div class=\"upk-content\">\n\t\t\t\t\t<div>\n\t\t\t\t\t\t\t\t<div class=\"upk-category\">\n\t\t\t<a href=\"https:\/\/apdigroup.com\/en\/category\/cultura\/\" \n\t\t\t\t\t\t\taria-label=\"Category: Culture\">Culture<\/a>\t\t<\/div>\n\t\t\t\t\t\t\t<h3 class=\"upk-title\"><a href=\"https:\/\/apdigroup.com\/en\/2026\/04\/09\/lorca-y-falla-inauguran-las-experiencias-granada-a-traves-de-los-sentidos-en-el-hotel-santa-paula\/\" title=\"Lorca and Falla inaugurate the &quot;Granada through the senses&quot; experiences at the Hotel Santa Paula\" class=\"title-animation-underline\" aria-label=\"Lorca and Falla inaugurate the &quot;Granada through the senses&quot; experiences at the Hotel Santa Paula\">Lorca and Falla inaugurate the &quot;Granada through the senses&quot; experiences at the Hotel Santa Paula<\/a><\/h3>\t\t\t\t\t\t\t\t\t\t\t\t<div class=\"upk-meta\">\n\t\t\t\t\t\t\t\n\t\t<div class=\"upk-author\">\n\t\t\t<a href=\"https:\/\/apdigroup.com\/en\/author\/apdigroup\/\">\n\t\t\t\t<i class=\"upk-icon-user\"><\/i>\n\t\t\t\t<span class=\"upk-author-name\">Apdi Group<\/span>\n\t\t\t<\/a>\n\t\t<\/div>\n\n\t\t\t\t\t\t\t\t\t\t\t\t\t\t\t\t<div data-separator=\".\">\n\t\t\t\t\t\t\t\t\t\t<div class=\"upk-flex\">\n\t\t\t<div class=\"upk-date\">\n\t\t\t\t<i class=\"upk-icon-calendar\"><\/i>\n\t\t\t\t<span class=\"upk-harold-date\">\n\t\t\t\t\tApril 9, 2026\t\t\t\t<\/span>\n\t\t\t<\/div>\n\t\t\t\t\t<\/div>\n\n\t\t\t\t\t\t\t\t\t<\/div>\n\t\t\t\t\t\t\t\t\t\t\t\t\t\t\t\t\t\t\t\t<\/div>\n\t\t\t\t\t\t\t\t\t\t\t<\/div>\n\t\t\t\t<\/div>\n\t\t\t<\/div>\n\t\t<\/div>\n\n\t\n\t\t\t\t\n\t\t\t\t\t\t\t<div class=\"upk-item\">\n\t\t\t<div class=\"upk-item-box\">\n\t\t\t\t\t\t\t\t\t<div class=\"upk-image-wrap\">\n\t\t\t\t\t\t<img loading=\"lazy\" decoding=\"async\" width=\"1200\" height=\"787\" src=\"https:\/\/apdigroup.com\/wp-content\/uploads\/2026\/04\/donacion-libros-colegio-publico-gomez-moreno-granada-albayzin-APDI-Group-1.jpg\" class=\"upk-img\" alt=\"APDI Group refuerza su compromiso con el Albayz\u00edn y la educaci\u00f3n p\u00fablica mediante una donaci\u00f3n de libros al G\u00f3mez Moreno\" srcset=\"https:\/\/apdigroup.com\/wp-content\/uploads\/2026\/04\/donacion-libros-colegio-publico-gomez-moreno-granada-albayzin-APDI-Group-1.jpg 1200w, https:\/\/apdigroup.com\/wp-content\/uploads\/2026\/04\/donacion-libros-colegio-publico-gomez-moreno-granada-albayzin-APDI-Group-1-300x197.jpg 300w, https:\/\/apdigroup.com\/wp-content\/uploads\/2026\/04\/donacion-libros-colegio-publico-gomez-moreno-granada-albayzin-APDI-Group-1-1024x672.jpg 1024w, https:\/\/apdigroup.com\/wp-content\/uploads\/2026\/04\/donacion-libros-colegio-publico-gomez-moreno-granada-albayzin-APDI-Group-1-768x504.jpg 768w\" sizes=\"(max-width: 1200px) 100vw, 1200px\" title=\"\">\t\t\t\t\t<\/div>\n\t\t\t\t\t\t\t\t<div class=\"upk-content\">\n\t\t\t\t\t<div>\n\t\t\t\t\t\t\t\t<div class=\"upk-category\">\n\t\t\t<a href=\"https:\/\/apdigroup.com\/en\/category\/actualidad\/\" \n\t\t\t\t\t\t\taria-label=\"Category APDI News\">APDI News<\/a>\t\t<\/div>\n\t\t\t\t\t\t\t<h3 class=\"upk-title\"><a href=\"https:\/\/apdigroup.com\/en\/2026\/04\/07\/apdi-group-refuerza-su-compromiso-con-el-albayzin-y-la-educacion-publica-mediante-una-donacion-al-colegio-gomez-moreno\/\" title=\"APDI Group reinforces its commitment to the Albayz\u00edn and public education through a book donation to the G\u00f3mez Moreno school\" class=\"title-animation-underline\" aria-label=\"APDI Group reinforces its commitment to the Albayz\u00edn and public education through a book donation to the G\u00f3mez Moreno school\">APDI Group reinforces its commitment to the Albayz\u00edn and public education through a book donation to the G\u00f3mez Moreno school<\/a><\/h3>\t\t\t\t\t\t\t\t\t\t\t\t<div class=\"upk-meta\">\n\t\t\t\t\t\t\t\n\t\t<div class=\"upk-author\">\n\t\t\t<a href=\"https:\/\/apdigroup.com\/en\/author\/apdigroup\/\">\n\t\t\t\t<i class=\"upk-icon-user\"><\/i>\n\t\t\t\t<span class=\"upk-author-name\">Apdi Group<\/span>\n\t\t\t<\/a>\n\t\t<\/div>\n\n\t\t\t\t\t\t\t\t\t\t\t\t\t\t\t\t<div data-separator=\".\">\n\t\t\t\t\t\t\t\t\t\t<div class=\"upk-flex\">\n\t\t\t<div class=\"upk-date\">\n\t\t\t\t<i class=\"upk-icon-calendar\"><\/i>\n\t\t\t\t<span class=\"upk-harold-date\">\n\t\t\t\t\tApril 7, 2026\t\t\t\t<\/span>\n\t\t\t<\/div>\n\t\t\t\t\t<\/div>\n\n\t\t\t\t\t\t\t\t\t<\/div>\n\t\t\t\t\t\t\t\t\t\t\t\t\t\t\t\t\t\t\t\t<\/div>\n\t\t\t\t\t\t\t\t\t\t\t<\/div>\n\t\t\t\t<\/div>\n\t\t\t<\/div>\n\t\t<\/div>\n\n\t\n\t\t\t\t\n\t\t\t\t\t\t\t<div class=\"upk-item\">\n\t\t\t<div class=\"upk-item-box\">\n\t\t\t\t\t\t\t\t\t<div class=\"upk-image-wrap\">\n\t\t\t\t\t\t<img loading=\"lazy\" decoding=\"async\" width=\"1200\" height=\"1600\" src=\"https:\/\/apdigroup.com\/wp-content\/uploads\/2026\/04\/Miguel-Poveda-Huerta-San-Vicente-Autor-foto-Javier-Salas.jpg\" class=\"upk-img\" alt=\"Granada \u201cenlorquece\u201d con el documental de Miguel Poveda\" srcset=\"https:\/\/apdigroup.com\/wp-content\/uploads\/2026\/04\/Miguel-Poveda-Huerta-San-Vicente-Autor-foto-Javier-Salas.jpg 1200w, https:\/\/apdigroup.com\/wp-content\/uploads\/2026\/04\/Miguel-Poveda-Huerta-San-Vicente-Autor-foto-Javier-Salas-225x300.jpg 225w, https:\/\/apdigroup.com\/wp-content\/uploads\/2026\/04\/Miguel-Poveda-Huerta-San-Vicente-Autor-foto-Javier-Salas-768x1024.jpg 768w, https:\/\/apdigroup.com\/wp-content\/uploads\/2026\/04\/Miguel-Poveda-Huerta-San-Vicente-Autor-foto-Javier-Salas-1152x1536.jpg 1152w\" sizes=\"(max-width: 1200px) 100vw, 1200px\" title=\"\">\t\t\t\t\t<\/div>\n\t\t\t\t\t\t\t\t<div class=\"upk-content\">\n\t\t\t\t\t<div>\n\t\t\t\t\t\t\t\t<div class=\"upk-category\">\n\t\t\t<a href=\"https:\/\/apdigroup.com\/en\/category\/cultura\/\" \n\t\t\t\t\t\t\taria-label=\"Category: Culture\">Culture<\/a>\t\t<\/div>\n\t\t\t\t\t\t\t<h3 class=\"upk-title\"><a href=\"https:\/\/apdigroup.com\/en\/2026\/04\/06\/granada-enlorquece-con-el-documental-de-miguel-poveda\/\" title=\"Granada \u201cgoes crazy\u201d with Miguel Poveda\u2019s documentary\" class=\"title-animation-underline\" aria-label=\"Granada \u201cgoes crazy\u201d with Miguel Poveda\u2019s documentary\">Granada \u201cgoes crazy\u201d with Miguel Poveda\u2019s documentary<\/a><\/h3>\t\t\t\t\t\t\t\t\t\t\t\t<div class=\"upk-meta\">\n\t\t\t\t\t\t\t\n\t\t<div class=\"upk-author\">\n\t\t\t<a href=\"https:\/\/apdigroup.com\/en\/author\/apdigroup\/\">\n\t\t\t\t<i class=\"upk-icon-user\"><\/i>\n\t\t\t\t<span class=\"upk-author-name\">Apdi Group<\/span>\n\t\t\t<\/a>\n\t\t<\/div>\n\n\t\t\t\t\t\t\t\t\t\t\t\t\t\t\t\t<div data-separator=\".\">\n\t\t\t\t\t\t\t\t\t\t<div class=\"upk-flex\">\n\t\t\t<div class=\"upk-date\">\n\t\t\t\t<i class=\"upk-icon-calendar\"><\/i>\n\t\t\t\t<span class=\"upk-harold-date\">\n\t\t\t\t\tApril 6, 2026\t\t\t\t<\/span>\n\t\t\t<\/div>\n\t\t\t\t\t<\/div>\n\n\t\t\t\t\t\t\t\t\t<\/div>\n\t\t\t\t\t\t\t\t\t\t\t\t\t\t\t\t\t\t\t\t<\/div>\n\t\t\t\t\t\t\t\t\t\t\t<\/div>\n\t\t\t\t<\/div>\n\t\t\t<\/div>\n\t\t<\/div>\n\n\t\n\t\t\t\t\n\t\t\t\t\t\t\t<div class=\"upk-item\">\n\t\t\t<div class=\"upk-item-box\">\n\t\t\t\t\t\t\t\t\t<div class=\"upk-image-wrap\">\n\t\t\t\t\t\t<img loading=\"lazy\" decoding=\"async\" width=\"1600\" height=\"1204\" src=\"https:\/\/apdigroup.com\/wp-content\/uploads\/2026\/03\/reunion-apdi-gruup-festikids-festival-fusion-1.jpeg\" class=\"upk-img\" alt=\"La Junta refuerza su colaboraci\u00f3n con \u00abFestikids\u00bb y el \u00abGranada 2031 Fundaci\u00f3n Unicaja Festival Fusi\u00f3n\u00bb\" srcset=\"https:\/\/apdigroup.com\/wp-content\/uploads\/2026\/03\/reunion-apdi-gruup-festikids-festival-fusion-1.jpeg 1600w, https:\/\/apdigroup.com\/wp-content\/uploads\/2026\/03\/reunion-apdi-gruup-festikids-festival-fusion-1-300x226.jpeg 300w, https:\/\/apdigroup.com\/wp-content\/uploads\/2026\/03\/reunion-apdi-gruup-festikids-festival-fusion-1-1024x771.jpeg 1024w, https:\/\/apdigroup.com\/wp-content\/uploads\/2026\/03\/reunion-apdi-gruup-festikids-festival-fusion-1-768x578.jpeg 768w, https:\/\/apdigroup.com\/wp-content\/uploads\/2026\/03\/reunion-apdi-gruup-festikids-festival-fusion-1-1536x1156.jpeg 1536w\" sizes=\"(max-width: 1600px) 100vw, 1600px\" title=\"\">\t\t\t\t\t<\/div>\n\t\t\t\t\t\t\t\t<div class=\"upk-content\">\n\t\t\t\t\t<div>\n\t\t\t\t\t\t\t\t<div class=\"upk-category\">\n\t\t\t<a href=\"https:\/\/apdigroup.com\/en\/category\/cultura\/\" \n\t\t\t\t\t\t\taria-label=\"Category: Culture\">Culture<\/a>\t\t<\/div>\n\t\t\t\t\t\t\t<h3 class=\"upk-title\"><a href=\"https:\/\/apdigroup.com\/en\/2026\/03\/26\/la-junta-refuerza-su-colaboracion-con-festikids-y-el-granada-2031-unicaja-festival-fusion\/\" title=\"The Regional Government strengthens its collaboration with &quot;Festikids&quot; and the &quot;Granada 2031 Unicaja Foundation Fusion Festival&quot;\u00ab\" class=\"title-animation-underline\" aria-label=\"The Regional Government strengthens its collaboration with &quot;Festikids&quot; and the &quot;Granada 2031 Unicaja Foundation Fusion Festival&quot;\u00ab\">The Regional Government strengthens its collaboration with &quot;Festikids&quot; and the &quot;Granada 2031 Unicaja Foundation Fusion Festival&quot;\u00ab<\/a><\/h3>\t\t\t\t\t\t\t\t\t\t\t\t<div class=\"upk-meta\">\n\t\t\t\t\t\t\t\n\t\t<div class=\"upk-author\">\n\t\t\t<a href=\"https:\/\/apdigroup.com\/en\/author\/apdigroup\/\">\n\t\t\t\t<i class=\"upk-icon-user\"><\/i>\n\t\t\t\t<span class=\"upk-author-name\">Apdi Group<\/span>\n\t\t\t<\/a>\n\t\t<\/div>\n\n\t\t\t\t\t\t\t\t\t\t\t\t\t\t\t\t<div data-separator=\".\">\n\t\t\t\t\t\t\t\t\t\t<div class=\"upk-flex\">\n\t\t\t<div class=\"upk-date\">\n\t\t\t\t<i class=\"upk-icon-calendar\"><\/i>\n\t\t\t\t<span class=\"upk-harold-date\">\n\t\t\t\t\tMarch 26, 2026\t\t\t\t<\/span>\n\t\t\t<\/div>\n\t\t\t\t\t<\/div>\n\n\t\t\t\t\t\t\t\t\t<\/div>\n\t\t\t\t\t\t\t\t\t\t\t\t\t\t\t\t\t\t\t\t<\/div>\n\t\t\t\t\t\t\t\t\t\t\t<\/div>\n\t\t\t\t<\/div>\n\t\t\t<\/div>\n\t\t<\/div>\n\n\t\n\t\t\t\t\n\t\t\t\t\t\t\t<div class=\"upk-item\">\n\t\t\t<div class=\"upk-item-box\">\n\t\t\t\t\t\t\t\t\t<div class=\"upk-image-wrap\">\n\t\t\t\t\t\t<img loading=\"lazy\" decoding=\"async\" width=\"2560\" height=\"1707\" src=\"https:\/\/apdigroup.com\/wp-content\/uploads\/2026\/03\/Stabat-mater-1-scaled.jpg\" class=\"upk-img\" alt=\"Granada contin\u00faa su carrera hacia 2031 con un concierto \u00fanico que rescata el legado musical de la Capilla Real\" srcset=\"https:\/\/apdigroup.com\/wp-content\/uploads\/2026\/03\/Stabat-mater-1-scaled.jpg 2560w, https:\/\/apdigroup.com\/wp-content\/uploads\/2026\/03\/Stabat-mater-1-300x200.jpg 300w, https:\/\/apdigroup.com\/wp-content\/uploads\/2026\/03\/Stabat-mater-1-1024x683.jpg 1024w, https:\/\/apdigroup.com\/wp-content\/uploads\/2026\/03\/Stabat-mater-1-768x512.jpg 768w, https:\/\/apdigroup.com\/wp-content\/uploads\/2026\/03\/Stabat-mater-1-1536x1024.jpg 1536w, https:\/\/apdigroup.com\/wp-content\/uploads\/2026\/03\/Stabat-mater-1-2048x1365.jpg 2048w\" sizes=\"(max-width: 2560px) 100vw, 2560px\" title=\"\">\t\t\t\t\t<\/div>\n\t\t\t\t\t\t\t\t<div class=\"upk-content\">\n\t\t\t\t\t<div>\n\t\t\t\t\t\t\t\t<div class=\"upk-category\">\n\t\t\t<a href=\"https:\/\/apdigroup.com\/en\/category\/cultura\/\" \n\t\t\t\t\t\t\taria-label=\"Category: Culture\">Culture<\/a>\t\t<\/div>\n\t\t\t\t\t\t\t<h3 class=\"upk-title\"><a href=\"https:\/\/apdigroup.com\/en\/2026\/03\/18\/granada-continua-su-carrera-hacia-2031-con-un-concierto-unico-que-rescata-el-legado-musical-de-la-capilla-real\/\" title=\"Granada continues its journey towards 2031 with a unique concert that rescues the musical legacy of the Royal Chapel\" class=\"title-animation-underline\" aria-label=\"Granada continues its journey towards 2031 with a unique concert that rescues the musical legacy of the Royal Chapel\">Granada continues its journey towards 2031 with a unique concert that rescues the musical legacy of the Royal Chapel<\/a><\/h3>\t\t\t\t\t\t\t\t\t\t\t\t<div class=\"upk-meta\">\n\t\t\t\t\t\t\t\n\t\t<div class=\"upk-author\">\n\t\t\t<a href=\"https:\/\/apdigroup.com\/en\/author\/apdigroup\/\">\n\t\t\t\t<i class=\"upk-icon-user\"><\/i>\n\t\t\t\t<span class=\"upk-author-name\">Apdi Group<\/span>\n\t\t\t<\/a>\n\t\t<\/div>\n\n\t\t\t\t\t\t\t\t\t\t\t\t\t\t\t\t<div data-separator=\".\">\n\t\t\t\t\t\t\t\t\t\t<div class=\"upk-flex\">\n\t\t\t<div class=\"upk-date\">\n\t\t\t\t<i class=\"upk-icon-calendar\"><\/i>\n\t\t\t\t<span class=\"upk-harold-date\">\n\t\t\t\t\tMarch 18, 2026\t\t\t\t<\/span>\n\t\t\t<\/div>\n\t\t\t\t\t<\/div>\n\n\t\t\t\t\t\t\t\t\t<\/div>\n\t\t\t\t\t\t\t\t\t\t\t\t\t\t\t\t\t\t\t\t<\/div>\n\t\t\t\t\t\t\t\t\t\t\t<\/div>\n\t\t\t\t<\/div>\n\t\t\t<\/div>\n\t\t<\/div>\n\n\t\n\t\t\t\t\n\t\t\t\t\t\t\t<div class=\"upk-item\">\n\t\t\t<div class=\"upk-item-box\">\n\t\t\t\t\t\t\t\t\t<div class=\"upk-image-wrap\">\n\t\t\t\t\t\t<img loading=\"lazy\" decoding=\"async\" width=\"2560\" height=\"1707\" src=\"https:\/\/apdigroup.com\/wp-content\/uploads\/2026\/03\/inauguracion-expo-cherry-la-rabita-albunol-2-1-scaled.jpg\" class=\"upk-img\" alt=\"La II Expo Cherry consolida a Albu\u00f1ol como potencia agr\u00edcola mientras el sector exige garantizar la rentabilidad ante la crisis global\" srcset=\"https:\/\/apdigroup.com\/wp-content\/uploads\/2026\/03\/inauguracion-expo-cherry-la-rabita-albunol-2-1-scaled.jpg 2560w, https:\/\/apdigroup.com\/wp-content\/uploads\/2026\/03\/inauguracion-expo-cherry-la-rabita-albunol-2-1-300x200.jpg 300w, https:\/\/apdigroup.com\/wp-content\/uploads\/2026\/03\/inauguracion-expo-cherry-la-rabita-albunol-2-1-1024x683.jpg 1024w, https:\/\/apdigroup.com\/wp-content\/uploads\/2026\/03\/inauguracion-expo-cherry-la-rabita-albunol-2-1-768x512.jpg 768w, https:\/\/apdigroup.com\/wp-content\/uploads\/2026\/03\/inauguracion-expo-cherry-la-rabita-albunol-2-1-1536x1024.jpg 1536w, https:\/\/apdigroup.com\/wp-content\/uploads\/2026\/03\/inauguracion-expo-cherry-la-rabita-albunol-2-1-2048x1365.jpg 2048w\" sizes=\"(max-width: 2560px) 100vw, 2560px\" title=\"\">\t\t\t\t\t<\/div>\n\t\t\t\t\t\t\t\t<div class=\"upk-content\">\n\t\t\t\t\t<div>\n\t\t\t\t\t\t\t\t<div class=\"upk-category\">\n\t\t\t<a href=\"https:\/\/apdigroup.com\/en\/category\/noticias\/\" \n\t\t\t\t\t\t\taria-label=\"Category: News\">News<\/a>\t\t<\/div>\n\t\t\t\t\t\t\t<h3 class=\"upk-title\"><a href=\"https:\/\/apdigroup.com\/en\/2026\/03\/12\/la-ii-expo-cherry-consolida-a-albunol-y-la-costa-de-granada-como-potencia-agricola-mientras-el-sector-exige-garantizar-la-rentabilidad-ante-la-crisis-global\/\" title=\"La II Expo Cherry consolida a Albu\u00f1ol como potencia agr\u00edcola mientras el sector exige garantizar la rentabilidad ante la crisis global\" class=\"title-animation-underline\" aria-label=\"La II Expo Cherry consolida a Albu\u00f1ol como potencia agr\u00edcola mientras el sector exige garantizar la rentabilidad ante la crisis global\">La II Expo Cherry consolida a Albu\u00f1ol como potencia agr\u00edcola mientras el sector exige garantizar la rentabilidad ante la crisis global<\/a><\/h3>\t\t\t\t\t\t\t\t\t\t\t\t<div class=\"upk-meta\">\n\t\t\t\t\t\t\t\n\t\t<div class=\"upk-author\">\n\t\t\t<a href=\"https:\/\/apdigroup.com\/en\/author\/apdigroup\/\">\n\t\t\t\t<i class=\"upk-icon-user\"><\/i>\n\t\t\t\t<span class=\"upk-author-name\">Apdi Group<\/span>\n\t\t\t<\/a>\n\t\t<\/div>\n\n\t\t\t\t\t\t\t\t\t\t\t\t\t\t\t\t<div data-separator=\".\">\n\t\t\t\t\t\t\t\t\t\t<div class=\"upk-flex\">\n\t\t\t<div class=\"upk-date\">\n\t\t\t\t<i class=\"upk-icon-calendar\"><\/i>\n\t\t\t\t<span class=\"upk-harold-date\">\n\t\t\t\t\tMarch 12, 2026\t\t\t\t<\/span>\n\t\t\t<\/div>\n\t\t\t\t\t<\/div>\n\n\t\t\t\t\t\t\t\t\t<\/div>\n\t\t\t\t\t\t\t\t\t\t\t\t\t\t\t\t\t\t\t\t<\/div>\n\t\t\t\t\t\t\t\t\t\t\t<\/div>\n\t\t\t\t<\/div>\n\t\t\t<\/div>\n\t\t<\/div>\n\n\t\n\t\t\t\t\n\t\t\t\t\t\t\t<div class=\"upk-item\">\n\t\t\t<div class=\"upk-item-box\">\n\t\t\t\t\t\t\t\t\t<div class=\"upk-image-wrap\">\n\t\t\t\t\t\t<img loading=\"lazy\" decoding=\"async\" width=\"2560\" height=\"1580\" src=\"https:\/\/apdigroup.com\/wp-content\/uploads\/2026\/03\/Marina-Heredia-y-Mariola-Cantarero-en-La-Cana-Flamenca-Foto-Javier-Martin-Ruiz-APDI-Group-scaled.jpg\" class=\"upk-img\" alt=\"Nace &#8216;Solaje Music&#8217;: la nueva gran apuesta para proyectar la cultura andaluza a nivel nacional\" srcset=\"https:\/\/apdigroup.com\/wp-content\/uploads\/2026\/03\/Marina-Heredia-y-Mariola-Cantarero-en-La-Cana-Flamenca-Foto-Javier-Martin-Ruiz-APDI-Group-scaled.jpg 2560w, https:\/\/apdigroup.com\/wp-content\/uploads\/2026\/03\/Marina-Heredia-y-Mariola-Cantarero-en-La-Cana-Flamenca-Foto-Javier-Martin-Ruiz-APDI-Group-300x185.jpg 300w, https:\/\/apdigroup.com\/wp-content\/uploads\/2026\/03\/Marina-Heredia-y-Mariola-Cantarero-en-La-Cana-Flamenca-Foto-Javier-Martin-Ruiz-APDI-Group-1024x632.jpg 1024w, https:\/\/apdigroup.com\/wp-content\/uploads\/2026\/03\/Marina-Heredia-y-Mariola-Cantarero-en-La-Cana-Flamenca-Foto-Javier-Martin-Ruiz-APDI-Group-768x474.jpg 768w, https:\/\/apdigroup.com\/wp-content\/uploads\/2026\/03\/Marina-Heredia-y-Mariola-Cantarero-en-La-Cana-Flamenca-Foto-Javier-Martin-Ruiz-APDI-Group-1536x948.jpg 1536w, https:\/\/apdigroup.com\/wp-content\/uploads\/2026\/03\/Marina-Heredia-y-Mariola-Cantarero-en-La-Cana-Flamenca-Foto-Javier-Martin-Ruiz-APDI-Group-2048x1264.jpg 2048w\" sizes=\"(max-width: 2560px) 100vw, 2560px\" title=\"\">\t\t\t\t\t<\/div>\n\t\t\t\t\t\t\t\t<div class=\"upk-content\">\n\t\t\t\t\t<div>\n\t\t\t\t\t\t\t\t<div class=\"upk-category\">\n\t\t\t<a href=\"https:\/\/apdigroup.com\/en\/category\/cultura\/\" \n\t\t\t\t\t\t\taria-label=\"Category: Culture\">Culture<\/a>\t\t<\/div>\n\t\t\t\t\t\t\t<h3 class=\"upk-title\"><a href=\"https:\/\/apdigroup.com\/en\/2026\/03\/05\/nota-de-prensa-lanzamiento-solaje-music\/\" title=\"Nace &#8216;Solaje Music&#8217;: la nueva gran apuesta para proyectar la cultura andaluza a nivel nacional\" class=\"title-animation-underline\" aria-label=\"Nace &#8216;Solaje Music&#8217;: la nueva gran apuesta para proyectar la cultura andaluza a nivel nacional\">&#039;Solaje Music&#039; is born: the new big bet to project Andalusian culture at a national level<\/a><\/h3>\t\t\t\t\t\t\t\t\t\t\t\t<div class=\"upk-meta\">\n\t\t\t\t\t\t\t\n\t\t<div class=\"upk-author\">\n\t\t\t<a href=\"https:\/\/apdigroup.com\/en\/author\/apdigroup\/\">\n\t\t\t\t<i class=\"upk-icon-user\"><\/i>\n\t\t\t\t<span class=\"upk-author-name\">Apdi Group<\/span>\n\t\t\t<\/a>\n\t\t<\/div>\n\n\t\t\t\t\t\t\t\t\t\t\t\t\t\t\t\t<div data-separator=\".\">\n\t\t\t\t\t\t\t\t\t\t<div class=\"upk-flex\">\n\t\t\t<div class=\"upk-date\">\n\t\t\t\t<i class=\"upk-icon-calendar\"><\/i>\n\t\t\t\t<span class=\"upk-harold-date\">\n\t\t\t\t\tMarch 5, 2026\t\t\t\t<\/span>\n\t\t\t<\/div>\n\t\t\t\t\t<\/div>\n\n\t\t\t\t\t\t\t\t\t<\/div>\n\t\t\t\t\t\t\t\t\t\t\t\t\t\t\t\t\t\t\t\t<\/div>\n\t\t\t\t\t\t\t\t\t\t\t<\/div>\n\t\t\t\t<\/div>\n\t\t\t<\/div>\n\t\t<\/div>\n\n\t\n\t\t\t\t\n\t\t\t\t\t\t\t<div class=\"upk-item\">\n\t\t\t<div class=\"upk-item-box\">\n\t\t\t\t\t\t\t\t\t<div class=\"upk-image-wrap\">\n\t\t\t\t\t\t<img loading=\"lazy\" decoding=\"async\" width=\"1200\" height=\"900\" src=\"https:\/\/apdigroup.com\/wp-content\/uploads\/2026\/02\/FB_IMG_1771587943878.jpg\" class=\"upk-img\" alt=\"APDI Group lanza una campa\u00f1a de asistencia gratuita para la tramitaci\u00f3n de ayudas por los temporales en Andaluc\u00eda\" srcset=\"https:\/\/apdigroup.com\/wp-content\/uploads\/2026\/02\/FB_IMG_1771587943878.jpg 1200w, https:\/\/apdigroup.com\/wp-content\/uploads\/2026\/02\/FB_IMG_1771587943878-300x225.jpg 300w, https:\/\/apdigroup.com\/wp-content\/uploads\/2026\/02\/FB_IMG_1771587943878-1024x768.jpg 1024w, https:\/\/apdigroup.com\/wp-content\/uploads\/2026\/02\/FB_IMG_1771587943878-768x576.jpg 768w\" sizes=\"(max-width: 1200px) 100vw, 1200px\" title=\"\">\t\t\t\t\t<\/div>\n\t\t\t\t\t\t\t\t<div class=\"upk-content\">\n\t\t\t\t\t<div>\n\t\t\t\t\t\t\t\t<div class=\"upk-category\">\n\t\t\t<a href=\"https:\/\/apdigroup.com\/en\/category\/actualidad\/\" \n\t\t\t\t\t\t\taria-label=\"Category APDI News\">APDI News<\/a>\t\t<\/div>\n\t\t\t\t\t\t\t<h3 class=\"upk-title\"><a href=\"https:\/\/apdigroup.com\/en\/2026\/02\/20\/apdi-group-lanza-una-campana-de-asistencia-gratuita-para-la-tramitacion-de-ayudas-por-los-temporales-en-andalucia\/\" title=\"APDI Group lanza una campa\u00f1a de asistencia gratuita para la tramitaci\u00f3n de ayudas por los temporales en Andaluc\u00eda\" class=\"title-animation-underline\" aria-label=\"APDI Group lanza una campa\u00f1a de asistencia gratuita para la tramitaci\u00f3n de ayudas por los temporales en Andaluc\u00eda\">APDI Group lanza una campa\u00f1a de asistencia gratuita para la tramitaci\u00f3n de ayudas por los temporales en Andaluc\u00eda<\/a><\/h3>\t\t\t\t\t\t\t\t\t\t\t\t<div class=\"upk-meta\">\n\t\t\t\t\t\t\t\n\t\t<div class=\"upk-author\">\n\t\t\t<a href=\"https:\/\/apdigroup.com\/en\/author\/apdigroup\/\">\n\t\t\t\t<i class=\"upk-icon-user\"><\/i>\n\t\t\t\t<span class=\"upk-author-name\">Apdi Group<\/span>\n\t\t\t<\/a>\n\t\t<\/div>\n\n\t\t\t\t\t\t\t\t\t\t\t\t\t\t\t\t<div data-separator=\".\">\n\t\t\t\t\t\t\t\t\t\t<div class=\"upk-flex\">\n\t\t\t<div class=\"upk-date\">\n\t\t\t\t<i class=\"upk-icon-calendar\"><\/i>\n\t\t\t\t<span class=\"upk-harold-date\">\n\t\t\t\t\tFebruary 20, 2026\t\t\t\t<\/span>\n\t\t\t<\/div>\n\t\t\t\t\t<\/div>\n\n\t\t\t\t\t\t\t\t\t<\/div>\n\t\t\t\t\t\t\t\t\t\t\t\t\t\t\t\t\t\t\t\t<\/div>\n\t\t\t\t\t\t\t\t\t\t\t<\/div>\n\t\t\t\t<\/div>\n\t\t\t<\/div>\n\t\t<\/div>\n\n\t\n\t\t\t\t\n\t\t\t\t\t\t\t<div class=\"upk-item\">\n\t\t\t<div class=\"upk-item-box\">\n\t\t\t\t\t\t\t\t\t<div class=\"upk-image-wrap\">\n\t\t\t\t\t\t<img loading=\"lazy\" decoding=\"async\" width=\"1600\" height=\"1066\" src=\"https:\/\/apdigroup.com\/wp-content\/uploads\/2026\/02\/marina-heredia-madrid-04.jpg\" class=\"upk-img\" alt=\"Marina Heredia lleva a Madrid el alma de Granada en la presentaci\u00f3n de la Ruta de Castillos y Fortalezas\" srcset=\"https:\/\/apdigroup.com\/wp-content\/uploads\/2026\/02\/marina-heredia-madrid-04.jpg 1600w, https:\/\/apdigroup.com\/wp-content\/uploads\/2026\/02\/marina-heredia-madrid-04-300x200.jpg 300w, https:\/\/apdigroup.com\/wp-content\/uploads\/2026\/02\/marina-heredia-madrid-04-1024x682.jpg 1024w, https:\/\/apdigroup.com\/wp-content\/uploads\/2026\/02\/marina-heredia-madrid-04-768x512.jpg 768w, https:\/\/apdigroup.com\/wp-content\/uploads\/2026\/02\/marina-heredia-madrid-04-1536x1023.jpg 1536w\" sizes=\"(max-width: 1600px) 100vw, 1600px\" title=\"\">\t\t\t\t\t<\/div>\n\t\t\t\t\t\t\t\t<div class=\"upk-content\">\n\t\t\t\t\t<div>\n\t\t\t\t\t\t\t\t<div class=\"upk-category\">\n\t\t\t<a href=\"https:\/\/apdigroup.com\/en\/category\/cultura\/\" \n\t\t\t\t\t\t\taria-label=\"Category: Culture\">Culture<\/a>\t\t<\/div>\n\t\t\t\t\t\t\t<h3 class=\"upk-title\"><a href=\"https:\/\/apdigroup.com\/en\/2026\/02\/18\/marina-heredia-lleva-a-madrid-el-alma-de-granada-en-la-presentacion-de-la-ruta-de-castillos-y-fortalezas\/\" title=\"Marina Heredia brings the soul of Granada to Madrid in the presentation of the Route of Castles and Fortresses\" class=\"title-animation-underline\" aria-label=\"Marina Heredia brings the soul of Granada to Madrid in the presentation of the Route of Castles and Fortresses\">Marina Heredia brings the soul of Granada to Madrid in the presentation of the Route of Castles and Fortresses<\/a><\/h3>\t\t\t\t\t\t\t\t\t\t\t\t<div class=\"upk-meta\">\n\t\t\t\t\t\t\t\n\t\t<div class=\"upk-author\">\n\t\t\t<a href=\"https:\/\/apdigroup.com\/en\/author\/apdigroup\/\">\n\t\t\t\t<i class=\"upk-icon-user\"><\/i>\n\t\t\t\t<span class=\"upk-author-name\">Apdi Group<\/span>\n\t\t\t<\/a>\n\t\t<\/div>\n\n\t\t\t\t\t\t\t\t\t\t\t\t\t\t\t\t<div data-separator=\".\">\n\t\t\t\t\t\t\t\t\t\t<div class=\"upk-flex\">\n\t\t\t<div class=\"upk-date\">\n\t\t\t\t<i class=\"upk-icon-calendar\"><\/i>\n\t\t\t\t<span class=\"upk-harold-date\">\n\t\t\t\t\tFebruary 18, 2026\t\t\t\t<\/span>\n\t\t\t<\/div>\n\t\t\t\t\t<\/div>\n\n\t\t\t\t\t\t\t\t\t<\/div>\n\t\t\t\t\t\t\t\t\t\t\t\t\t\t\t\t\t\t\t\t<\/div>\n\t\t\t\t\t\t\t\t\t\t\t<\/div>\n\t\t\t\t<\/div>\n\t\t\t<\/div>\n\t\t<\/div>\n\n\t\n\t\t\t\t\n\t\t\t\t\t\t\t<div class=\"upk-item\">\n\t\t\t<div class=\"upk-item-box\">\n\t\t\t\t\t\t\t\t\t<div class=\"upk-image-wrap\">\n\t\t\t\t\t\t<img loading=\"lazy\" decoding=\"async\" width=\"1600\" height=\"1066\" src=\"https:\/\/apdigroup.com\/wp-content\/uploads\/2026\/02\/placa-ccfg-antiguo-ateneo-granada-gongora-05-FIRMA-Javier-Martin-Ruiz-_-APDI-Group1.webp\" class=\"upk-img\" alt=\"APDI Group Promotes Granada\u2019s Cultural Memory on the Centenary of Lorca and the Generation of \u201927\" srcset=\"https:\/\/apdigroup.com\/wp-content\/uploads\/2026\/02\/placa-ccfg-antiguo-ateneo-granada-gongora-05-FIRMA-Javier-Martin-Ruiz-_-APDI-Group1.webp 1600w, https:\/\/apdigroup.com\/wp-content\/uploads\/2026\/02\/placa-ccfg-antiguo-ateneo-granada-gongora-05-FIRMA-Javier-Martin-Ruiz-_-APDI-Group1-300x200.webp 300w, https:\/\/apdigroup.com\/wp-content\/uploads\/2026\/02\/placa-ccfg-antiguo-ateneo-granada-gongora-05-FIRMA-Javier-Martin-Ruiz-_-APDI-Group1-1024x682.webp 1024w, https:\/\/apdigroup.com\/wp-content\/uploads\/2026\/02\/placa-ccfg-antiguo-ateneo-granada-gongora-05-FIRMA-Javier-Martin-Ruiz-_-APDI-Group1-768x512.webp 768w, https:\/\/apdigroup.com\/wp-content\/uploads\/2026\/02\/placa-ccfg-antiguo-ateneo-granada-gongora-05-FIRMA-Javier-Martin-Ruiz-_-APDI-Group1-1536x1023.webp 1536w\" sizes=\"(max-width: 1600px) 100vw, 1600px\" title=\"\">\t\t\t\t\t<\/div>\n\t\t\t\t\t\t\t\t<div class=\"upk-content\">\n\t\t\t\t\t<div>\n\t\t\t\t\t\t\t\t<div class=\"upk-category\">\n\t\t\t<a href=\"https:\/\/apdigroup.com\/en\/category\/sin-categoria\/\" \n\t\t\t\t\t\t\taria-label=\"Category Uncategorized\">Uncategorized<\/a>\t\t<\/div>\n\t\t\t\t\t\t\t<h3 class=\"upk-title\"><a href=\"https:\/\/apdigroup.com\/en\/2026\/02\/18\/apdi-group-promotes-granadas-cultural-memory-on-the-centenary-of-lorca-and-the-generation-of-27\/\" title=\"APDI Group Promotes Granada\u2019s Cultural Memory on the Centenary of Lorca and the Generation of \u201927\" class=\"title-animation-underline\" aria-label=\"APDI Group Promotes Granada\u2019s Cultural Memory on the Centenary of Lorca and the Generation of \u201927\">APDI Group Promotes Granada\u2019s Cultural Memory on the Centenary of Lorca and the Generation of \u201927<\/a><\/h3>\t\t\t\t\t\t\t\t\t\t\t\t<div class=\"upk-meta\">\n\t\t\t\t\t\t\t\n\t\t<div class=\"upk-author\">\n\t\t\t<a href=\"https:\/\/apdigroup.com\/en\/author\/apdigroup\/\">\n\t\t\t\t<i class=\"upk-icon-user\"><\/i>\n\t\t\t\t<span class=\"upk-author-name\">Apdi Group<\/span>\n\t\t\t<\/a>\n\t\t<\/div>\n\n\t\t\t\t\t\t\t\t\t\t\t\t\t\t\t\t<div data-separator=\".\">\n\t\t\t\t\t\t\t\t\t\t<div class=\"upk-flex\">\n\t\t\t<div class=\"upk-date\">\n\t\t\t\t<i class=\"upk-icon-calendar\"><\/i>\n\t\t\t\t<span class=\"upk-harold-date\">\n\t\t\t\t\tFebruary 18, 2026\t\t\t\t<\/span>\n\t\t\t<\/div>\n\t\t\t\t\t<\/div>\n\n\t\t\t\t\t\t\t\t\t<\/div>\n\t\t\t\t\t\t\t\t\t\t\t\t\t\t\t\t\t\t\t\t<\/div>\n\t\t\t\t\t\t\t\t\t\t\t<\/div>\n\t\t\t\t<\/div>\n\t\t\t<\/div>\n\t\t<\/div>\n\n\t\n\t\t\t\t\n\t\t\t\t\t\t\t<div class=\"upk-item\">\n\t\t\t<div class=\"upk-item-box\">\n\t\t\t\t\t\t\t\t\t<div class=\"upk-image-wrap\">\n\t\t\t\t\t\t<img loading=\"lazy\" decoding=\"async\" width=\"1920\" height=\"1080\" src=\"https:\/\/apdigroup.com\/wp-content\/uploads\/2026\/02\/RB-Calendario.jpg\" class=\"upk-img\" alt=\"APDI Group evolves: Introducing our new visual identity\" srcset=\"https:\/\/apdigroup.com\/wp-content\/uploads\/2026\/02\/RB-Calendario.jpg 1920w, https:\/\/apdigroup.com\/wp-content\/uploads\/2026\/02\/RB-Calendario-300x169.jpg 300w, https:\/\/apdigroup.com\/wp-content\/uploads\/2026\/02\/RB-Calendario-1024x576.jpg 1024w, https:\/\/apdigroup.com\/wp-content\/uploads\/2026\/02\/RB-Calendario-768x432.jpg 768w, https:\/\/apdigroup.com\/wp-content\/uploads\/2026\/02\/RB-Calendario-1536x864.jpg 1536w\" sizes=\"(max-width: 1920px) 100vw, 1920px\" title=\"\">\t\t\t\t\t<\/div>\n\t\t\t\t\t\t\t\t<div class=\"upk-content\">\n\t\t\t\t\t<div>\n\t\t\t\t\t\t\t\t<div class=\"upk-category\">\n\t\t\t<a href=\"https:\/\/apdigroup.com\/en\/category\/sin-categoria\/\" \n\t\t\t\t\t\t\taria-label=\"Category Uncategorized\">Uncategorized<\/a>\t\t<\/div>\n\t\t\t\t\t\t\t<h3 class=\"upk-title\"><a href=\"https:\/\/apdigroup.com\/en\/2026\/02\/18\/apdi-group-evolves-introducing-our-new-visual-identity\/\" title=\"APDI Group evolves: Introducing our new visual identity\" class=\"title-animation-underline\" aria-label=\"APDI Group evolves: Introducing our new visual identity\">APDI Group evolves: Introducing our new visual identity<\/a><\/h3>\t\t\t\t\t\t\t\t\t\t\t\t<div class=\"upk-meta\">\n\t\t\t\t\t\t\t\n\t\t<div class=\"upk-author\">\n\t\t\t<a href=\"https:\/\/apdigroup.com\/en\/author\/apdigroup\/\">\n\t\t\t\t<i class=\"upk-icon-user\"><\/i>\n\t\t\t\t<span class=\"upk-author-name\">Apdi Group<\/span>\n\t\t\t<\/a>\n\t\t<\/div>\n\n\t\t\t\t\t\t\t\t\t\t\t\t\t\t\t\t<div data-separator=\".\">\n\t\t\t\t\t\t\t\t\t\t<div class=\"upk-flex\">\n\t\t\t<div class=\"upk-date\">\n\t\t\t\t<i class=\"upk-icon-calendar\"><\/i>\n\t\t\t\t<span class=\"upk-harold-date\">\n\t\t\t\t\tFebruary 18, 2026\t\t\t\t<\/span>\n\t\t\t<\/div>\n\t\t\t\t\t<\/div>\n\n\t\t\t\t\t\t\t\t\t<\/div>\n\t\t\t\t\t\t\t\t\t\t\t\t\t\t\t\t\t\t\t\t<\/div>\n\t\t\t\t\t\t\t\t\t\t\t<\/div>\n\t\t\t\t<\/div>\n\t\t\t<\/div>\n\t\t<\/div>\n\n\t\n\t\t\t\t\n\t\t\t\t\t\t\t<div class=\"upk-item\">\n\t\t\t<div class=\"upk-item-box\">\n\t\t\t\t\t\t\t\t\t<div class=\"upk-image-wrap\">\n\t\t\t\t\t\t<img loading=\"lazy\" decoding=\"async\" width=\"1920\" height=\"1080\" src=\"https:\/\/apdigroup.com\/wp-content\/uploads\/2026\/02\/RB-Calendario.jpg\" class=\"upk-img\" alt=\"APDI Group evoluciona: presentamos nuestra nueva identidad visual\" srcset=\"https:\/\/apdigroup.com\/wp-content\/uploads\/2026\/02\/RB-Calendario.jpg 1920w, https:\/\/apdigroup.com\/wp-content\/uploads\/2026\/02\/RB-Calendario-300x169.jpg 300w, https:\/\/apdigroup.com\/wp-content\/uploads\/2026\/02\/RB-Calendario-1024x576.jpg 1024w, https:\/\/apdigroup.com\/wp-content\/uploads\/2026\/02\/RB-Calendario-768x432.jpg 768w, https:\/\/apdigroup.com\/wp-content\/uploads\/2026\/02\/RB-Calendario-1536x864.jpg 1536w\" sizes=\"(max-width: 1920px) 100vw, 1920px\" title=\"\">\t\t\t\t\t<\/div>\n\t\t\t\t\t\t\t\t<div class=\"upk-content\">\n\t\t\t\t\t<div>\n\t\t\t\t\t\t\t\t<div class=\"upk-category\">\n\t\t\t<a href=\"https:\/\/apdigroup.com\/en\/category\/actualidad\/\" \n\t\t\t\t\t\t\taria-label=\"Category APDI News\">APDI News<\/a>\t\t<\/div>\n\t\t\t\t\t\t\t<h3 class=\"upk-title\"><a href=\"https:\/\/apdigroup.com\/en\/2026\/02\/18\/apdi-group-evoluciona-presentamos-nuestra-nueva-identidad-visual\/\" title=\"APDI Group evoluciona: presentamos nuestra nueva identidad visual\" class=\"title-animation-underline\" aria-label=\"APDI Group evoluciona: presentamos nuestra nueva identidad visual\">APDI Group evoluciona: presentamos nuestra nueva identidad visual<\/a><\/h3>\t\t\t\t\t\t\t\t\t\t\t\t<div class=\"upk-meta\">\n\t\t\t\t\t\t\t\n\t\t<div class=\"upk-author\">\n\t\t\t<a href=\"https:\/\/apdigroup.com\/en\/author\/apdigroup\/\">\n\t\t\t\t<i class=\"upk-icon-user\"><\/i>\n\t\t\t\t<span class=\"upk-author-name\">Apdi Group<\/span>\n\t\t\t<\/a>\n\t\t<\/div>\n\n\t\t\t\t\t\t\t\t\t\t\t\t\t\t\t\t<div data-separator=\".\">\n\t\t\t\t\t\t\t\t\t\t<div class=\"upk-flex\">\n\t\t\t<div class=\"upk-date\">\n\t\t\t\t<i class=\"upk-icon-calendar\"><\/i>\n\t\t\t\t<span class=\"upk-harold-date\">\n\t\t\t\t\tFebruary 18, 2026\t\t\t\t<\/span>\n\t\t\t<\/div>\n\t\t\t\t\t<\/div>\n\n\t\t\t\t\t\t\t\t\t<\/div>\n\t\t\t\t\t\t\t\t\t\t\t\t\t\t\t\t\t\t\t\t<\/div>\n\t\t\t\t\t\t\t\t\t\t\t<\/div>\n\t\t\t\t<\/div>\n\t\t\t<\/div>\n\t\t<\/div>\n\n\t\n\t\t\t\t\n\t\t\t\t\t\t\t<div class=\"upk-item\">\n\t\t\t<div class=\"upk-item-box\">\n\t\t\t\t\t\t\t\t\t<div class=\"upk-image-wrap\">\n\t\t\t\t\t\t<img loading=\"lazy\" decoding=\"async\" width=\"1080\" height=\"1080\" src=\"https:\/\/apdigroup.com\/wp-content\/uploads\/2026\/02\/cartel01_nuria_fergo.jpg\" class=\"upk-img\" alt=\"APDI Group celebra el 25\u00ba aniversario art\u00edstico de Nuria Ferg\u00f3, un referente surgido de Operaci\u00f3n Triunfo\" srcset=\"https:\/\/apdigroup.com\/wp-content\/uploads\/2026\/02\/cartel01_nuria_fergo.jpg 1080w, https:\/\/apdigroup.com\/wp-content\/uploads\/2026\/02\/cartel01_nuria_fergo-300x300.jpg 300w, https:\/\/apdigroup.com\/wp-content\/uploads\/2026\/02\/cartel01_nuria_fergo-1024x1024.jpg 1024w, https:\/\/apdigroup.com\/wp-content\/uploads\/2026\/02\/cartel01_nuria_fergo-150x150.jpg 150w, https:\/\/apdigroup.com\/wp-content\/uploads\/2026\/02\/cartel01_nuria_fergo-768x768.jpg 768w\" sizes=\"(max-width: 1080px) 100vw, 1080px\" title=\"\">\t\t\t\t\t<\/div>\n\t\t\t\t\t\t\t\t<div class=\"upk-content\">\n\t\t\t\t\t<div>\n\t\t\t\t\t\t\t\t<div class=\"upk-category\">\n\t\t\t<a href=\"https:\/\/apdigroup.com\/en\/category\/cultura\/\" \n\t\t\t\t\t\t\taria-label=\"Category: Culture\">Culture<\/a>\t\t<\/div>\n\t\t\t\t\t\t\t<h3 class=\"upk-title\"><a href=\"https:\/\/apdigroup.com\/en\/2026\/02\/16\/apdi-group-celebra-el-25o-aniversario-artistico-de-nuria-fergo-un-referente-surgido-de-operacion-triunfo\/\" title=\"APDI Group celebra el 25\u00ba aniversario art\u00edstico de Nuria Ferg\u00f3, un referente surgido de Operaci\u00f3n Triunfo\" class=\"title-animation-underline\" aria-label=\"APDI Group celebra el 25\u00ba aniversario art\u00edstico de Nuria Ferg\u00f3, un referente surgido de Operaci\u00f3n Triunfo\">APDI Group celebra el 25\u00ba aniversario art\u00edstico de Nuria Ferg\u00f3, un referente surgido de Operaci\u00f3n Triunfo<\/a><\/h3>\t\t\t\t\t\t\t\t\t\t\t\t<div class=\"upk-meta\">\n\t\t\t\t\t\t\t\n\t\t<div class=\"upk-author\">\n\t\t\t<a href=\"https:\/\/apdigroup.com\/en\/author\/apdigroup\/\">\n\t\t\t\t<i class=\"upk-icon-user\"><\/i>\n\t\t\t\t<span class=\"upk-author-name\">Apdi Group<\/span>\n\t\t\t<\/a>\n\t\t<\/div>\n\n\t\t\t\t\t\t\t\t\t\t\t\t\t\t\t\t<div data-separator=\".\">\n\t\t\t\t\t\t\t\t\t\t<div class=\"upk-flex\">\n\t\t\t<div class=\"upk-date\">\n\t\t\t\t<i class=\"upk-icon-calendar\"><\/i>\n\t\t\t\t<span class=\"upk-harold-date\">\n\t\t\t\t\tFebruary 16, 2026\t\t\t\t<\/span>\n\t\t\t<\/div>\n\t\t\t\t\t<\/div>\n\n\t\t\t\t\t\t\t\t\t<\/div>\n\t\t\t\t\t\t\t\t\t\t\t\t\t\t\t\t\t\t\t\t<\/div>\n\t\t\t\t\t\t\t\t\t\t\t<\/div>\n\t\t\t\t<\/div>\n\t\t\t<\/div>\n\t\t<\/div>\n\n\t\n\t\t\t\t\n\t\t\t\t\t\t\t<div class=\"upk-item\">\n\t\t\t<div class=\"upk-item-box\">\n\t\t\t\t\t\t\t\t\t<div class=\"upk-image-wrap\">\n\t\t\t\t\t\t<img loading=\"lazy\" decoding=\"async\" width=\"1600\" height=\"900\" src=\"https:\/\/apdigroup.com\/wp-content\/uploads\/2026\/02\/Vida-y-musica-en-torno-al-Padre-Manjon.webp\" class=\"upk-img\" alt=\"APDI Group apoya el concierto solidario \u201cVida y m\u00fasica en torno al Padre Manj\u00f3n\u201d en el Teatro Isabel la Cat\u00f3lica\" srcset=\"https:\/\/apdigroup.com\/wp-content\/uploads\/2026\/02\/Vida-y-musica-en-torno-al-Padre-Manjon.webp 1600w, https:\/\/apdigroup.com\/wp-content\/uploads\/2026\/02\/Vida-y-musica-en-torno-al-Padre-Manjon-300x169.webp 300w, https:\/\/apdigroup.com\/wp-content\/uploads\/2026\/02\/Vida-y-musica-en-torno-al-Padre-Manjon-1024x576.webp 1024w, https:\/\/apdigroup.com\/wp-content\/uploads\/2026\/02\/Vida-y-musica-en-torno-al-Padre-Manjon-768x432.webp 768w, https:\/\/apdigroup.com\/wp-content\/uploads\/2026\/02\/Vida-y-musica-en-torno-al-Padre-Manjon-1536x864.webp 1536w\" sizes=\"(max-width: 1600px) 100vw, 1600px\" title=\"\">\t\t\t\t\t<\/div>\n\t\t\t\t\t\t\t\t<div class=\"upk-content\">\n\t\t\t\t\t<div>\n\t\t\t\t\t\t\t\t<div class=\"upk-category\">\n\t\t\t<a href=\"https:\/\/apdigroup.com\/en\/category\/cultura\/\" \n\t\t\t\t\t\t\taria-label=\"Category: Culture\">Culture<\/a>\t\t<\/div>\n\t\t\t\t\t\t\t<h3 class=\"upk-title\"><a href=\"https:\/\/apdigroup.com\/en\/2026\/02\/16\/apdi-group-apoya-el-concierto-solidario-vida-y-musica-en-torno-al-padre-manjon-en-el-teatro-isabel-la-catolica-copy\/\" title=\"APDI Group apoya el concierto solidario \u201cVida y m\u00fasica en torno al Padre Manj\u00f3n\u201d en el Teatro Isabel la Cat\u00f3lica\" class=\"title-animation-underline\" aria-label=\"APDI Group apoya el concierto solidario \u201cVida y m\u00fasica en torno al Padre Manj\u00f3n\u201d en el Teatro Isabel la Cat\u00f3lica\">APDI Group apoya el concierto solidario \u201cVida y m\u00fasica en torno al Padre Manj\u00f3n\u201d en el Teatro Isabel la Cat\u00f3lica<\/a><\/h3>\t\t\t\t\t\t\t\t\t\t\t\t<div class=\"upk-meta\">\n\t\t\t\t\t\t\t\n\t\t<div class=\"upk-author\">\n\t\t\t<a href=\"https:\/\/apdigroup.com\/en\/author\/apdigroup\/\">\n\t\t\t\t<i class=\"upk-icon-user\"><\/i>\n\t\t\t\t<span class=\"upk-author-name\">Apdi Group<\/span>\n\t\t\t<\/a>\n\t\t<\/div>\n\n\t\t\t\t\t\t\t\t\t\t\t\t\t\t\t\t<div data-separator=\".\">\n\t\t\t\t\t\t\t\t\t\t<div class=\"upk-flex\">\n\t\t\t<div class=\"upk-date\">\n\t\t\t\t<i class=\"upk-icon-calendar\"><\/i>\n\t\t\t\t<span class=\"upk-harold-date\">\n\t\t\t\t\tFebruary 16, 2026\t\t\t\t<\/span>\n\t\t\t<\/div>\n\t\t\t\t\t<\/div>\n\n\t\t\t\t\t\t\t\t\t<\/div>\n\t\t\t\t\t\t\t\t\t\t\t\t\t\t\t\t\t\t\t\t<\/div>\n\t\t\t\t\t\t\t\t\t\t\t<\/div>\n\t\t\t\t<\/div>\n\t\t\t<\/div>\n\t\t<\/div>\n\n\t\n\t\t\t\t\t\t\t<\/div>\n\t\t<\/div>\n\n\t\t\n\t\t\t\t\t\t<\/div>\n\t\t\t\t<\/div>\n\t\t\t\t\t<\/div>\n\t\t\t\t<\/div>\n\t\t\t\t<\/div>","protected":false},"excerpt":{"rendered":"<p>Pulso APDI Lo m\u00e1s reciente APDI Group impulsa una nueva mirada sobre Lorca en Granada: cultura, descubrimiento y emoci\u00f3n en la Feria del Libro As\u00ed es \u201cMi rezar cantando\u201d, la nueva canci\u00f3n de Marina Heredia La Feria de Empleo, la mejor oportunidad para que \u201cel talento de Granada se quede en la provincia\u201d Cultura en [&hellip;]<\/p>\n","protected":false},"author":4,"featured_media":0,"parent":0,"menu_order":0,"comment_status":"closed","ping_status":"closed","template":"","meta":{"footnotes":""},"class_list":["post-855","page","type-page","status-publish","hentry"],"_links":{"self":[{"href":"https:\/\/apdigroup.com\/en\/wp-json\/wp\/v2\/pages\/855","targetHints":{"allow":["GET"]}}],"collection":[{"href":"https:\/\/apdigroup.com\/en\/wp-json\/wp\/v2\/pages"}],"about":[{"href":"https:\/\/apdigroup.com\/en\/wp-json\/wp\/v2\/types\/page"}],"author":[{"embeddable":true,"href":"https:\/\/apdigroup.com\/en\/wp-json\/wp\/v2\/users\/4"}],"replies":[{"embeddable":true,"href":"https:\/\/apdigroup.com\/en\/wp-json\/wp\/v2\/comments?post=855"}],"version-history":[{"count":60,"href":"https:\/\/apdigroup.com\/en\/wp-json\/wp\/v2\/pages\/855\/revisions"}],"predecessor-version":[{"id":3355,"href":"https:\/\/apdigroup.com\/en\/wp-json\/wp\/v2\/pages\/855\/revisions\/3355"}],"wp:attachment":[{"href":"https:\/\/apdigroup.com\/en\/wp-json\/wp\/v2\/media?parent=855"}],"curies":[{"name":"wp","href":"https:\/\/api.w.org\/{rel}","templated":true}]}}